{"id":75399,"date":"2023-02-20T16:31:12","date_gmt":"2023-02-20T21:31:12","guid":{"rendered":"https:\/\/www.ludwig-van.com\/montreal\/?post_type=tribe_events&#038;p=75399"},"modified":"2023-02-20T16:31:12","modified_gmt":"2023-02-20T21:31:12","slug":"societe-de-musique-contemporaine-du-quebec-de-tremblay-feldman-visages-de-la-spiritualite-en-musique","status":"publish","type":"tribe_events","link":"https:\/\/www.ludwig-van.com\/montreal\/event\/societe-de-musique-contemporaine-du-quebec-de-tremblay-feldman-visages-de-la-spiritualite-en-musique\/","title":{"rendered":"Soci\u00e9t\u00e9 de musique contemporaine du Qu\u00e9bec | De Tremblay \u00e0 Feldman: visages de la spiritualit\u00e9 en musique"},"content":{"rendered":"<p>Un voyage musical \u00e0 travers la spiritualit\u00e9!<\/p>\n<p>Ce concert est n\u00e9 de conversations entre Simon Bertrand et Isak Goldschneider \u00e0 propos d\u2019une ligne conceptuelle d\u00e9coulant d\u2019un d\u00e9placement de la pens\u00e9e spirituelle du collectif vers l\u2019individuel. Tremblay repr\u00e9sente la spiritualit\u00e9 comme un ph\u00e9nom\u00e8ne communautaire et religieux et, au p\u00f4le oppos\u00e9, Feldman pour qui c\u2019est une expression individuelle et indicible. Entre les deux, une \u0153uvre de Simon Bertrand fait \u00e9cho aux bouddhisme zen alors qu\u2019une des pi\u00e8ces embl\u00e9matiques d\u2019Arvo P\u00e4rt compl\u00e8te ce panorama plein de ferveur mystique.<\/p>\n","protected":false},"excerpt":{"rendered":"<p>Un voyage musical \u00e0 travers la spiritualit\u00e9! Ce concert est n\u00e9 de conversations entre Simon Bertrand et Isak Goldschneider \u00e0 propos d\u2019une ligne conceptuelle d\u00e9coulant d\u2019un d\u00e9placement de la pens\u00e9e spirituelle du collectif vers l\u2019individuel. Tremblay repr\u00e9sente la spiritualit\u00e9 comme un ph\u00e9nom\u00e8ne communautaire et religieux et, au p\u00f4le oppos\u00e9, Feldman pour qui c\u2019est une expression [&hellip;]<\/p>\n","protected":false},"author":1,"featured_media":75402,"comment_status":"open","ping_status":"closed","template":"","meta":{"om_disable_all_campaigns":false,"jetpack_post_was_ever_published":false},"tags":[],"tribe_events_cat":[5327],"acf":[],"jetpack_sharing_enabled":true,"_links":{"self":[{"href":"https:\/\/www.ludwig-van.com\/montreal\/wp-json\/wp\/v2\/tribe_events\/75399"}],"collection":[{"href":"https:\/\/www.ludwig-van.com\/montreal\/wp-json\/wp\/v2\/tribe_events"}],"about":[{"href":"https:\/\/www.ludwig-van.com\/montreal\/wp-json\/wp\/v2\/types\/tribe_events"}],"author":[{"embeddable":true,"href":"https:\/\/www.ludwig-van.com\/montreal\/wp-json\/wp\/v2\/users\/1"}],"replies":[{"embeddable":true,"href":"https:\/\/www.ludwig-van.com\/montreal\/wp-json\/wp\/v2\/comments?post=75399"}],"version-history":[{"count":1,"href":"https:\/\/www.ludwig-van.com\/montreal\/wp-json\/wp\/v2\/tribe_events\/75399\/revisions"}],"predecessor-version":[{"id":75401,"href":"https:\/\/www.ludwig-van.com\/montreal\/wp-json\/wp\/v2\/tribe_events\/75399\/revisions\/75401"}],"wp:featuredmedia":[{"embeddable":true,"href":"https:\/\/www.ludwig-van.com\/montreal\/wp-json\/wp\/v2\/media\/75402"}],"wp:attachment":[{"href":"https:\/\/www.ludwig-van.com\/montreal\/wp-json\/wp\/v2\/media?parent=75399"}],"wp:term":[{"taxonomy":"post_tag","embeddable":true,"href":"https:\/\/www.ludwig-van.com\/montreal\/wp-json\/wp\/v2\/tags?post=75399"},{"taxonomy":"tribe_events_cat","embeddable":true,"href":"https:\/\/www.ludwig-van.com\/montreal\/wp-json\/wp\/v2\/tribe_events_cat?post=75399"}],"curies":[{"name":"wp","href":"https:\/\/api.w.org\/{rel}","templated":true}]}}