{"id":75395,"date":"2023-02-20T16:21:57","date_gmt":"2023-02-20T21:21:57","guid":{"rendered":"https:\/\/www.ludwig-van.com\/montreal\/?post_type=tribe_events&#038;p=75395"},"modified":"2023-02-20T16:21:57","modified_gmt":"2023-02-20T21:21:57","slug":"societe-de-musique-contemporaine-du-quebec-spirits","status":"publish","type":"tribe_events","link":"https:\/\/www.ludwig-van.com\/montreal\/event\/societe-de-musique-contemporaine-du-quebec-spirits\/","title":{"rendered":"Soci\u00e9t\u00e9 de musique contemporaine du Qu\u00e9bec | Spirits"},"content":{"rendered":"<p>SHHH!!, un ensemble d\u00e9tonnant<\/p>\n<p>Ce duo piano et percussion d\u2019Ottawa est remarquable pour sa virtuosit\u00e9, son intensit\u00e9 et son r\u00e9pertoire \u00e0 la fois avant-gardiste et accessible. Ce concert propose un voyage singulier \u00e0 travers des r\u00e9flexions sur la nature de la cr\u00e9ativit\u00e9, de la m\u00e9ditation, de l\u2019au-del\u00e0 et\u2026 du whisky \u00e9cossais. The Spirits est aussi une c\u00e9l\u00e9bration des sonorit\u00e9s fortes et audacieuses et est le fruit de plusieurs ann\u00e9es de collaboration avec les voix parmi les plus cr\u00e9atives du Canada.<\/p>\n","protected":false},"excerpt":{"rendered":"<p>SHHH!!, un ensemble d\u00e9tonnant Ce duo piano et percussion d\u2019Ottawa est remarquable pour sa virtuosit\u00e9, son intensit\u00e9 et son r\u00e9pertoire \u00e0 la fois avant-gardiste et accessible. Ce concert propose un voyage singulier \u00e0 travers des r\u00e9flexions sur la nature de la cr\u00e9ativit\u00e9, de la m\u00e9ditation, de l\u2019au-del\u00e0 et\u2026 du whisky \u00e9cossais. The Spirits est aussi [&hellip;]<\/p>\n","protected":false},"author":1,"featured_media":75397,"comment_status":"open","ping_status":"closed","template":"","meta":{"om_disable_all_campaigns":false,"jetpack_post_was_ever_published":false},"tags":[],"tribe_events_cat":[5327],"acf":[],"jetpack_sharing_enabled":true,"_links":{"self":[{"href":"https:\/\/www.ludwig-van.com\/montreal\/wp-json\/wp\/v2\/tribe_events\/75395"}],"collection":[{"href":"https:\/\/www.ludwig-van.com\/montreal\/wp-json\/wp\/v2\/tribe_events"}],"about":[{"href":"https:\/\/www.ludwig-van.com\/montreal\/wp-json\/wp\/v2\/types\/tribe_events"}],"author":[{"embeddable":true,"href":"https:\/\/www.ludwig-van.com\/montreal\/wp-json\/wp\/v2\/users\/1"}],"replies":[{"embeddable":true,"href":"https:\/\/www.ludwig-van.com\/montreal\/wp-json\/wp\/v2\/comments?post=75395"}],"version-history":[{"count":1,"href":"https:\/\/www.ludwig-van.com\/montreal\/wp-json\/wp\/v2\/tribe_events\/75395\/revisions"}],"predecessor-version":[{"id":75396,"href":"https:\/\/www.ludwig-van.com\/montreal\/wp-json\/wp\/v2\/tribe_events\/75395\/revisions\/75396"}],"wp:featuredmedia":[{"embeddable":true,"href":"https:\/\/www.ludwig-van.com\/montreal\/wp-json\/wp\/v2\/media\/75397"}],"wp:attachment":[{"href":"https:\/\/www.ludwig-van.com\/montreal\/wp-json\/wp\/v2\/media?parent=75395"}],"wp:term":[{"taxonomy":"post_tag","embeddable":true,"href":"https:\/\/www.ludwig-van.com\/montreal\/wp-json\/wp\/v2\/tags?post=75395"},{"taxonomy":"tribe_events_cat","embeddable":true,"href":"https:\/\/www.ludwig-van.com\/montreal\/wp-json\/wp\/v2\/tribe_events_cat?post=75395"}],"curies":[{"name":"wp","href":"https:\/\/api.w.org\/{rel}","templated":true}]}}