{"id":75384,"date":"2023-02-20T15:56:33","date_gmt":"2023-02-20T20:56:33","guid":{"rendered":"https:\/\/www.ludwig-van.com\/montreal\/?post_type=tribe_events&#038;p=75384"},"modified":"2023-02-20T15:56:33","modified_gmt":"2023-02-20T20:56:33","slug":"societe-de-musique-contemporaine-du-quebec-les-mysteres-de-laccordeon","status":"publish","type":"tribe_events","link":"https:\/\/www.ludwig-van.com\/montreal\/event\/societe-de-musique-contemporaine-du-quebec-les-mysteres-de-laccordeon\/","title":{"rendered":"Soci\u00e9t\u00e9 de musique contemporaine du Qu\u00e9bec | Les myst\u00e8res de l&rsquo;accord\u00e9on"},"content":{"rendered":"<p><strong>L\u2019accord\u00e9on extraordinaire par une de ses plus talentueuses repr\u00e9sentantes<\/strong><\/p>\n<p>Reconnue sur la sc\u00e8ne mondiale autant comme compositrice qu\u2019accord\u00e9oniste, Sne\u017eana Ne\u0161i\u0107 \u00e9tire le th\u00e8me de la spiritualit\u00e9 vers de nouveaux horizons! Deux cr\u00e9ations des compositeurs qu\u00e9b\u00e9cois Jean Lesage et Jimmie LeBlanc \u00e9voquent respectivement des rituels carnavalesques du moyen-\u00e2ge et une post-humanit\u00e9 spirituelle et religieuse. De Profundis de Sofia Gubaidulina nous envo\u00fbte avec un psaume biblique tout comme Equilibrion de Sne\u017eana Ne\u0161i\u0107 qui oscille entre la lumi\u00e8re et l\u2019obscurit\u00e9. Deux transcriptions de pi\u00e8ces pour orgues (Messiaen et Bach) nous permettent finalement d\u2019appr\u00e9cier l\u2019immense versatilit\u00e9 de cet instrument enchanteur.<\/p>\n<p>Equilibrion pour accord\u00e9on solo a remport\u00e9 le premier prix du concours international de composition des Journ\u00e9es de printemps de Weimar en mai 2021.<\/p>\n<p>L\u2019accord\u00e9oniste Snezana Nesic \u201ctransmet une identification compl\u00e8te avec les diff\u00e9rents styles et univers \u00e9motionnels de chaque compositeur\u201d (S&amp;H Concert Review), \u201cinventant un monde sonore compl\u00e8tement nouveau sur cet instrument moderne\u201d (EJZ).<\/p>\n","protected":false},"excerpt":{"rendered":"<p>L\u2019accord\u00e9on extraordinaire par une de ses plus talentueuses repr\u00e9sentantes Reconnue sur la sc\u00e8ne mondiale autant comme compositrice qu\u2019accord\u00e9oniste, Sne\u017eana Ne\u0161i\u0107 \u00e9tire le th\u00e8me de la spiritualit\u00e9 vers de nouveaux horizons! Deux cr\u00e9ations des compositeurs qu\u00e9b\u00e9cois Jean Lesage et Jimmie LeBlanc \u00e9voquent respectivement des rituels carnavalesques du moyen-\u00e2ge et une post-humanit\u00e9 spirituelle et religieuse. De Profundis [&hellip;]<\/p>\n","protected":false},"author":1,"featured_media":75387,"comment_status":"open","ping_status":"closed","template":"","meta":{"om_disable_all_campaigns":false,"jetpack_post_was_ever_published":false},"tags":[],"tribe_events_cat":[5327],"acf":[],"jetpack_sharing_enabled":true,"_links":{"self":[{"href":"https:\/\/www.ludwig-van.com\/montreal\/wp-json\/wp\/v2\/tribe_events\/75384"}],"collection":[{"href":"https:\/\/www.ludwig-van.com\/montreal\/wp-json\/wp\/v2\/tribe_events"}],"about":[{"href":"https:\/\/www.ludwig-van.com\/montreal\/wp-json\/wp\/v2\/types\/tribe_events"}],"author":[{"embeddable":true,"href":"https:\/\/www.ludwig-van.com\/montreal\/wp-json\/wp\/v2\/users\/1"}],"replies":[{"embeddable":true,"href":"https:\/\/www.ludwig-van.com\/montreal\/wp-json\/wp\/v2\/comments?post=75384"}],"version-history":[{"count":1,"href":"https:\/\/www.ludwig-van.com\/montreal\/wp-json\/wp\/v2\/tribe_events\/75384\/revisions"}],"predecessor-version":[{"id":75385,"href":"https:\/\/www.ludwig-van.com\/montreal\/wp-json\/wp\/v2\/tribe_events\/75384\/revisions\/75385"}],"wp:featuredmedia":[{"embeddable":true,"href":"https:\/\/www.ludwig-van.com\/montreal\/wp-json\/wp\/v2\/media\/75387"}],"wp:attachment":[{"href":"https:\/\/www.ludwig-van.com\/montreal\/wp-json\/wp\/v2\/media?parent=75384"}],"wp:term":[{"taxonomy":"post_tag","embeddable":true,"href":"https:\/\/www.ludwig-van.com\/montreal\/wp-json\/wp\/v2\/tags?post=75384"},{"taxonomy":"tribe_events_cat","embeddable":true,"href":"https:\/\/www.ludwig-van.com\/montreal\/wp-json\/wp\/v2\/tribe_events_cat?post=75384"}],"curies":[{"name":"wp","href":"https:\/\/api.w.org\/{rel}","templated":true}]}}