{"id":75374,"date":"2023-02-20T15:31:15","date_gmt":"2023-02-20T20:31:15","guid":{"rendered":"https:\/\/www.ludwig-van.com\/montreal\/?post_type=tribe_events&#038;p=75374"},"modified":"2023-02-20T15:31:15","modified_gmt":"2023-02-20T20:31:15","slug":"societe-de-musique-contemporaine-du-quebec-lart-de-se-reinventer","status":"publish","type":"tribe_events","link":"https:\/\/www.ludwig-van.com\/montreal\/event\/societe-de-musique-contemporaine-du-quebec-lart-de-se-reinventer\/","title":{"rendered":"Soci\u00e9t\u00e9 de musique contemporaine du Qu\u00e9bec | L\u2019art de se r\u00e9inventer"},"content":{"rendered":"<p>Imaginez la rencontre entre une lutherie extraordinaire d\u2019instruments improbables et des musiciens arpentant tous les territoires de la cr\u00e9ation depuis 20 ans!<br \/>\nJean-Fran\u00e7ois Laporte et ses instruments invent\u00e9s se joignent \u00e0 l\u2019Ensemble Cairn pour interpr\u00e9ter trois \u0153uvres de compositeurs choisis pour l\u2019originalit\u00e9 de leur d\u00e9marche. Cet instrumentarium inusit\u00e9 \u2014 deux tables de Babel et un orgue \u00e0 sir\u00e8nes \u2014 r\u00e9pond aux instruments classiques dans une jonction in\u00e9dite entre mati\u00e8res premi\u00e8res et mati\u00e8res sonores. Offrant ainsi une performance jouissive o\u00f9 la vitalit\u00e9 des couleurs et la plasticit\u00e9 du son font \u00e9merger des perspectives sonores inattendues. En pr\u00e9lude, le Totem Trio propose une improvisation pour faire entendre ses instruments Totem dans leurs \u00e9tats naturels.<\/p>\n<p>L\u2019Ensemble Cairn (France) aborde des re\u0301pertoires ouverts a\u0300 d\u2019autres formes esthe\u0301tiques et d\u2019autres pratiques artistiques. Leurs concerts sont conc\u0327us comme des cheminements inte\u0301rieurs dans lesquels chaque spectateur est invite\u0301 a\u0300 imaginer une relation sensible avec le son.<\/p>\n<p>Totem Contemporain \u0153uvre \u00e0 l\u2019avant-garde de la recherche, de l\u2019exp\u00e9rimentation et de l\u2019innovation, particuli\u00e8rement dans le cr\u00e9neau pointu des nouveaux instruments de musique acoustiques.<\/p>\n","protected":false},"excerpt":{"rendered":"<p>Imaginez la rencontre entre une lutherie extraordinaire d\u2019instruments improbables et des musiciens arpentant tous les territoires de la cr\u00e9ation depuis 20 ans! Jean-Fran\u00e7ois Laporte et ses instruments invent\u00e9s se joignent \u00e0 l\u2019Ensemble Cairn pour interpr\u00e9ter trois \u0153uvres de compositeurs choisis pour l\u2019originalit\u00e9 de leur d\u00e9marche. Cet instrumentarium inusit\u00e9 \u2014 deux tables de Babel et un [&hellip;]<\/p>\n","protected":false},"author":1,"featured_media":75377,"comment_status":"open","ping_status":"closed","template":"","meta":{"om_disable_all_campaigns":false,"jetpack_post_was_ever_published":false},"tags":[],"tribe_events_cat":[5327],"acf":[],"jetpack_sharing_enabled":true,"_links":{"self":[{"href":"https:\/\/www.ludwig-van.com\/montreal\/wp-json\/wp\/v2\/tribe_events\/75374"}],"collection":[{"href":"https:\/\/www.ludwig-van.com\/montreal\/wp-json\/wp\/v2\/tribe_events"}],"about":[{"href":"https:\/\/www.ludwig-van.com\/montreal\/wp-json\/wp\/v2\/types\/tribe_events"}],"author":[{"embeddable":true,"href":"https:\/\/www.ludwig-van.com\/montreal\/wp-json\/wp\/v2\/users\/1"}],"replies":[{"embeddable":true,"href":"https:\/\/www.ludwig-van.com\/montreal\/wp-json\/wp\/v2\/comments?post=75374"}],"version-history":[{"count":1,"href":"https:\/\/www.ludwig-van.com\/montreal\/wp-json\/wp\/v2\/tribe_events\/75374\/revisions"}],"predecessor-version":[{"id":75375,"href":"https:\/\/www.ludwig-van.com\/montreal\/wp-json\/wp\/v2\/tribe_events\/75374\/revisions\/75375"}],"wp:featuredmedia":[{"embeddable":true,"href":"https:\/\/www.ludwig-van.com\/montreal\/wp-json\/wp\/v2\/media\/75377"}],"wp:attachment":[{"href":"https:\/\/www.ludwig-van.com\/montreal\/wp-json\/wp\/v2\/media?parent=75374"}],"wp:term":[{"taxonomy":"post_tag","embeddable":true,"href":"https:\/\/www.ludwig-van.com\/montreal\/wp-json\/wp\/v2\/tags?post=75374"},{"taxonomy":"tribe_events_cat","embeddable":true,"href":"https:\/\/www.ludwig-van.com\/montreal\/wp-json\/wp\/v2\/tribe_events_cat?post=75374"}],"curies":[{"name":"wp","href":"https:\/\/api.w.org\/{rel}","templated":true}]}}