{"id":75367,"date":"2023-02-20T15:06:48","date_gmt":"2023-02-20T20:06:48","guid":{"rendered":"https:\/\/www.ludwig-van.com\/montreal\/?post_type=tribe_events&#038;p=75367"},"modified":"2023-02-20T15:06:48","modified_gmt":"2023-02-20T20:06:48","slug":"societe-de-musique-contemporaine-du-quebec-temps-de-carnaval","status":"publish","type":"tribe_events","link":"https:\/\/www.ludwig-van.com\/montreal\/event\/societe-de-musique-contemporaine-du-quebec-temps-de-carnaval\/2023-02-23\/","title":{"rendered":"Soci\u00e9t\u00e9 de musique contemporaine du Qu\u00e9bec | Temps de carnaval"},"content":{"rendered":"<p><strong>Trois \u0153uvres qui r\u00e9sonnent \u00e0 travers le temps<\/strong><\/p>\n<p>Dans le cadre de MNM, l\u2018Orchestre symphonique de McGill pr\u00e9sente une cr\u00e9ation du compositeur Jean Lesage et le concerto de Kalevi Aho, grand succ\u00e8s symphonique du 21e si\u00e8cle qui offre un condens\u00e9 de virtuosit\u00e9 et d\u2019expressivit\u00e9 de la percussion, soulignant l\u2019universalit\u00e9 multimill\u00e9naire de cet instrument qui explore ici le th\u00e8me du rituel. L\u2019inachev\u00e9e de Schubert, quant \u00e0 elle, nous emporte dans la fr\u00e9n\u00e9sie de vie et les tourments ravageurs de ce compositeur qui p\u00e9n\u00e8tre l\u2019\u00e2me avec douceur.<\/p>\n","protected":false},"excerpt":{"rendered":"<p>Trois \u0153uvres qui r\u00e9sonnent \u00e0 travers le temps Dans le cadre de MNM, l\u2018Orchestre symphonique de McGill pr\u00e9sente une cr\u00e9ation du compositeur Jean Lesage et le concerto de Kalevi Aho, grand succ\u00e8s symphonique du 21e si\u00e8cle qui offre un condens\u00e9 de virtuosit\u00e9 et d\u2019expressivit\u00e9 de la percussion, soulignant l\u2019universalit\u00e9 multimill\u00e9naire de cet instrument qui explore [&hellip;]<\/p>\n","protected":false},"author":1,"featured_media":75370,"comment_status":"open","ping_status":"closed","template":"","meta":{"om_disable_all_campaigns":false,"jetpack_post_was_ever_published":false},"tags":[],"tribe_events_cat":[5327],"acf":[],"jetpack_sharing_enabled":true,"_links":{"self":[{"href":"https:\/\/www.ludwig-van.com\/montreal\/wp-json\/wp\/v2\/tribe_events\/75367"}],"collection":[{"href":"https:\/\/www.ludwig-van.com\/montreal\/wp-json\/wp\/v2\/tribe_events"}],"about":[{"href":"https:\/\/www.ludwig-van.com\/montreal\/wp-json\/wp\/v2\/types\/tribe_events"}],"author":[{"embeddable":true,"href":"https:\/\/www.ludwig-van.com\/montreal\/wp-json\/wp\/v2\/users\/1"}],"replies":[{"embeddable":true,"href":"https:\/\/www.ludwig-van.com\/montreal\/wp-json\/wp\/v2\/comments?post=75367"}],"version-history":[{"count":2,"href":"https:\/\/www.ludwig-van.com\/montreal\/wp-json\/wp\/v2\/tribe_events\/75367\/revisions"}],"predecessor-version":[{"id":75372,"href":"https:\/\/www.ludwig-van.com\/montreal\/wp-json\/wp\/v2\/tribe_events\/75367\/revisions\/75372"}],"wp:featuredmedia":[{"embeddable":true,"href":"https:\/\/www.ludwig-van.com\/montreal\/wp-json\/wp\/v2\/media\/75370"}],"wp:attachment":[{"href":"https:\/\/www.ludwig-van.com\/montreal\/wp-json\/wp\/v2\/media?parent=75367"}],"wp:term":[{"taxonomy":"post_tag","embeddable":true,"href":"https:\/\/www.ludwig-van.com\/montreal\/wp-json\/wp\/v2\/tags?post=75367"},{"taxonomy":"tribe_events_cat","embeddable":true,"href":"https:\/\/www.ludwig-van.com\/montreal\/wp-json\/wp\/v2\/tribe_events_cat?post=75367"}],"curies":[{"name":"wp","href":"https:\/\/api.w.org\/{rel}","templated":true}]}}