{"id":74962,"date":"2023-01-24T19:35:05","date_gmt":"2023-01-25T00:35:05","guid":{"rendered":"https:\/\/www.ludwig-van.com\/montreal\/?post_type=tribe_events&#038;p=74962"},"modified":"2023-01-24T19:35:05","modified_gmt":"2023-01-25T00:35:05","slug":"jeunesses-musicales-canada-sensibilites-virtuoses","status":"publish","type":"tribe_events","link":"https:\/\/www.ludwig-van.com\/montreal\/event\/jeunesses-musicales-canada-sensibilites-virtuoses\/","title":{"rendered":"Jeunesses Musicales Canada | Sensibilit\u00e9s virtuoses"},"content":{"rendered":"<p>Amis de longue date des JM Canada, le pianiste Philip Chiu et le violoncelliste Cameron Crozman ont invit\u00e9 la talentueuse violoniste Chlo\u00e9 Chabanole \u00e0 se joindre \u00e0 eux le temps d\u2019une tourn\u00e9e. Trio \u00e0 la synergie contagieuse et ancr\u00e9e dans une m\u00eame vision artistique, les artistes proposent un programme audacieux qui demande virtuosit\u00e9, nuance et aplomb et explore le trio pour piano sous toutes ses formes. On y d\u00e9couvre un Joseph Haydn noble et enjou\u00e9, un Johannes Brahms sombre et dramatique ainsi qu\u2019une Jennifer Higdon \u00e0 l\u2019expression \u00e9nergique !<\/p>\n","protected":false},"excerpt":{"rendered":"<p>Amis de longue date des JM Canada, le pianiste Philip Chiu et le violoncelliste Cameron Crozman ont invit\u00e9 la talentueuse violoniste Chlo\u00e9 Chabanole \u00e0 se joindre \u00e0 eux le temps d\u2019une tourn\u00e9e.<\/p>\n","protected":false},"author":1,"featured_media":74964,"comment_status":"open","ping_status":"closed","template":"","meta":{"om_disable_all_campaigns":false,"jetpack_post_was_ever_published":false},"tags":[],"tribe_events_cat":[6487],"acf":[],"jetpack_sharing_enabled":true,"_links":{"self":[{"href":"https:\/\/www.ludwig-van.com\/montreal\/wp-json\/wp\/v2\/tribe_events\/74962"}],"collection":[{"href":"https:\/\/www.ludwig-van.com\/montreal\/wp-json\/wp\/v2\/tribe_events"}],"about":[{"href":"https:\/\/www.ludwig-van.com\/montreal\/wp-json\/wp\/v2\/types\/tribe_events"}],"author":[{"embeddable":true,"href":"https:\/\/www.ludwig-van.com\/montreal\/wp-json\/wp\/v2\/users\/1"}],"replies":[{"embeddable":true,"href":"https:\/\/www.ludwig-van.com\/montreal\/wp-json\/wp\/v2\/comments?post=74962"}],"version-history":[{"count":1,"href":"https:\/\/www.ludwig-van.com\/montreal\/wp-json\/wp\/v2\/tribe_events\/74962\/revisions"}],"predecessor-version":[{"id":74963,"href":"https:\/\/www.ludwig-van.com\/montreal\/wp-json\/wp\/v2\/tribe_events\/74962\/revisions\/74963"}],"wp:featuredmedia":[{"embeddable":true,"href":"https:\/\/www.ludwig-van.com\/montreal\/wp-json\/wp\/v2\/media\/74964"}],"wp:attachment":[{"href":"https:\/\/www.ludwig-van.com\/montreal\/wp-json\/wp\/v2\/media?parent=74962"}],"wp:term":[{"taxonomy":"post_tag","embeddable":true,"href":"https:\/\/www.ludwig-van.com\/montreal\/wp-json\/wp\/v2\/tags?post=74962"},{"taxonomy":"tribe_events_cat","embeddable":true,"href":"https:\/\/www.ludwig-van.com\/montreal\/wp-json\/wp\/v2\/tribe_events_cat?post=74962"}],"curies":[{"name":"wp","href":"https:\/\/api.w.org\/{rel}","templated":true}]}}