{"id":74956,"date":"2023-01-24T19:10:13","date_gmt":"2023-01-25T00:10:13","guid":{"rendered":"https:\/\/www.ludwig-van.com\/montreal\/?post_type=tribe_events&#038;p=74956"},"modified":"2023-01-24T19:26:01","modified_gmt":"2023-01-25T00:26:01","slug":"jeunesses-musicales-canada-entre-ciel-et-terre","status":"publish","type":"tribe_events","link":"https:\/\/www.ludwig-van.com\/montreal\/event\/jeunesses-musicales-canada-entre-ciel-et-terre\/","title":{"rendered":"Jeunesses musicales Canada | Entre ciel et terre"},"content":{"rendered":"<p>La Terre et le ciel ont inspir\u00e9 une myriade d\u2019\u0153uvres. Explorez avec Louis-Beno\u00eet ces th\u00e9matiques \u00e0 travers un r\u00e9pertoire pour clarinette \u00e9voquant la nature, le joyeux chant des oiseaux et la voix profonde et m\u00e9lancolique des arbres. Ce concert se veut une introspection musicale, une ode \u00e0 la nature qui nous entoure alors qu\u2019il est plus important que jamais de la ch\u00e9rir et de la prot\u00e9ger.<\/p>\n<p>&nbsp;<\/p>\n","protected":false},"excerpt":{"rendered":"<p>La Terre et le ciel ont inspir\u00e9 une myriade d\u2019\u0153uvres. Explorez avec Louis-Beno\u00eet ces th\u00e9matiques \u00e0 travers un r\u00e9pertoire pour clarinette \u00e9voquant la nature, le joyeux chant des oiseaux et la voix profonde et m\u00e9lancolique des arbres.<\/p>\n","protected":false},"author":1,"featured_media":74960,"comment_status":"open","ping_status":"closed","template":"","meta":{"om_disable_all_campaigns":false,"jetpack_post_was_ever_published":false},"tags":[],"tribe_events_cat":[6487],"acf":[],"jetpack_sharing_enabled":true,"_links":{"self":[{"href":"https:\/\/www.ludwig-van.com\/montreal\/wp-json\/wp\/v2\/tribe_events\/74956"}],"collection":[{"href":"https:\/\/www.ludwig-van.com\/montreal\/wp-json\/wp\/v2\/tribe_events"}],"about":[{"href":"https:\/\/www.ludwig-van.com\/montreal\/wp-json\/wp\/v2\/types\/tribe_events"}],"author":[{"embeddable":true,"href":"https:\/\/www.ludwig-van.com\/montreal\/wp-json\/wp\/v2\/users\/1"}],"replies":[{"embeddable":true,"href":"https:\/\/www.ludwig-van.com\/montreal\/wp-json\/wp\/v2\/comments?post=74956"}],"version-history":[{"count":1,"href":"https:\/\/www.ludwig-van.com\/montreal\/wp-json\/wp\/v2\/tribe_events\/74956\/revisions"}],"predecessor-version":[{"id":74957,"href":"https:\/\/www.ludwig-van.com\/montreal\/wp-json\/wp\/v2\/tribe_events\/74956\/revisions\/74957"}],"wp:featuredmedia":[{"embeddable":true,"href":"https:\/\/www.ludwig-van.com\/montreal\/wp-json\/wp\/v2\/media\/74960"}],"wp:attachment":[{"href":"https:\/\/www.ludwig-van.com\/montreal\/wp-json\/wp\/v2\/media?parent=74956"}],"wp:term":[{"taxonomy":"post_tag","embeddable":true,"href":"https:\/\/www.ludwig-van.com\/montreal\/wp-json\/wp\/v2\/tags?post=74956"},{"taxonomy":"tribe_events_cat","embeddable":true,"href":"https:\/\/www.ludwig-van.com\/montreal\/wp-json\/wp\/v2\/tribe_events_cat?post=74956"}],"curies":[{"name":"wp","href":"https:\/\/api.w.org\/{rel}","templated":true}]}}