{"id":74906,"date":"2023-01-23T17:16:05","date_gmt":"2023-01-23T22:16:05","guid":{"rendered":"https:\/\/www.ludwig-van.com\/montreal\/?post_type=tribe_events&#038;p=74906"},"modified":"2023-01-23T17:16:05","modified_gmt":"2023-01-23T22:16:05","slug":"le-vivier-mes-hommages-ii","status":"publish","type":"tribe_events","link":"https:\/\/www.ludwig-van.com\/montreal\/event\/le-vivier-mes-hommages-ii\/","title":{"rendered":"Le Vivier | Mes hommages II"},"content":{"rendered":"<h2>LA SEMAINE DU NEUF \u00b7 Hommage \u00e0 Claude Vivier<\/h2>\n<p>Le Duo, Marie-H\u00e9l\u00e8ne Breault Pamela Reimer rend hommage \u00e0 trois compositeurs canadiens fondateurs des \u00ab \u00c9v\u00e9nements du neuf \u00bb : Claude Vivier, John Rea et le r\u00e9cemment regrett\u00e9 Jos\u00e9 Evangelista. Avec ce concert, les interpr\u00e8tes poursuivent leur travail d\u2019arrangements commenc\u00e9 en 2016 centr\u00e9 sur la transposition pour fl\u00fbte et piano d&rsquo;\u0153uvres de compositeurs canadiens majeurs. Les \u0153uvres au programme de Claude Vivier Pi\u00e8ce pour fl\u00fbte et piano et Pianoforte notamment nous permettront d\u2019appr\u00e9cier la cr\u00e9ativit\u00e9, la virtuosit\u00e9 et la complicit\u00e9 des interpr\u00e8tes.<\/p>\n","protected":false},"excerpt":{"rendered":"<p>Le Duo, Marie-H\u00e9l\u00e8ne Breault Pamela Reimer rend hommage \u00e0 trois compositeurs canadiens fondateurs des \u00ab \u00c9v\u00e9nements du neuf \u00bb : Claude Vivier, John Rea et le r\u00e9cemment regrett\u00e9 Jos\u00e9 Evangelista.<\/p>\n","protected":false},"author":1,"featured_media":74908,"comment_status":"open","ping_status":"closed","template":"","meta":{"om_disable_all_campaigns":false,"jetpack_post_was_ever_published":false},"tags":[],"tribe_events_cat":[6487],"acf":[],"jetpack_sharing_enabled":true,"_links":{"self":[{"href":"https:\/\/www.ludwig-van.com\/montreal\/wp-json\/wp\/v2\/tribe_events\/74906"}],"collection":[{"href":"https:\/\/www.ludwig-van.com\/montreal\/wp-json\/wp\/v2\/tribe_events"}],"about":[{"href":"https:\/\/www.ludwig-van.com\/montreal\/wp-json\/wp\/v2\/types\/tribe_events"}],"author":[{"embeddable":true,"href":"https:\/\/www.ludwig-van.com\/montreal\/wp-json\/wp\/v2\/users\/1"}],"replies":[{"embeddable":true,"href":"https:\/\/www.ludwig-van.com\/montreal\/wp-json\/wp\/v2\/comments?post=74906"}],"version-history":[{"count":1,"href":"https:\/\/www.ludwig-van.com\/montreal\/wp-json\/wp\/v2\/tribe_events\/74906\/revisions"}],"predecessor-version":[{"id":74907,"href":"https:\/\/www.ludwig-van.com\/montreal\/wp-json\/wp\/v2\/tribe_events\/74906\/revisions\/74907"}],"wp:featuredmedia":[{"embeddable":true,"href":"https:\/\/www.ludwig-van.com\/montreal\/wp-json\/wp\/v2\/media\/74908"}],"wp:attachment":[{"href":"https:\/\/www.ludwig-van.com\/montreal\/wp-json\/wp\/v2\/media?parent=74906"}],"wp:term":[{"taxonomy":"post_tag","embeddable":true,"href":"https:\/\/www.ludwig-van.com\/montreal\/wp-json\/wp\/v2\/tags?post=74906"},{"taxonomy":"tribe_events_cat","embeddable":true,"href":"https:\/\/www.ludwig-van.com\/montreal\/wp-json\/wp\/v2\/tribe_events_cat?post=74906"}],"curies":[{"name":"wp","href":"https:\/\/api.w.org\/{rel}","templated":true}]}}