{"id":74872,"date":"2023-01-17T15:48:52","date_gmt":"2023-01-17T20:48:52","guid":{"rendered":"https:\/\/www.ludwig-van.com\/montreal\/?post_type=tribe_events&#038;p=74872"},"modified":"2023-01-17T15:48:52","modified_gmt":"2023-01-17T20:48:52","slug":"musici-de-montreal-autriche-maxim-rysanov-et-mozart","status":"publish","type":"tribe_events","link":"https:\/\/www.ludwig-van.com\/montreal\/event\/musici-de-montreal-autriche-maxim-rysanov-et-mozart\/","title":{"rendered":"I Musici de Montr\u00e9al | Autriche : Maxim Rysanov et Mozart"},"content":{"rendered":"<p>Si je vous dis \u2018Autriche\u2019 vous me r\u00e9pondrez\u202f: \u2019Mozart!\u2019\u2026 sans aucun doute. Ce dernier sera donc au c\u0153ur de ce programme tr\u00e8s accessible qui marque le retour attendu de Maxim Rysanov, altiste magnifique, c\u00e9l\u00e8bre internationalement, et chef tr\u00e8s appr\u00e9ci\u00e9 des musiciens et musiciennes d\u2019I Musici et de son public. La radieuse Symphonie no 29 en la majeur compl\u00e8tera la poignante Symphonie concertante de Mozart, v\u00e9ritable double concerto pour violon et alto qui permettra \u00e0 notre admirable violon-solo, Julie Triquet, de se joindre \u00e0 Rysanov. En compl\u00e9ment de programme, de mani\u00e8re fort \u00e0 propos puisqu\u2019il est lui-m\u00eame d\u2019origine ukrainienne, il dirigera les Variations sur un th\u00e8me ukrainien de Malcom Arnold, compositeur connu pour sa musique de film (qui lui a d\u2019ailleurs valu un Oscar en 1957).<\/p>\n","protected":false},"excerpt":{"rendered":"<p>Si je vous dis \u2018Autriche\u2019 vous me r\u00e9pondrez\u202f: \u2019Mozart!\u2019\u2026 sans aucun doute. Ce dernier sera donc au c\u0153ur de ce programme tr\u00e8s accessible qui marque le retour attendu de Maxim Rysanov, altiste magnifique, c\u00e9l\u00e8bre internationalement, et chef tr\u00e8s appr\u00e9ci\u00e9 des musiciens et musiciennes d\u2019I Musici et de son public.<\/p>\n","protected":false},"author":1,"featured_media":74875,"comment_status":"open","ping_status":"closed","template":"","meta":{"om_disable_all_campaigns":false,"jetpack_post_was_ever_published":false},"tags":[],"tribe_events_cat":[6487],"acf":[],"jetpack_sharing_enabled":true,"_links":{"self":[{"href":"https:\/\/www.ludwig-van.com\/montreal\/wp-json\/wp\/v2\/tribe_events\/74872"}],"collection":[{"href":"https:\/\/www.ludwig-van.com\/montreal\/wp-json\/wp\/v2\/tribe_events"}],"about":[{"href":"https:\/\/www.ludwig-van.com\/montreal\/wp-json\/wp\/v2\/types\/tribe_events"}],"author":[{"embeddable":true,"href":"https:\/\/www.ludwig-van.com\/montreal\/wp-json\/wp\/v2\/users\/1"}],"replies":[{"embeddable":true,"href":"https:\/\/www.ludwig-van.com\/montreal\/wp-json\/wp\/v2\/comments?post=74872"}],"version-history":[{"count":1,"href":"https:\/\/www.ludwig-van.com\/montreal\/wp-json\/wp\/v2\/tribe_events\/74872\/revisions"}],"predecessor-version":[{"id":74873,"href":"https:\/\/www.ludwig-van.com\/montreal\/wp-json\/wp\/v2\/tribe_events\/74872\/revisions\/74873"}],"wp:featuredmedia":[{"embeddable":true,"href":"https:\/\/www.ludwig-van.com\/montreal\/wp-json\/wp\/v2\/media\/74875"}],"wp:attachment":[{"href":"https:\/\/www.ludwig-van.com\/montreal\/wp-json\/wp\/v2\/media?parent=74872"}],"wp:term":[{"taxonomy":"post_tag","embeddable":true,"href":"https:\/\/www.ludwig-van.com\/montreal\/wp-json\/wp\/v2\/tags?post=74872"},{"taxonomy":"tribe_events_cat","embeddable":true,"href":"https:\/\/www.ludwig-van.com\/montreal\/wp-json\/wp\/v2\/tribe_events_cat?post=74872"}],"curies":[{"name":"wp","href":"https:\/\/api.w.org\/{rel}","templated":true}]}}