{"id":74832,"date":"2023-01-17T07:45:07","date_gmt":"2023-01-17T12:45:07","guid":{"rendered":"https:\/\/www.ludwig-van.com\/montreal\/?post_type=tribe_events&#038;p=74832"},"modified":"2023-01-17T07:45:07","modified_gmt":"2023-01-17T12:45:07","slug":"choeur-st-laurent-psalmae","status":"publish","type":"tribe_events","link":"https:\/\/www.ludwig-van.com\/montreal\/event\/choeur-st-laurent-psalmae\/","title":{"rendered":"Ch\u0153ur St-Laurent | Psalmae"},"content":{"rendered":"<p>Le Ch\u0153ur St-Laurent vous convie \u00e0 un grand concert intitul\u00e9 Psalmae. Les trois \u0153uvres pr\u00e9sent\u00e9es sont inspir\u00e9es de psaumes et de textes qui apportent r\u00e9confort et espoir.<\/p>\n<p>Le Psaume 121 (Psalm 121) du compositeur canadien Imant Raminsh met en musique un texte fort connu et porteur d\u2019un message apaisant : entre notre d\u00e9part et notre arriv\u00e9e, celui qui veille sur nous ne dort jamais. Suit le Psalmus Hungaricus de Zolt\u00e1n Kod\u00e1ly, dont c\u2019est le 100e anniversaire de cr\u00e9ation, avec le t\u00e9nor de r\u00e9putation internationale John Mac Master dans le r\u00f4le du psalmiste r\u00e9pondant au peuple, un r\u00f4le qu\u2019incarnent les choristes. Enfin, le Ch\u0153ur St-Laurent pr\u00e9sente une \u0153uvre tr\u00e8s rarement offerte au public : le Psaume 100 du compositeur Max Reger, une symphonie-chorale de grande envergure et aux sonorit\u00e9s festives offrant des moments d\u2019une immense beaut\u00e9.<\/p>\n","protected":false},"excerpt":{"rendered":"<p>Le Ch\u0153ur St-Laurent vous convie \u00e0 un grand concert intitul\u00e9 Psalmae. Les trois \u0153uvres pr\u00e9sent\u00e9es sont inspir\u00e9es de psaumes et de textes qui apportent r\u00e9confort et espoir.<\/p>\n","protected":false},"author":1,"featured_media":74834,"comment_status":"open","ping_status":"closed","template":"","meta":{"om_disable_all_campaigns":false,"jetpack_post_was_ever_published":false},"tags":[],"tribe_events_cat":[34640],"acf":[],"jetpack_sharing_enabled":true,"_links":{"self":[{"href":"https:\/\/www.ludwig-van.com\/montreal\/wp-json\/wp\/v2\/tribe_events\/74832"}],"collection":[{"href":"https:\/\/www.ludwig-van.com\/montreal\/wp-json\/wp\/v2\/tribe_events"}],"about":[{"href":"https:\/\/www.ludwig-van.com\/montreal\/wp-json\/wp\/v2\/types\/tribe_events"}],"author":[{"embeddable":true,"href":"https:\/\/www.ludwig-van.com\/montreal\/wp-json\/wp\/v2\/users\/1"}],"replies":[{"embeddable":true,"href":"https:\/\/www.ludwig-van.com\/montreal\/wp-json\/wp\/v2\/comments?post=74832"}],"version-history":[{"count":1,"href":"https:\/\/www.ludwig-van.com\/montreal\/wp-json\/wp\/v2\/tribe_events\/74832\/revisions"}],"predecessor-version":[{"id":74833,"href":"https:\/\/www.ludwig-van.com\/montreal\/wp-json\/wp\/v2\/tribe_events\/74832\/revisions\/74833"}],"wp:featuredmedia":[{"embeddable":true,"href":"https:\/\/www.ludwig-van.com\/montreal\/wp-json\/wp\/v2\/media\/74834"}],"wp:attachment":[{"href":"https:\/\/www.ludwig-van.com\/montreal\/wp-json\/wp\/v2\/media?parent=74832"}],"wp:term":[{"taxonomy":"post_tag","embeddable":true,"href":"https:\/\/www.ludwig-van.com\/montreal\/wp-json\/wp\/v2\/tags?post=74832"},{"taxonomy":"tribe_events_cat","embeddable":true,"href":"https:\/\/www.ludwig-van.com\/montreal\/wp-json\/wp\/v2\/tribe_events_cat?post=74832"}],"curies":[{"name":"wp","href":"https:\/\/api.w.org\/{rel}","templated":true}]}}