{"id":74762,"date":"2023-01-13T11:24:46","date_gmt":"2023-01-13T16:24:46","guid":{"rendered":"https:\/\/www.ludwig-van.com\/montreal\/?post_type=tribe_events&#038;p=74762"},"modified":"2023-01-13T11:42:25","modified_gmt":"2023-01-13T16:42:25","slug":"societe-chorale-du-plateau-mont-royal-de-paris-geneve","status":"publish","type":"tribe_events","link":"https:\/\/www.ludwig-van.com\/montreal\/event\/societe-chorale-du-plateau-mont-royal-de-paris-geneve\/","title":{"rendered":"Soci\u00e9t\u00e9 chorale du Plateau-Mont-Royal | De Paris \u00e0 Gen\u00e8ve"},"content":{"rendered":"<h2>Messe pour double ch\u0153ur de Frank Martin<\/h2>\n<p>Au 19e si\u00e8cle, plusieurs compositeurs fran\u00e7ais participeront au renouveau de l\u2019orgue. Quelques grands organistes ont eu eux aussi une influence heureuse sur le climat musical de la Suisse fran\u00e7aise. C\u2019est le cas du compositeur genevois Frank Martin dont l\u2019\u00e9criture s\u2019appuie sur les pratiques musicales m\u00e9di\u00e9vales manifest\u00e9es dans sa Messe pour double ch\u0153ur. De Paris \u00e0 Gen\u00e8ve nous fera voyager au c\u0153ur de la musique fran\u00e7aise dans toute son \u00e9tendue, sa richesse et sa grandeur.<\/p>\n<p>Concert f\u00e9d\u00e9rateur des trois choeurs de la Soci\u00e9t\u00e9 chorale du Plateau Mont-Royal<\/p>\n","protected":false},"excerpt":{"rendered":"<p>Au 19e si\u00e8cle, plusieurs compositeurs fran\u00e7ais participeront au renouveau de l\u2019orgue. Quelques grands organistes ont eu eux aussi une influence heureuse sur le climat musical de la Suisse fran\u00e7aise.<\/p>\n","protected":false},"author":1,"featured_media":74752,"comment_status":"open","ping_status":"closed","template":"","meta":{"om_disable_all_campaigns":false,"jetpack_post_was_ever_published":false},"tags":[],"tribe_events_cat":[34640],"acf":[],"jetpack_sharing_enabled":true,"_links":{"self":[{"href":"https:\/\/www.ludwig-van.com\/montreal\/wp-json\/wp\/v2\/tribe_events\/74762"}],"collection":[{"href":"https:\/\/www.ludwig-van.com\/montreal\/wp-json\/wp\/v2\/tribe_events"}],"about":[{"href":"https:\/\/www.ludwig-van.com\/montreal\/wp-json\/wp\/v2\/types\/tribe_events"}],"author":[{"embeddable":true,"href":"https:\/\/www.ludwig-van.com\/montreal\/wp-json\/wp\/v2\/users\/1"}],"replies":[{"embeddable":true,"href":"https:\/\/www.ludwig-van.com\/montreal\/wp-json\/wp\/v2\/comments?post=74762"}],"version-history":[{"count":4,"href":"https:\/\/www.ludwig-van.com\/montreal\/wp-json\/wp\/v2\/tribe_events\/74762\/revisions"}],"predecessor-version":[{"id":74774,"href":"https:\/\/www.ludwig-van.com\/montreal\/wp-json\/wp\/v2\/tribe_events\/74762\/revisions\/74774"}],"wp:featuredmedia":[{"embeddable":true,"href":"https:\/\/www.ludwig-van.com\/montreal\/wp-json\/wp\/v2\/media\/74752"}],"wp:attachment":[{"href":"https:\/\/www.ludwig-van.com\/montreal\/wp-json\/wp\/v2\/media?parent=74762"}],"wp:term":[{"taxonomy":"post_tag","embeddable":true,"href":"https:\/\/www.ludwig-van.com\/montreal\/wp-json\/wp\/v2\/tags?post=74762"},{"taxonomy":"tribe_events_cat","embeddable":true,"href":"https:\/\/www.ludwig-van.com\/montreal\/wp-json\/wp\/v2\/tribe_events_cat?post=74762"}],"curies":[{"name":"wp","href":"https:\/\/api.w.org\/{rel}","templated":true}]}}