{"id":74709,"date":"2023-01-11T11:32:24","date_gmt":"2023-01-11T16:32:24","guid":{"rendered":"https:\/\/www.ludwig-van.com\/montreal\/?post_type=tribe_events&#038;p=74709"},"modified":"2023-01-11T11:32:24","modified_gmt":"2023-01-11T16:32:24","slug":"societe-de-musique-contemporaine-du-quebec-postlude-lepais","status":"publish","type":"tribe_events","link":"https:\/\/www.ludwig-van.com\/montreal\/event\/societe-de-musique-contemporaine-du-quebec-postlude-lepais\/","title":{"rendered":"Soci\u00e9t\u00e9 de musique contemporaine du Qu\u00e9bec | Postlude \u00e0 l&rsquo;\u00e9pais"},"content":{"rendered":"<h3>Parmi les meilleurs ensembles europ\u00e9ens et reconnu pour leur exceptionnelle qualit\u00e9 d\u2019ex\u00e9cution, Court-circuit revient \u00e0 MNM avec un programme \u00e9clectique qui nous fait d\u00e9couvrir quelques-uns des compositeurs actuels les plus marquants.<\/h3>\n<p>La musique contemporaine sous toutes ses formes! L\u2019ensemble fran\u00e7ais Court-circuit est r\u00e9put\u00e9 en Europe pour ses prises de risques et sa virtuosit\u00e9. Les \u0153uvres choisies dans un esprit de libert\u00e9 nous invitent \u00e0 d\u00e9couvrir plusieurs \u0153uvres de diff\u00e9rentes g\u00e9n\u00e9rations de compositrices et compositeurs fran\u00e7ais, canadiens et \u00e9tats-uniens. Un programme au son et \u00e0 l\u2019atmosph\u00e8re contrast\u00e9s qui nous emporte \u00e0 travers les esth\u00e9tiques \u00e9clat\u00e9es de la musique de cr\u00e9ation.<\/p>\n<p>\u00abTout \u00e0 la fois acteurs et musiciens, les interpr\u00e8tes de Court-circuit et leur chef Jean Deroyer, complices d\u2019un univers sonore qu\u2019ils accompagnent depuis de longues ann\u00e9es, s\u2019approprient cet objet singulier avec une \u00e9l\u00e9gance et un style rares\u2026\u00bb \u2014 Mich\u00e8le Tosi, ResMusica<\/p>\n","protected":false},"excerpt":{"rendered":"<p>Parmi les meilleurs ensembles europ\u00e9ens et reconnu pour leur exceptionnelle qualit\u00e9 d\u2019ex\u00e9cution, Court-circuit revient \u00e0 MNM avec un programme \u00e9clectique qui nous fait d\u00e9couvrir quelques-uns des compositeurs actuels les plus marquants.<\/p>\n","protected":false},"author":1,"featured_media":74711,"comment_status":"open","ping_status":"closed","template":"","meta":{"om_disable_all_campaigns":false,"jetpack_post_was_ever_published":false},"tags":[],"tribe_events_cat":[5327],"acf":[],"jetpack_sharing_enabled":true,"_links":{"self":[{"href":"https:\/\/www.ludwig-van.com\/montreal\/wp-json\/wp\/v2\/tribe_events\/74709"}],"collection":[{"href":"https:\/\/www.ludwig-van.com\/montreal\/wp-json\/wp\/v2\/tribe_events"}],"about":[{"href":"https:\/\/www.ludwig-van.com\/montreal\/wp-json\/wp\/v2\/types\/tribe_events"}],"author":[{"embeddable":true,"href":"https:\/\/www.ludwig-van.com\/montreal\/wp-json\/wp\/v2\/users\/1"}],"replies":[{"embeddable":true,"href":"https:\/\/www.ludwig-van.com\/montreal\/wp-json\/wp\/v2\/comments?post=74709"}],"version-history":[{"count":1,"href":"https:\/\/www.ludwig-van.com\/montreal\/wp-json\/wp\/v2\/tribe_events\/74709\/revisions"}],"predecessor-version":[{"id":74710,"href":"https:\/\/www.ludwig-van.com\/montreal\/wp-json\/wp\/v2\/tribe_events\/74709\/revisions\/74710"}],"wp:featuredmedia":[{"embeddable":true,"href":"https:\/\/www.ludwig-van.com\/montreal\/wp-json\/wp\/v2\/media\/74711"}],"wp:attachment":[{"href":"https:\/\/www.ludwig-van.com\/montreal\/wp-json\/wp\/v2\/media?parent=74709"}],"wp:term":[{"taxonomy":"post_tag","embeddable":true,"href":"https:\/\/www.ludwig-van.com\/montreal\/wp-json\/wp\/v2\/tags?post=74709"},{"taxonomy":"tribe_events_cat","embeddable":true,"href":"https:\/\/www.ludwig-van.com\/montreal\/wp-json\/wp\/v2\/tribe_events_cat?post=74709"}],"curies":[{"name":"wp","href":"https:\/\/api.w.org\/{rel}","templated":true}]}}