{"id":74705,"date":"2023-01-11T11:21:59","date_gmt":"2023-01-11T16:21:59","guid":{"rendered":"https:\/\/www.ludwig-van.com\/montreal\/?post_type=tribe_events&#038;p=74705"},"modified":"2023-01-11T11:21:59","modified_gmt":"2023-01-11T16:21:59","slug":"societe-de-musique-contemporaine-du-quebec-golgotha","status":"publish","type":"tribe_events","link":"https:\/\/www.ludwig-van.com\/montreal\/event\/societe-de-musique-contemporaine-du-quebec-golgotha\/","title":{"rendered":"Soci\u00e9t\u00e9 de musique contemporaine du Qu\u00e9bec | Golgot(h)a"},"content":{"rendered":"<h2>Une des \u0153uvres majeures de Walter Boudreau sur des po\u00e8mes de son grand complice et ami Ra\u00f4ul Duguay. Cr\u00e9\u00e9e \u00e0 son arriv\u00e9e \u00e0 la SMCQ. R\u00e9invent\u00e9e \u00e0 son d\u00e9part.<\/h2>\n<p>L\u2019univers tragique de la Passion du Christ mis en musique par Walter Boudreau sur des po\u00e8mes de Ra\u00f4ul Duguay. Golgot(h)a revisite le Chemin de croix repr\u00e9sent\u00e9 par une quinzaine de tableaux et port\u00e9 par un grand ensemble de cuivres, percussions, orgue et 16 voix. Aur\u00e9ol\u00e9e \u00e0 Paris en 1991 du Grand prix Paul Gilson de la Communaut\u00e9 des radios de langue fran\u00e7aise, cette pi\u00e8ce se base sur un motet \u00e0 quatre voix du compositeur Tom\u00e1s Luis de Victoria \u00e9galement au programme. La pi\u00e8ce pour orgue Les Communiantes de Claude Vivier compl\u00e8te ce concert exceptionnel qui rappelle l\u2019emprise de la religion catholique avant la R\u00e9volution tranquille et son influence sur la vie des deux cr\u00e9ateurs.<\/p>\n<p>\u00abBien que je ne sois pas religieux\u2026 le chemin de croix est \u00e0 mes yeux la plus intense repr\u00e9sentation du drame d\u2019un \u00eatre humain devant l\u2019in\u00e9luctable. Ce long tunnel d\u2019une grande noirceur est la marche fun\u00e8bre terrible d\u2019un homme condamn\u00e9 \u00e0 un supplice abominable: la crucifixion.\u00bb \u2014 Walter Boudreau<\/p>\n","protected":false},"excerpt":{"rendered":"<p>Une des \u0153uvres majeures de Walter Boudreau sur des po\u00e8mes de son grand complice et ami Ra\u00f4ul Duguay. Cr\u00e9\u00e9e \u00e0 son arriv\u00e9e \u00e0 la SMCQ. R\u00e9invent\u00e9e \u00e0 son d\u00e9part.<\/p>\n","protected":false},"author":1,"featured_media":74707,"comment_status":"open","ping_status":"closed","template":"","meta":{"om_disable_all_campaigns":false,"jetpack_post_was_ever_published":false},"tags":[],"tribe_events_cat":[5327],"acf":[],"jetpack_sharing_enabled":true,"_links":{"self":[{"href":"https:\/\/www.ludwig-van.com\/montreal\/wp-json\/wp\/v2\/tribe_events\/74705"}],"collection":[{"href":"https:\/\/www.ludwig-van.com\/montreal\/wp-json\/wp\/v2\/tribe_events"}],"about":[{"href":"https:\/\/www.ludwig-van.com\/montreal\/wp-json\/wp\/v2\/types\/tribe_events"}],"author":[{"embeddable":true,"href":"https:\/\/www.ludwig-van.com\/montreal\/wp-json\/wp\/v2\/users\/1"}],"replies":[{"embeddable":true,"href":"https:\/\/www.ludwig-van.com\/montreal\/wp-json\/wp\/v2\/comments?post=74705"}],"version-history":[{"count":2,"href":"https:\/\/www.ludwig-van.com\/montreal\/wp-json\/wp\/v2\/tribe_events\/74705\/revisions"}],"predecessor-version":[{"id":74708,"href":"https:\/\/www.ludwig-van.com\/montreal\/wp-json\/wp\/v2\/tribe_events\/74705\/revisions\/74708"}],"wp:featuredmedia":[{"embeddable":true,"href":"https:\/\/www.ludwig-van.com\/montreal\/wp-json\/wp\/v2\/media\/74707"}],"wp:attachment":[{"href":"https:\/\/www.ludwig-van.com\/montreal\/wp-json\/wp\/v2\/media?parent=74705"}],"wp:term":[{"taxonomy":"post_tag","embeddable":true,"href":"https:\/\/www.ludwig-van.com\/montreal\/wp-json\/wp\/v2\/tags?post=74705"},{"taxonomy":"tribe_events_cat","embeddable":true,"href":"https:\/\/www.ludwig-van.com\/montreal\/wp-json\/wp\/v2\/tribe_events_cat?post=74705"}],"curies":[{"name":"wp","href":"https:\/\/api.w.org\/{rel}","templated":true}]}}