{"id":74701,"date":"2023-01-11T11:11:00","date_gmt":"2023-01-11T16:11:00","guid":{"rendered":"https:\/\/www.ludwig-van.com\/montreal\/?post_type=tribe_events&#038;p=74701"},"modified":"2023-02-20T15:14:20","modified_gmt":"2023-02-20T20:14:20","slug":"societe-de-musique-contemporaine-du-quebec-notinikew","status":"publish","type":"tribe_events","link":"https:\/\/www.ludwig-van.com\/montreal\/event\/societe-de-musique-contemporaine-du-quebec-notinikew\/","title":{"rendered":"Soci\u00e9t\u00e9 de musique contemporaine du Qu\u00e9bec | Notinikew"},"content":{"rendered":"<h2>Une \u0153uvre bouleversante par un compositeur autochtone incontournable.<\/h2>\n<p>Une des grandes voix autochtones! La musique d\u2019Andrew Balfour, compositeur d\u2019origine crie, est au c\u0153ur de ce concert qui nous emporte dans un \u00e9mouvant voyage spirituel. Ses \u0153uvres chorales invitent \u00e0 communier \u00e0 l\u2019instar de Vision Chant, inspir\u00e9 d\u2019un style de chant autochtone qui atteint des sommets de tranquillit\u00e9 et d\u2019intensit\u00e9. Tandis que la puissante complainte de Notinikew, un mini-op\u00e9ra anti-guerre, fait r\u00e9sonner avec force les mots et les maux d\u2019une communaut\u00e9 de destin trop rarement entendue.<\/p>\n<p>Notinikew raconte l\u2019histoire de soldats autochtones qui ont combattu pour le Canada pendant la Premi\u00e8re Guerre mondiale et qui se sont vu refuser le droit de revenir au pays.<\/p>\n","protected":false},"excerpt":{"rendered":"<p>Une des grandes voix autochtones! La musique d\u2019Andrew Balfour, compositeur d\u2019origine crie, est au c\u0153ur de ce concert qui nous emporte dans un \u00e9mouvant voyage spirituel.<\/p>\n","protected":false},"author":1,"featured_media":74703,"comment_status":"open","ping_status":"closed","template":"","meta":{"om_disable_all_campaigns":false,"jetpack_post_was_ever_published":false},"tags":[],"tribe_events_cat":[5327],"acf":[],"jetpack_sharing_enabled":true,"_links":{"self":[{"href":"https:\/\/www.ludwig-van.com\/montreal\/wp-json\/wp\/v2\/tribe_events\/74701"}],"collection":[{"href":"https:\/\/www.ludwig-van.com\/montreal\/wp-json\/wp\/v2\/tribe_events"}],"about":[{"href":"https:\/\/www.ludwig-van.com\/montreal\/wp-json\/wp\/v2\/types\/tribe_events"}],"author":[{"embeddable":true,"href":"https:\/\/www.ludwig-van.com\/montreal\/wp-json\/wp\/v2\/users\/1"}],"replies":[{"embeddable":true,"href":"https:\/\/www.ludwig-van.com\/montreal\/wp-json\/wp\/v2\/comments?post=74701"}],"version-history":[{"count":2,"href":"https:\/\/www.ludwig-van.com\/montreal\/wp-json\/wp\/v2\/tribe_events\/74701\/revisions"}],"predecessor-version":[{"id":74704,"href":"https:\/\/www.ludwig-van.com\/montreal\/wp-json\/wp\/v2\/tribe_events\/74701\/revisions\/74704"}],"wp:featuredmedia":[{"embeddable":true,"href":"https:\/\/www.ludwig-van.com\/montreal\/wp-json\/wp\/v2\/media\/74703"}],"wp:attachment":[{"href":"https:\/\/www.ludwig-van.com\/montreal\/wp-json\/wp\/v2\/media?parent=74701"}],"wp:term":[{"taxonomy":"post_tag","embeddable":true,"href":"https:\/\/www.ludwig-van.com\/montreal\/wp-json\/wp\/v2\/tags?post=74701"},{"taxonomy":"tribe_events_cat","embeddable":true,"href":"https:\/\/www.ludwig-van.com\/montreal\/wp-json\/wp\/v2\/tribe_events_cat?post=74701"}],"curies":[{"name":"wp","href":"https:\/\/api.w.org\/{rel}","templated":true}]}}