{"id":74671,"date":"2023-01-11T09:59:10","date_gmt":"2023-01-11T14:59:10","guid":{"rendered":"https:\/\/www.ludwig-van.com\/montreal\/?post_type=tribe_events&#038;p=74671"},"modified":"2023-01-11T09:59:10","modified_gmt":"2023-01-11T14:59:10","slug":"orchestre-symphonique-de-montreal-bach-et-glass-sur-le-grand-orgue-pierre-beique","status":"publish","type":"tribe_events","link":"https:\/\/www.ludwig-van.com\/montreal\/event\/orchestre-symphonique-de-montreal-bach-et-glass-sur-le-grand-orgue-pierre-beique\/","title":{"rendered":"Orchestre symphonique de Montr\u00e9al | Bach et Glass sur le Grand Orgue Pierre-B\u00e9ique"},"content":{"rendered":"<p>Du contrepoint fleuri aux vastes espaces minimalistes, Bach et Glass se partagent l\u2019affiche d\u2019un concert ax\u00e9 sur le dialogue entre ces deux compositeurs majeurs. La Lettone Iveta Apkalna, organiste titulaire \u00e0 la Philharmonie de l\u2019Elbe \u00e0 Hambourg, nous propose ainsi un voyage \u00e9difiant au c\u0153ur d\u2019un univers qu\u2019elle ma\u00eetrise sur le bout des doigts. Elle fera sa premi\u00e8re apparition aux commandes du Grand Orgue Pierre-B\u00e9ique de l\u2019OSM.<\/p>\n<p>&nbsp;<\/p>\n","protected":false},"excerpt":{"rendered":"<p>Du contrepoint fleuri aux vastes espaces minimalistes, Bach et Glass se partagent l\u2019affiche d\u2019un concert ax\u00e9 sur le dialogue entre ces deux compositeurs majeurs.<\/p>\n","protected":false},"author":1,"featured_media":74673,"comment_status":"open","ping_status":"closed","template":"","meta":{"om_disable_all_campaigns":false,"jetpack_post_was_ever_published":false},"tags":[],"tribe_events_cat":[6487],"acf":[],"jetpack_sharing_enabled":true,"_links":{"self":[{"href":"https:\/\/www.ludwig-van.com\/montreal\/wp-json\/wp\/v2\/tribe_events\/74671"}],"collection":[{"href":"https:\/\/www.ludwig-van.com\/montreal\/wp-json\/wp\/v2\/tribe_events"}],"about":[{"href":"https:\/\/www.ludwig-van.com\/montreal\/wp-json\/wp\/v2\/types\/tribe_events"}],"author":[{"embeddable":true,"href":"https:\/\/www.ludwig-van.com\/montreal\/wp-json\/wp\/v2\/users\/1"}],"replies":[{"embeddable":true,"href":"https:\/\/www.ludwig-van.com\/montreal\/wp-json\/wp\/v2\/comments?post=74671"}],"version-history":[{"count":2,"href":"https:\/\/www.ludwig-van.com\/montreal\/wp-json\/wp\/v2\/tribe_events\/74671\/revisions"}],"predecessor-version":[{"id":74674,"href":"https:\/\/www.ludwig-van.com\/montreal\/wp-json\/wp\/v2\/tribe_events\/74671\/revisions\/74674"}],"wp:featuredmedia":[{"embeddable":true,"href":"https:\/\/www.ludwig-van.com\/montreal\/wp-json\/wp\/v2\/media\/74673"}],"wp:attachment":[{"href":"https:\/\/www.ludwig-van.com\/montreal\/wp-json\/wp\/v2\/media?parent=74671"}],"wp:term":[{"taxonomy":"post_tag","embeddable":true,"href":"https:\/\/www.ludwig-van.com\/montreal\/wp-json\/wp\/v2\/tags?post=74671"},{"taxonomy":"tribe_events_cat","embeddable":true,"href":"https:\/\/www.ludwig-van.com\/montreal\/wp-json\/wp\/v2\/tribe_events_cat?post=74671"}],"curies":[{"name":"wp","href":"https:\/\/api.w.org\/{rel}","templated":true}]}}