{"id":74669,"date":"2023-01-11T09:48:45","date_gmt":"2023-01-11T14:48:45","guid":{"rendered":"https:\/\/www.ludwig-van.com\/montreal\/?post_type=tribe_events&#038;p=74669"},"modified":"2023-01-11T09:48:45","modified_gmt":"2023-01-11T14:48:45","slug":"orchestre-symphonique-de-montreal-musique-au-feminin","status":"publish","type":"tribe_events","link":"https:\/\/www.ludwig-van.com\/montreal\/event\/orchestre-symphonique-de-montreal-musique-au-feminin\/","title":{"rendered":"Orchestre symphonique de Montr\u00e9al | Musique au f\u00e9minin"},"content":{"rendered":"<p>Le design au f\u00e9minin est une exposition collaborative consacr\u00e9e \u00e0 diverses femmes designers internationales et qui explore les processus de cr\u00e9ation entrecrois\u00e9s \u2014 de la conception \u00e0 la production industrielle. C\u2019est \u00e9galement ce qui a inspir\u00e9 ce concert qui pr\u00e9sente deux fabuleux quintettes pour piano des Am\u00e9ricaines Amy Beach et Florence Price, ainsi qu\u2019une \u0153uvre pour piano seul de la Canadienne Alexina Louie.<\/p>\n","protected":false},"excerpt":{"rendered":"<p>Le design au f\u00e9minin est une exposition collaborative consacr\u00e9e \u00e0 diverses femmes designers internationales et qui explore les processus de cr\u00e9ation entrecrois\u00e9s \u2014 de la conception \u00e0 la production industrielle.<\/p>\n","protected":false},"author":1,"featured_media":74111,"comment_status":"open","ping_status":"closed","template":"","meta":{"om_disable_all_campaigns":false,"jetpack_post_was_ever_published":false},"tags":[],"tribe_events_cat":[6487],"acf":[],"jetpack_sharing_enabled":true,"_links":{"self":[{"href":"https:\/\/www.ludwig-van.com\/montreal\/wp-json\/wp\/v2\/tribe_events\/74669"}],"collection":[{"href":"https:\/\/www.ludwig-van.com\/montreal\/wp-json\/wp\/v2\/tribe_events"}],"about":[{"href":"https:\/\/www.ludwig-van.com\/montreal\/wp-json\/wp\/v2\/types\/tribe_events"}],"author":[{"embeddable":true,"href":"https:\/\/www.ludwig-van.com\/montreal\/wp-json\/wp\/v2\/users\/1"}],"replies":[{"embeddable":true,"href":"https:\/\/www.ludwig-van.com\/montreal\/wp-json\/wp\/v2\/comments?post=74669"}],"version-history":[{"count":1,"href":"https:\/\/www.ludwig-van.com\/montreal\/wp-json\/wp\/v2\/tribe_events\/74669\/revisions"}],"predecessor-version":[{"id":74670,"href":"https:\/\/www.ludwig-van.com\/montreal\/wp-json\/wp\/v2\/tribe_events\/74669\/revisions\/74670"}],"wp:featuredmedia":[{"embeddable":true,"href":"https:\/\/www.ludwig-van.com\/montreal\/wp-json\/wp\/v2\/media\/74111"}],"wp:attachment":[{"href":"https:\/\/www.ludwig-van.com\/montreal\/wp-json\/wp\/v2\/media?parent=74669"}],"wp:term":[{"taxonomy":"post_tag","embeddable":true,"href":"https:\/\/www.ludwig-van.com\/montreal\/wp-json\/wp\/v2\/tags?post=74669"},{"taxonomy":"tribe_events_cat","embeddable":true,"href":"https:\/\/www.ludwig-van.com\/montreal\/wp-json\/wp\/v2\/tribe_events_cat?post=74669"}],"curies":[{"name":"wp","href":"https:\/\/api.w.org\/{rel}","templated":true}]}}