{"id":74664,"date":"2023-01-11T09:29:43","date_gmt":"2023-01-11T14:29:43","guid":{"rendered":"https:\/\/www.ludwig-van.com\/montreal\/?post_type=tribe_events&#038;p=74664"},"modified":"2023-01-11T09:39:06","modified_gmt":"2023-01-11T14:39:06","slug":"orchestre-symphonique-de-montreal-le-concerto-pour-deux-pianos-et-percussions-de-bartok","status":"publish","type":"tribe_events","link":"https:\/\/www.ludwig-van.com\/montreal\/event\/orchestre-symphonique-de-montreal-le-concerto-pour-deux-pianos-et-percussions-de-bartok\/2023-05-23\/","title":{"rendered":"Orchestre symphonique de Montr\u00e9al | Le concerto pour deux pianos et percussions de Bart\u00f3k"},"content":{"rendered":"<p>L\u2019OSM a l\u2019honneur d\u2019accueillir les pianistes de renomm\u00e9e internationale Daniil Trifonov et Sergei Babayan dans le Concerto pour deux pianos et percussions de Bart\u00f3k, qui mettra \u00e9galement en valeur les percussionnistes de l\u2019OSM Serge Desgagn\u00e9s et Andrei Malashenko. Le chef finlandais Hannu Lintu pr\u00e9sentera \u00e9galement la c\u00e9l\u00e8bre Suite Rom\u00e9o et Juliette de Prokofiev ainsi que les Symphonies d\u2019instruments \u00e0 vent de Stravinsky, \u00e9crites en hommage \u00e0 Claude Debussy.<\/p>\n<p>&nbsp;<\/p>\n","protected":false},"excerpt":{"rendered":"<p>L\u2019OSM a l\u2019honneur d\u2019accueillir les pianistes de renomm\u00e9e internationale Daniil Trifonov et Sergei Babayan dans le Concerto pour deux pianos et percussions de Bart\u00f3k, qui mettra \u00e9galement en valeur les percussionnistes de l\u2019OSM Serge Desgagn\u00e9s et Andrei Malashenko.<\/p>\n","protected":false},"author":1,"featured_media":74667,"comment_status":"open","ping_status":"closed","template":"","meta":{"om_disable_all_campaigns":false,"jetpack_post_was_ever_published":false},"tags":[],"tribe_events_cat":[6487],"acf":[],"jetpack_sharing_enabled":true,"_links":{"self":[{"href":"https:\/\/www.ludwig-van.com\/montreal\/wp-json\/wp\/v2\/tribe_events\/74664"}],"collection":[{"href":"https:\/\/www.ludwig-van.com\/montreal\/wp-json\/wp\/v2\/tribe_events"}],"about":[{"href":"https:\/\/www.ludwig-van.com\/montreal\/wp-json\/wp\/v2\/types\/tribe_events"}],"author":[{"embeddable":true,"href":"https:\/\/www.ludwig-van.com\/montreal\/wp-json\/wp\/v2\/users\/1"}],"replies":[{"embeddable":true,"href":"https:\/\/www.ludwig-van.com\/montreal\/wp-json\/wp\/v2\/comments?post=74664"}],"version-history":[{"count":1,"href":"https:\/\/www.ludwig-van.com\/montreal\/wp-json\/wp\/v2\/tribe_events\/74664\/revisions"}],"predecessor-version":[{"id":74665,"href":"https:\/\/www.ludwig-van.com\/montreal\/wp-json\/wp\/v2\/tribe_events\/74664\/revisions\/74665"}],"wp:featuredmedia":[{"embeddable":true,"href":"https:\/\/www.ludwig-van.com\/montreal\/wp-json\/wp\/v2\/media\/74667"}],"wp:attachment":[{"href":"https:\/\/www.ludwig-van.com\/montreal\/wp-json\/wp\/v2\/media?parent=74664"}],"wp:term":[{"taxonomy":"post_tag","embeddable":true,"href":"https:\/\/www.ludwig-van.com\/montreal\/wp-json\/wp\/v2\/tags?post=74664"},{"taxonomy":"tribe_events_cat","embeddable":true,"href":"https:\/\/www.ludwig-van.com\/montreal\/wp-json\/wp\/v2\/tribe_events_cat?post=74664"}],"curies":[{"name":"wp","href":"https:\/\/api.w.org\/{rel}","templated":true}]}}