{"id":74526,"date":"2022-12-22T16:33:01","date_gmt":"2022-12-22T21:33:01","guid":{"rendered":"https:\/\/www.ludwig-van.com\/montreal\/?post_type=tribe_events&#038;p=74526"},"modified":"2022-12-22T16:33:01","modified_gmt":"2022-12-22T21:33:01","slug":"orchestre-classique-de-montreal-les-illuminations","status":"publish","type":"tribe_events","link":"https:\/\/www.ludwig-van.com\/montreal\/event\/orchestre-classique-de-montreal-les-illuminations\/","title":{"rendered":"Orchestre classique de Montr\u00e9al | Les Illuminations"},"content":{"rendered":"<p>Pr\u00e9sent\u00e9 dans le cadre du festival Montr\u00e9al \/ Nouvelles Musiques.<\/p>\n<p>La voix cristalline de la soprano Magali Simard-Gald\u00e8s donnera vie aux textes du po\u00e8te Arthur Rimbaud dans Les Illuminations de Britten. Quant aux Illuminations du compositeur canadien Brian Cherney, elles sont inspir\u00e9es d\u2019\u00e9l\u00e9ments du mysticisme juif. Cette \u0153uvre \u00e9vocatrice pour instruments \u00e0 cordes explore la transformation de l\u2019esprit par le biais de la m\u00e9ditation.<\/p>\n<p>Le programme comprendra aussi Variations on a Theme of Frank Bridge, consid\u00e9r\u00e9e comme l\u2019une des plus grandes \u0153uvres de Britten. Chaque mouvement t\u00e9moigne d\u2019un trait de la personnalit\u00e9 de son mentor et propose d\u2019astucieuses imitations d\u2019autres grands compositeurs.<\/p>\n","protected":false},"excerpt":{"rendered":"<p>La voix cristalline de la soprano Magali Simard-Gald\u00e8s donnera vie aux textes du po\u00e8te Arthur Rimbaud dans Les Illuminations de Britten. Quant aux Illuminations du compositeur canadien Brian Cherney, elles sont inspir\u00e9es d\u2019\u00e9l\u00e9ments du mysticisme juif.<\/p>\n","protected":false},"author":1,"featured_media":54797,"comment_status":"open","ping_status":"closed","template":"","meta":{"om_disable_all_campaigns":false,"jetpack_post_was_ever_published":false},"tags":[],"tribe_events_cat":[6487],"acf":[],"jetpack_sharing_enabled":true,"_links":{"self":[{"href":"https:\/\/www.ludwig-van.com\/montreal\/wp-json\/wp\/v2\/tribe_events\/74526"}],"collection":[{"href":"https:\/\/www.ludwig-van.com\/montreal\/wp-json\/wp\/v2\/tribe_events"}],"about":[{"href":"https:\/\/www.ludwig-van.com\/montreal\/wp-json\/wp\/v2\/types\/tribe_events"}],"author":[{"embeddable":true,"href":"https:\/\/www.ludwig-van.com\/montreal\/wp-json\/wp\/v2\/users\/1"}],"replies":[{"embeddable":true,"href":"https:\/\/www.ludwig-van.com\/montreal\/wp-json\/wp\/v2\/comments?post=74526"}],"version-history":[{"count":1,"href":"https:\/\/www.ludwig-van.com\/montreal\/wp-json\/wp\/v2\/tribe_events\/74526\/revisions"}],"predecessor-version":[{"id":74527,"href":"https:\/\/www.ludwig-van.com\/montreal\/wp-json\/wp\/v2\/tribe_events\/74526\/revisions\/74527"}],"wp:featuredmedia":[{"embeddable":true,"href":"https:\/\/www.ludwig-van.com\/montreal\/wp-json\/wp\/v2\/media\/54797"}],"wp:attachment":[{"href":"https:\/\/www.ludwig-van.com\/montreal\/wp-json\/wp\/v2\/media?parent=74526"}],"wp:term":[{"taxonomy":"post_tag","embeddable":true,"href":"https:\/\/www.ludwig-van.com\/montreal\/wp-json\/wp\/v2\/tags?post=74526"},{"taxonomy":"tribe_events_cat","embeddable":true,"href":"https:\/\/www.ludwig-van.com\/montreal\/wp-json\/wp\/v2\/tribe_events_cat?post=74526"}],"curies":[{"name":"wp","href":"https:\/\/api.w.org\/{rel}","templated":true}]}}