{"id":74467,"date":"2022-12-17T15:49:22","date_gmt":"2022-12-17T20:49:22","guid":{"rendered":"https:\/\/www.ludwig-van.com\/montreal\/?post_type=tribe_events&#038;p=74467"},"modified":"2022-12-17T15:51:15","modified_gmt":"2022-12-17T20:51:15","slug":"pro-musica-grand-piano-serhiy-salov-et-le-quatuor-pro-musica","status":"publish","type":"tribe_events","link":"https:\/\/www.ludwig-van.com\/montreal\/event\/pro-musica-grand-piano-serhiy-salov-et-le-quatuor-pro-musica\/","title":{"rendered":"Pro Musica | Grand Piano &#8211; Serhiy Salov et le Quatuor Pro Musica"},"content":{"rendered":"<div>S\u00e9rie Cartes Blanches<\/div>\n<div>Grand Piano \u2013 Serhiy Salov et le Quatuor \u00e0 cordes Pro Musica<\/div>\n<p>Serhiy Salov, piano &#8211; Pianiste d\u2019exception, Serhiy Salov se distingue par sa rigueur et sa virtuosit\u00e9. Il a travaill\u00e9 avec des chefs de renom et s\u2019est produit avec de nombreux orchestres, un peu partout dans le monde. Il a particip\u00e9 aux festivals les plus prestigieux et a re\u00e7u plusieurs prix dans divers concours internationaux.<\/p>\n<p>Quatuor \u00e0 cordes Pro Musica<br \/>\nForm\u00e9 dans le cadre de la s\u00e9rie M\u00e9lod\u00eenes, le Quatuor \u00e0 cordes Pro Musica, qui a fait sensation l\u2019an dernier, r\u00e9cidive pour un 2e r\u00e9cital, avec le pianiste Serhiy Salov. Cet ensemble est form\u00e9 de Marie B\u00e9gin et Abby Walsh au violon, Cynthia Blanchon \u00e0 l\u2019alto et de No\u00e9mie Raymond-Friset au violoncelle.<\/p>\n<p>Pour ce concert, , Serhiy Salov au piano et le Quatuor \u00e0 cordes Pro Musica, ont choisi de nous interpr\u00e9ter leur coup de c\u0153ur du r\u00e9pertoire de Mozart et Chopin.<\/p>\n","protected":false},"excerpt":{"rendered":"<p>Serhiy Salov, piano &#8211; Pianiste d\u2019exception, Serhiy Salov se distingue par sa rigueur et sa virtuosit\u00e9. Il a travaill\u00e9 avec des chefs de renom et s\u2019est produit avec de nombreux orchestres, un peu partout dans le monde.<\/p>\n","protected":false},"author":1,"featured_media":74469,"comment_status":"open","ping_status":"closed","template":"","meta":{"om_disable_all_campaigns":false,"jetpack_post_was_ever_published":false},"tags":[],"tribe_events_cat":[5024],"acf":[],"jetpack_sharing_enabled":true,"_links":{"self":[{"href":"https:\/\/www.ludwig-van.com\/montreal\/wp-json\/wp\/v2\/tribe_events\/74467"}],"collection":[{"href":"https:\/\/www.ludwig-van.com\/montreal\/wp-json\/wp\/v2\/tribe_events"}],"about":[{"href":"https:\/\/www.ludwig-van.com\/montreal\/wp-json\/wp\/v2\/types\/tribe_events"}],"author":[{"embeddable":true,"href":"https:\/\/www.ludwig-van.com\/montreal\/wp-json\/wp\/v2\/users\/1"}],"replies":[{"embeddable":true,"href":"https:\/\/www.ludwig-van.com\/montreal\/wp-json\/wp\/v2\/comments?post=74467"}],"version-history":[{"count":2,"href":"https:\/\/www.ludwig-van.com\/montreal\/wp-json\/wp\/v2\/tribe_events\/74467\/revisions"}],"predecessor-version":[{"id":74470,"href":"https:\/\/www.ludwig-van.com\/montreal\/wp-json\/wp\/v2\/tribe_events\/74467\/revisions\/74470"}],"wp:featuredmedia":[{"embeddable":true,"href":"https:\/\/www.ludwig-van.com\/montreal\/wp-json\/wp\/v2\/media\/74469"}],"wp:attachment":[{"href":"https:\/\/www.ludwig-van.com\/montreal\/wp-json\/wp\/v2\/media?parent=74467"}],"wp:term":[{"taxonomy":"post_tag","embeddable":true,"href":"https:\/\/www.ludwig-van.com\/montreal\/wp-json\/wp\/v2\/tags?post=74467"},{"taxonomy":"tribe_events_cat","embeddable":true,"href":"https:\/\/www.ludwig-van.com\/montreal\/wp-json\/wp\/v2\/tribe_events_cat?post=74467"}],"curies":[{"name":"wp","href":"https:\/\/api.w.org\/{rel}","templated":true}]}}