{"id":73928,"date":"2022-11-12T17:51:00","date_gmt":"2022-11-12T22:51:00","guid":{"rendered":"https:\/\/www.ludwig-van.com\/montreal\/?post_type=tribe_events&#038;p=73928"},"modified":"2022-11-12T17:51:00","modified_gmt":"2022-11-12T22:51:00","slug":"orchestre-symphonique-de-montreal-le-concerto-pour-piano-de-gershwin","status":"publish","type":"tribe_events","link":"https:\/\/www.ludwig-van.com\/montreal\/event\/orchestre-symphonique-de-montreal-le-concerto-pour-piano-de-gershwin\/2023-02-28\/","title":{"rendered":"Orchestre symphonique de Montr\u00e9al | Le concerto pour piano de Gershwin"},"content":{"rendered":"<p>Un jeu d\u2019influences et de filiations musicales unit les \u0153uvres de ce programme, d\u2019un c\u00f4t\u00e9 et de l\u2019autre de l\u2019Atlantique. Tant Petrouchka que Daphnis et Chlo\u00e9 ont \u00e9t\u00e9 compos\u00e9es pour les Ballets russes de Sergue\u00ef Diaghilev, tandis que l\u2019esth\u00e9tique russe rejaillit dans le Concerto en fa de Gershwin, cr\u00e9\u00e9 en 1925. Outre ses accents slaves, le Concerto nous plonge dans l\u2019ambiance des ann\u00e9es 1920 aux \u00c9tats-Unis, entre blues et charleston. Des \u00e9tudiants en musique issus de l\u2019enseignement sup\u00e9rieur se joindront aux musiciens de l\u2019Orchestre dans Petrouchka de Stravinsky.<\/p>\n","protected":false},"excerpt":{"rendered":"<p>Un jeu d\u2019influences et de filiations musicales unit les \u0153uvres de ce programme, d\u2019un c\u00f4t\u00e9 et de l\u2019autre de l\u2019Atlantique. <\/p>\n","protected":false},"author":1,"featured_media":73931,"comment_status":"open","ping_status":"closed","template":"","meta":{"om_disable_all_campaigns":false,"jetpack_post_was_ever_published":false},"tags":[],"tribe_events_cat":[6487],"acf":[],"jetpack_sharing_enabled":true,"_links":{"self":[{"href":"https:\/\/www.ludwig-van.com\/montreal\/wp-json\/wp\/v2\/tribe_events\/73928"}],"collection":[{"href":"https:\/\/www.ludwig-van.com\/montreal\/wp-json\/wp\/v2\/tribe_events"}],"about":[{"href":"https:\/\/www.ludwig-van.com\/montreal\/wp-json\/wp\/v2\/types\/tribe_events"}],"author":[{"embeddable":true,"href":"https:\/\/www.ludwig-van.com\/montreal\/wp-json\/wp\/v2\/users\/1"}],"replies":[{"embeddable":true,"href":"https:\/\/www.ludwig-van.com\/montreal\/wp-json\/wp\/v2\/comments?post=73928"}],"version-history":[{"count":1,"href":"https:\/\/www.ludwig-van.com\/montreal\/wp-json\/wp\/v2\/tribe_events\/73928\/revisions"}],"predecessor-version":[{"id":73929,"href":"https:\/\/www.ludwig-van.com\/montreal\/wp-json\/wp\/v2\/tribe_events\/73928\/revisions\/73929"}],"wp:featuredmedia":[{"embeddable":true,"href":"https:\/\/www.ludwig-van.com\/montreal\/wp-json\/wp\/v2\/media\/73931"}],"wp:attachment":[{"href":"https:\/\/www.ludwig-van.com\/montreal\/wp-json\/wp\/v2\/media?parent=73928"}],"wp:term":[{"taxonomy":"post_tag","embeddable":true,"href":"https:\/\/www.ludwig-van.com\/montreal\/wp-json\/wp\/v2\/tags?post=73928"},{"taxonomy":"tribe_events_cat","embeddable":true,"href":"https:\/\/www.ludwig-van.com\/montreal\/wp-json\/wp\/v2\/tribe_events_cat?post=73928"}],"curies":[{"name":"wp","href":"https:\/\/api.w.org\/{rel}","templated":true}]}}