{"id":73730,"date":"2022-11-03T11:15:24","date_gmt":"2022-11-03T15:15:24","guid":{"rendered":"https:\/\/www.ludwig-van.com\/montreal\/?post_type=tribe_events&#038;p=73730"},"modified":"2022-11-03T11:15:24","modified_gmt":"2022-11-03T15:15:24","slug":"philip-glass-ensemble-explorations-theater-film","status":"publish","type":"tribe_events","link":"https:\/\/www.ludwig-van.com\/montreal\/event\/philip-glass-ensemble-explorations-theater-film\/","title":{"rendered":"The Philip Glass Ensemble : Explorations in Theater and Film"},"content":{"rendered":"<p>Aux c\u00f4t\u00e9s d\u2019extraits d\u2019\u0153uvres mythiques, notamment Koyaanisqatsi, Glassworks et Einstein on the Beach, l\u2019Ensemble Philip Glass pr\u00e9sente la cr\u00e9ation canadienne de Music in Eight Parts, 50 ans apr\u00e8s sa composition. Une occasion exceptionnelle d\u2019entendre cette \u0153uvre retrouv\u00e9e de Philip Glass !<\/p>\n<p>Le Philip Glass Ensemble est l\u2019interpr\u00e8te exclusif de son r\u00e9pertoire. Veuillez noter que Philip Glass lui-m\u00eame ne se produira pas dans le cadre de ce concert. En vertu de dispositions sp\u00e9ciales avec Philip Glass et Dunvagen Music Publishers, Inc.<\/p>\n<p>MUSICIENS<br \/>\nLe Philip Glass Ensemble<\/p>\n<p>Programme<br \/>\nThe Grid, de Koyaanisqatsi<br \/>\nFa\u00e7ades, de Glassworks<br \/>\nMusic in Eight Parts<br \/>\nActe III de The Photographer<br \/>\nExtraits d\u2019Einstein on the Beach<\/p>\n<p>En vertu de dispositions sp\u00e9ciales avec Philip Glass et Dunvagen Music Publishers, Inc.<\/p>\n<p class=\"text-short text-current-from-xs line-height-tight line-height-normal-from-xs\">Grand public : 100 $<br \/>\nMembres du Mus\u00e9e : 85 $<br \/>\n34 et moins : 52 $<\/p>\n","protected":false},"excerpt":{"rendered":"<p>Aux c\u00f4t\u00e9s d\u2019extraits d\u2019\u0153uvres mythiques, notamment Koyaanisqatsi, Glassworks et Einstein on the Beach, l\u2019Ensemble Philip Glass pr\u00e9sente la cr\u00e9ation canadienne de Music in Eight Parts, 50 ans apr\u00e8s sa composition. Une occasion exceptionnelle d\u2019entendre cette \u0153uvre retrouv\u00e9e de Philip Glass !<\/p>\n","protected":false},"author":1,"featured_media":61292,"comment_status":"open","ping_status":"closed","template":"","meta":{"om_disable_all_campaigns":false,"jetpack_post_was_ever_published":false},"tags":[],"tribe_events_cat":[],"acf":[],"jetpack_sharing_enabled":true,"_links":{"self":[{"href":"https:\/\/www.ludwig-van.com\/montreal\/wp-json\/wp\/v2\/tribe_events\/73730"}],"collection":[{"href":"https:\/\/www.ludwig-van.com\/montreal\/wp-json\/wp\/v2\/tribe_events"}],"about":[{"href":"https:\/\/www.ludwig-van.com\/montreal\/wp-json\/wp\/v2\/types\/tribe_events"}],"author":[{"embeddable":true,"href":"https:\/\/www.ludwig-van.com\/montreal\/wp-json\/wp\/v2\/users\/1"}],"replies":[{"embeddable":true,"href":"https:\/\/www.ludwig-van.com\/montreal\/wp-json\/wp\/v2\/comments?post=73730"}],"version-history":[{"count":1,"href":"https:\/\/www.ludwig-van.com\/montreal\/wp-json\/wp\/v2\/tribe_events\/73730\/revisions"}],"predecessor-version":[{"id":73731,"href":"https:\/\/www.ludwig-van.com\/montreal\/wp-json\/wp\/v2\/tribe_events\/73730\/revisions\/73731"}],"wp:featuredmedia":[{"embeddable":true,"href":"https:\/\/www.ludwig-van.com\/montreal\/wp-json\/wp\/v2\/media\/61292"}],"wp:attachment":[{"href":"https:\/\/www.ludwig-van.com\/montreal\/wp-json\/wp\/v2\/media?parent=73730"}],"wp:term":[{"taxonomy":"post_tag","embeddable":true,"href":"https:\/\/www.ludwig-van.com\/montreal\/wp-json\/wp\/v2\/tags?post=73730"},{"taxonomy":"tribe_events_cat","embeddable":true,"href":"https:\/\/www.ludwig-van.com\/montreal\/wp-json\/wp\/v2\/tribe_events_cat?post=73730"}],"curies":[{"name":"wp","href":"https:\/\/api.w.org\/{rel}","templated":true}]}}