{"id":73199,"date":"2022-10-03T09:25:34","date_gmt":"2022-10-03T13:25:34","guid":{"rendered":"https:\/\/www.ludwig-van.com\/montreal\/?post_type=tribe_events&#038;p=73199"},"modified":"2023-05-22T08:36:03","modified_gmt":"2023-05-22T12:36:03","slug":"orchestre-symphonique-de-montreal-losl-la-msm","status":"publish","type":"tribe_events","link":"https:\/\/www.ludwig-van.com\/montreal\/event\/orchestre-symphonique-de-montreal-losl-la-msm\/","title":{"rendered":"Orchestre symphonique de Montr\u00e9al | L&rsquo;OSL \u00e0 la MSM"},"content":{"rendered":"<h3>Pr\u00e9sent\u00e9 par Groupe Canimex<\/h3>\n<p>Deux \u0153uvres riches en \u00e9motions pour ce dernier concert de la saison! D\u2019une part, la voix riche et profonde du violoncelle dans le r\u00f4le de Don Quixote, h\u00e9ros chevaleresque, qui vous fera vivre une multitude d\u2019aventures sous la direction de Jacques Lacombe.<\/p>\n<p>R. Strauss,\u00a0Don Quixote, po\u00e8me symphonique, op. 35<\/p>\n<p>Camille Saint-Sa\u00ebns: Symphonie no 3<\/p>\n","protected":false},"excerpt":{"rendered":"<p>Pr\u00e9sent\u00e9 par Groupe Canimex Deux \u0153uvres riches en \u00e9motions pour ce dernier concert de la saison! D\u2019une part, la voix riche et profonde du violoncelle dans le r\u00f4le de Don Quixote, h\u00e9ros chevaleresque, qui vous fera vivre une multitude d\u2019aventures sous la direction de Jacques Lacombe. R. Strauss,\u00a0Don Quixote, po\u00e8me symphonique, op. 35 Camille Saint-Sa\u00ebns: [&hellip;]<\/p>\n","protected":false},"author":1,"featured_media":73201,"comment_status":"open","ping_status":"closed","template":"","meta":{"om_disable_all_campaigns":false,"jetpack_post_was_ever_published":false},"tags":[],"tribe_events_cat":[6487],"acf":[],"jetpack_sharing_enabled":true,"_links":{"self":[{"href":"https:\/\/www.ludwig-van.com\/montreal\/wp-json\/wp\/v2\/tribe_events\/73199"}],"collection":[{"href":"https:\/\/www.ludwig-van.com\/montreal\/wp-json\/wp\/v2\/tribe_events"}],"about":[{"href":"https:\/\/www.ludwig-van.com\/montreal\/wp-json\/wp\/v2\/types\/tribe_events"}],"author":[{"embeddable":true,"href":"https:\/\/www.ludwig-van.com\/montreal\/wp-json\/wp\/v2\/users\/1"}],"replies":[{"embeddable":true,"href":"https:\/\/www.ludwig-van.com\/montreal\/wp-json\/wp\/v2\/comments?post=73199"}],"version-history":[{"count":2,"href":"https:\/\/www.ludwig-van.com\/montreal\/wp-json\/wp\/v2\/tribe_events\/73199\/revisions"}],"predecessor-version":[{"id":76096,"href":"https:\/\/www.ludwig-van.com\/montreal\/wp-json\/wp\/v2\/tribe_events\/73199\/revisions\/76096"}],"wp:featuredmedia":[{"embeddable":true,"href":"https:\/\/www.ludwig-van.com\/montreal\/wp-json\/wp\/v2\/media\/73201"}],"wp:attachment":[{"href":"https:\/\/www.ludwig-van.com\/montreal\/wp-json\/wp\/v2\/media?parent=73199"}],"wp:term":[{"taxonomy":"post_tag","embeddable":true,"href":"https:\/\/www.ludwig-van.com\/montreal\/wp-json\/wp\/v2\/tags?post=73199"},{"taxonomy":"tribe_events_cat","embeddable":true,"href":"https:\/\/www.ludwig-van.com\/montreal\/wp-json\/wp\/v2\/tribe_events_cat?post=73199"}],"curies":[{"name":"wp","href":"https:\/\/api.w.org\/{rel}","templated":true}]}}