{"id":73195,"date":"2022-10-03T09:13:13","date_gmt":"2022-10-03T13:13:13","guid":{"rendered":"https:\/\/www.ludwig-van.com\/montreal\/?post_type=tribe_events&#038;p=73195"},"modified":"2022-10-03T09:13:13","modified_gmt":"2022-10-03T13:13:13","slug":"orchestre-symphonique-de-laval-femmes","status":"publish","type":"tribe_events","link":"https:\/\/www.ludwig-van.com\/montreal\/event\/orchestre-symphonique-de-laval-femmes\/","title":{"rendered":"Orchestre symphonique de Laval | Femmes"},"content":{"rendered":"<p>Trop longtemps les femmes ont \u00e9t\u00e9 \u00e9cart\u00e9es de l\u2019histoire de la musique. C\u2019est avec un immense plaisir que l\u2019Orchestre vous convie \u00e0 ce concert consacr\u00e9 uniquement aux \u0153uvres de compositrices! Parions qu\u2019apr\u00e8s avoir entendu le talent de ces femmes, vous n\u2019aurez qu\u2019une envie : partir \u00e0 la d\u00e9couverte de tout ce r\u00e9pertoire encore trop m\u00e9connu!<\/p>\n<p>A. Mahler (arr. J. Panula),\u00a0Vier Lieder<\/p>\n<p>\u200bA. Mahler (arr. J. Panula),\u00a0\u00ab Leise weht eine erste Bluhn \u00bb<\/p>\n<p>\u200bA. Mahler (arr. J. Panula),\u00a0\u00ab Kennst du meine N\u00e4chte? \u00bb<\/p>\n<p>\u200bIna Boyle,\u00a0Symphonie No. 1, \u00ab Glencree \u00bb<\/p>\n<p>\u200bLouise Farrenc,\u00a0Symphonie No. 3<\/p>\n","protected":false},"excerpt":{"rendered":"<p>Trop longtemps les femmes ont \u00e9t\u00e9 \u00e9cart\u00e9es de l\u2019histoire de la musique. C\u2019est avec un immense plaisir que l\u2019Orchestre vous convie \u00e0 ce concert consacr\u00e9 uniquement aux \u0153uvres de compositrices!<\/p>\n","protected":false},"author":1,"featured_media":73198,"comment_status":"open","ping_status":"closed","template":"","meta":{"om_disable_all_campaigns":false,"jetpack_post_was_ever_published":false},"tags":[],"tribe_events_cat":[6487],"acf":[],"jetpack_sharing_enabled":true,"_links":{"self":[{"href":"https:\/\/www.ludwig-van.com\/montreal\/wp-json\/wp\/v2\/tribe_events\/73195"}],"collection":[{"href":"https:\/\/www.ludwig-van.com\/montreal\/wp-json\/wp\/v2\/tribe_events"}],"about":[{"href":"https:\/\/www.ludwig-van.com\/montreal\/wp-json\/wp\/v2\/types\/tribe_events"}],"author":[{"embeddable":true,"href":"https:\/\/www.ludwig-van.com\/montreal\/wp-json\/wp\/v2\/users\/1"}],"replies":[{"embeddable":true,"href":"https:\/\/www.ludwig-van.com\/montreal\/wp-json\/wp\/v2\/comments?post=73195"}],"version-history":[{"count":2,"href":"https:\/\/www.ludwig-van.com\/montreal\/wp-json\/wp\/v2\/tribe_events\/73195\/revisions"}],"predecessor-version":[{"id":73197,"href":"https:\/\/www.ludwig-van.com\/montreal\/wp-json\/wp\/v2\/tribe_events\/73195\/revisions\/73197"}],"wp:featuredmedia":[{"embeddable":true,"href":"https:\/\/www.ludwig-van.com\/montreal\/wp-json\/wp\/v2\/media\/73198"}],"wp:attachment":[{"href":"https:\/\/www.ludwig-van.com\/montreal\/wp-json\/wp\/v2\/media?parent=73195"}],"wp:term":[{"taxonomy":"post_tag","embeddable":true,"href":"https:\/\/www.ludwig-van.com\/montreal\/wp-json\/wp\/v2\/tags?post=73195"},{"taxonomy":"tribe_events_cat","embeddable":true,"href":"https:\/\/www.ludwig-van.com\/montreal\/wp-json\/wp\/v2\/tribe_events_cat?post=73195"}],"curies":[{"name":"wp","href":"https:\/\/api.w.org\/{rel}","templated":true}]}}