{"id":73007,"date":"2022-09-21T15:39:07","date_gmt":"2022-09-21T19:39:07","guid":{"rendered":"https:\/\/www.ludwig-van.com\/montreal\/?post_type=tribe_events&#038;p=73007"},"modified":"2022-09-21T15:39:07","modified_gmt":"2022-09-21T19:39:07","slug":"les-idees-heureuses-chaconne-et-chocolat-delectations-italiennes","status":"publish","type":"tribe_events","link":"https:\/\/www.ludwig-van.com\/montreal\/event\/les-idees-heureuses-chaconne-et-chocolat-delectations-italiennes\/","title":{"rendered":"Les Id\u00e9es heureuses &#8211; Chaconne et chocolat : D\u00e9lectations italiennes"},"content":{"rendered":"<h3 class=\"text-short text-current-from-xs line-height-tight line-height-normal-from-xs\">Carte blanche \u00e0 Doroth\u00e9a Ventura<\/h3>\n<p class=\"margin-top-thinner margin-top-broad-from-xs text-short text-current-from-xs line-height-tight line-height-normal-from-xs\" dir=\"ltr\">Suite au succ\u00e8s de sa premi\u00e8re \u00e9dition, le concert Chaconne et chocolat nous plonge \u00e0 nouveau dans l\u2019univers envoutant de la chaconne mais cette fois-ci, en Italie au 17e si\u00e8cle. La chaconne, danse tr\u00e8s pris\u00e9e pendant plusieurs si\u00e8cles, fascine par la simplicit\u00e9 de sa composition : un motif de basse continuellement r\u00e9p\u00e9t\u00e9 tout le long de l\u2019\u0153uvre, de fa\u00e7on presque hypnotisante, sur laquelle viennent se poser une ou plusieurs voix qui peuvent ainsi fleurir, discourir ou \u00eatre improvis\u00e9es. En Italie, la chaconne sera marqu\u00e9e du sceau de la virtuosit\u00e9 extr\u00eame de ces voix sup\u00e9rieures.<\/p>\n<p class=\"margin-top-thinner margin-top-broad-from-xs text-short text-current-from-xs line-height-tight line-height-normal-from-xs\" dir=\"ltr\">Magnifiant cette forme musicale offrant tant de possibilit\u00e9s expressives, le concert Chaconne et chocolat : d\u00e9lectations italiennes propose une suite de chaconnes vocales et instrumentales, regroup\u00e9es par th\u00e8mes, faisant place \u00e0 la cr\u00e9ativit\u00e9 et virtuosit\u00e9 d\u00e9bordantes des interpr\u00e8tes\u2026 une soir\u00e9e de pur plaisir!<\/p>\n<p class=\"margin-top-thinner margin-top-broad-from-xs text-short text-current-from-xs line-height-tight line-height-normal-from-xs\">Et pourquoi le chocolat ? Tous ceux qui ont go\u00fbt\u00e9 \u00e0 la chaconne connaissent la difficult\u00e9 de se r\u00e9soudre \u00e0 ce qu\u2019elle se termine, tel un chocolat qui fond. G\u00e2terie suivant la d\u00e9lectation, des chocolats propos\u00e9s au public \u00e0 la fin du concert prolongeront l\u2019exp\u00e9rience de concert.<\/p>\n<p class=\"margin-top-thinner margin-top-broad-from-xs text-short text-current-from-xs line-height-tight line-height-normal-from-xs\"><em>\u00a0<\/em><\/p>\n","protected":false},"excerpt":{"rendered":"<p>Suite au succ\u00e8s de sa premi\u00e8re \u00e9dition, le concert Chaconne et chocolat nous plonge \u00e0 nouveau dans l\u2019univers envoutant de la chaconne mais cette fois-ci, en Italie au 17e si\u00e8cle. La chaconne, danse tr\u00e8s pris\u00e9e pendant plusieurs si\u00e8cles, fascine par la simplicit\u00e9 de sa composition : un motif de basse continuellement r\u00e9p\u00e9t\u00e9 tout le long de l\u2019\u0153uvre, de fa\u00e7on presque hypnotisante, sur laquelle viennent se poser une ou plusieurs voix qui peuvent ainsi fleurir, discourir ou \u00eatre improvis\u00e9es.<\/p>\n","protected":false},"author":1,"featured_media":73009,"comment_status":"open","ping_status":"closed","template":"","meta":{"om_disable_all_campaigns":false,"jetpack_post_was_ever_published":false},"tags":[],"tribe_events_cat":[],"acf":[],"jetpack_sharing_enabled":true,"_links":{"self":[{"href":"https:\/\/www.ludwig-van.com\/montreal\/wp-json\/wp\/v2\/tribe_events\/73007"}],"collection":[{"href":"https:\/\/www.ludwig-van.com\/montreal\/wp-json\/wp\/v2\/tribe_events"}],"about":[{"href":"https:\/\/www.ludwig-van.com\/montreal\/wp-json\/wp\/v2\/types\/tribe_events"}],"author":[{"embeddable":true,"href":"https:\/\/www.ludwig-van.com\/montreal\/wp-json\/wp\/v2\/users\/1"}],"replies":[{"embeddable":true,"href":"https:\/\/www.ludwig-van.com\/montreal\/wp-json\/wp\/v2\/comments?post=73007"}],"version-history":[{"count":1,"href":"https:\/\/www.ludwig-van.com\/montreal\/wp-json\/wp\/v2\/tribe_events\/73007\/revisions"}],"predecessor-version":[{"id":73008,"href":"https:\/\/www.ludwig-van.com\/montreal\/wp-json\/wp\/v2\/tribe_events\/73007\/revisions\/73008"}],"wp:featuredmedia":[{"embeddable":true,"href":"https:\/\/www.ludwig-van.com\/montreal\/wp-json\/wp\/v2\/media\/73009"}],"wp:attachment":[{"href":"https:\/\/www.ludwig-van.com\/montreal\/wp-json\/wp\/v2\/media?parent=73007"}],"wp:term":[{"taxonomy":"post_tag","embeddable":true,"href":"https:\/\/www.ludwig-van.com\/montreal\/wp-json\/wp\/v2\/tags?post=73007"},{"taxonomy":"tribe_events_cat","embeddable":true,"href":"https:\/\/www.ludwig-van.com\/montreal\/wp-json\/wp\/v2\/tribe_events_cat?post=73007"}],"curies":[{"name":"wp","href":"https:\/\/api.w.org\/{rel}","templated":true}]}}