{"id":72850,"date":"2022-09-14T18:04:48","date_gmt":"2022-09-14T22:04:48","guid":{"rendered":"https:\/\/www.ludwig-van.com\/montreal\/?post_type=tribe_events&#038;p=72850"},"modified":"2022-09-14T18:04:48","modified_gmt":"2022-09-14T22:04:48","slug":"les-boreades-quantz-250","status":"publish","type":"tribe_events","link":"https:\/\/www.ludwig-van.com\/montreal\/event\/les-boreades-quantz-250\/","title":{"rendered":"Les Bor\u00e9ades | Quantz 250"},"content":{"rendered":"<p>Les anniversaires offrent de magnifiques pr\u00e9textes \u00e0 concerts! En 2023, nous comm\u00e9morerons celui de la mort, en 1773, de Johann Joachim Quantz. Son \u0153uvre, essentiellement d\u00e9volue \u00e0 la fl\u00fbte traversi\u00e8re, et sa carri\u00e8re sont associ\u00e9es \u00e0 Fr\u00e9d\u00e9ric II, roi de Prusse, auquel il a enseign\u00e9 son instrument avant de devenir, \u00e0 Berlin, Potsdam et Sanssouci, le pourvoyeur et l\u2019organisateur des soir\u00e9es musicales quotidiennes o\u00f9 le roi joue devant ses invit\u00e9s, accompagn\u00e9 par une phalange de musiciens choisis. R\u00e9servant \u00e0 la traversi\u00e8re des pages tendres, sereines, joyeuses ou enlev\u00e9es, Quantz montre un sens m\u00e9lodique remarquable et sensible, dans des constructions rigoureuses et vari\u00e9es. Au programme, des quatuors pour fl\u00fbte, violon, alto et basse continue ainsi qu\u2019un concerto pour\u2026 fl\u00fbte.<\/p>\n","protected":false},"excerpt":{"rendered":"<p>Les anniversaires offrent de magnifiques pr\u00e9textes \u00e0 concerts! En 2023, nous comm\u00e9morerons celui de la mort, en 1773, de Johann Joachim Quantz.<\/p>\n","protected":false},"author":1,"featured_media":72854,"comment_status":"open","ping_status":"closed","template":"","meta":{"om_disable_all_campaigns":false,"jetpack_post_was_ever_published":false},"tags":[],"tribe_events_cat":[],"acf":[],"jetpack_sharing_enabled":true,"_links":{"self":[{"href":"https:\/\/www.ludwig-van.com\/montreal\/wp-json\/wp\/v2\/tribe_events\/72850"}],"collection":[{"href":"https:\/\/www.ludwig-van.com\/montreal\/wp-json\/wp\/v2\/tribe_events"}],"about":[{"href":"https:\/\/www.ludwig-van.com\/montreal\/wp-json\/wp\/v2\/types\/tribe_events"}],"author":[{"embeddable":true,"href":"https:\/\/www.ludwig-van.com\/montreal\/wp-json\/wp\/v2\/users\/1"}],"replies":[{"embeddable":true,"href":"https:\/\/www.ludwig-van.com\/montreal\/wp-json\/wp\/v2\/comments?post=72850"}],"version-history":[{"count":1,"href":"https:\/\/www.ludwig-van.com\/montreal\/wp-json\/wp\/v2\/tribe_events\/72850\/revisions"}],"predecessor-version":[{"id":72851,"href":"https:\/\/www.ludwig-van.com\/montreal\/wp-json\/wp\/v2\/tribe_events\/72850\/revisions\/72851"}],"wp:featuredmedia":[{"embeddable":true,"href":"https:\/\/www.ludwig-van.com\/montreal\/wp-json\/wp\/v2\/media\/72854"}],"wp:attachment":[{"href":"https:\/\/www.ludwig-van.com\/montreal\/wp-json\/wp\/v2\/media?parent=72850"}],"wp:term":[{"taxonomy":"post_tag","embeddable":true,"href":"https:\/\/www.ludwig-van.com\/montreal\/wp-json\/wp\/v2\/tags?post=72850"},{"taxonomy":"tribe_events_cat","embeddable":true,"href":"https:\/\/www.ludwig-van.com\/montreal\/wp-json\/wp\/v2\/tribe_events_cat?post=72850"}],"curies":[{"name":"wp","href":"https:\/\/api.w.org\/{rel}","templated":true}]}}