{"id":72812,"date":"2022-09-13T21:37:23","date_gmt":"2022-09-14T01:37:23","guid":{"rendered":"https:\/\/www.ludwig-van.com\/montreal\/?post_type=tribe_events&#038;p=72812"},"modified":"2022-09-13T21:37:23","modified_gmt":"2022-09-14T01:37:23","slug":"lorchestre-de-luniversite-de-montreal-la-chauve-souris-de-johann-strauss-ii","status":"publish","type":"tribe_events","link":"https:\/\/www.ludwig-van.com\/montreal\/event\/lorchestre-de-luniversite-de-montreal-la-chauve-souris-de-johann-strauss-ii\/2023-02-23\/","title":{"rendered":"L&rsquo;Orchestre de l&rsquo;Universit\u00e9 de Montr\u00e9al | La chauve-souris de Johann Strauss II"},"content":{"rendered":"<p>Dans un \u00e9tourdissant tourbillon de valses, de polkas et de czardas, La chauve-souris de Johann Strauss II nous entra\u00eene dans une histoire pleine de rebondissements et de quiproquos, illustr\u00e9e par une musique raffin\u00e9e et p\u00e9tillante comme du champagne! N\u00e9anmoins, derri\u00e8re le c\u00f4t\u00e9 rocambolesque du livret se cache une critique grin\u00e7ante de la bourgeoisie viennoise d\u00e9cadente, de ses m\u0153urs libertines, de son insatiable app\u00e9tit de divertissement et de ses faux airs aristocratiques. Au c\u0153ur de l\u2019intrigue : une vengeance longuement m\u00e9dit\u00e9e. Quant au r\u00f4le jou\u00e9 par la chauve-souris?<\/p>\n<p>C\u2019est ce que l\u2019on d\u00e9couvrira en f\u00e9vrier prochain avec le chef Jean-Fran\u00e7ois Rivest, l\u2019Orchestre et l\u2019Atelier d\u2019op\u00e9ra de l\u2019Universit\u00e9 de Montr\u00e9al, dans une mise en sc\u00e8ne de Fran\u00e7ois Racine.<\/p>\n","protected":false},"excerpt":{"rendered":"<p>Dans un \u00e9tourdissant tourbillon de valses, de polkas et de czardas, La chauve-souris de Johann Strauss II nous entra\u00eene dans une histoire pleine de rebondissements et de quiproquos, illustr\u00e9e par une musique raffin\u00e9e et p\u00e9tillante comme du champagne!<\/p>\n","protected":false},"author":1,"featured_media":72817,"comment_status":"open","ping_status":"closed","template":"","meta":{"om_disable_all_campaigns":false,"jetpack_post_was_ever_published":false},"tags":[],"tribe_events_cat":[6487],"acf":[],"jetpack_sharing_enabled":true,"_links":{"self":[{"href":"https:\/\/www.ludwig-van.com\/montreal\/wp-json\/wp\/v2\/tribe_events\/72812"}],"collection":[{"href":"https:\/\/www.ludwig-van.com\/montreal\/wp-json\/wp\/v2\/tribe_events"}],"about":[{"href":"https:\/\/www.ludwig-van.com\/montreal\/wp-json\/wp\/v2\/types\/tribe_events"}],"author":[{"embeddable":true,"href":"https:\/\/www.ludwig-van.com\/montreal\/wp-json\/wp\/v2\/users\/1"}],"replies":[{"embeddable":true,"href":"https:\/\/www.ludwig-van.com\/montreal\/wp-json\/wp\/v2\/comments?post=72812"}],"version-history":[{"count":1,"href":"https:\/\/www.ludwig-van.com\/montreal\/wp-json\/wp\/v2\/tribe_events\/72812\/revisions"}],"predecessor-version":[{"id":72813,"href":"https:\/\/www.ludwig-van.com\/montreal\/wp-json\/wp\/v2\/tribe_events\/72812\/revisions\/72813"}],"wp:featuredmedia":[{"embeddable":true,"href":"https:\/\/www.ludwig-van.com\/montreal\/wp-json\/wp\/v2\/media\/72817"}],"wp:attachment":[{"href":"https:\/\/www.ludwig-van.com\/montreal\/wp-json\/wp\/v2\/media?parent=72812"}],"wp:term":[{"taxonomy":"post_tag","embeddable":true,"href":"https:\/\/www.ludwig-van.com\/montreal\/wp-json\/wp\/v2\/tags?post=72812"},{"taxonomy":"tribe_events_cat","embeddable":true,"href":"https:\/\/www.ludwig-van.com\/montreal\/wp-json\/wp\/v2\/tribe_events_cat?post=72812"}],"curies":[{"name":"wp","href":"https:\/\/api.w.org\/{rel}","templated":true}]}}