{"id":72792,"date":"2022-09-13T20:46:38","date_gmt":"2022-09-14T00:46:38","guid":{"rendered":"https:\/\/www.ludwig-van.com\/montreal\/?post_type=tribe_events&#038;p=72792"},"modified":"2022-09-13T20:46:38","modified_gmt":"2022-09-14T00:46:38","slug":"lorchestre-de-luniversite-de-montreal-loum-et-le-sacre-du-printemps","status":"publish","type":"tribe_events","link":"https:\/\/www.ludwig-van.com\/montreal\/event\/lorchestre-de-luniversite-de-montreal-loum-et-le-sacre-du-printemps\/","title":{"rendered":"L&rsquo;orchestre de l&rsquo;Universit\u00e9 de Montr\u00e9al | L&rsquo;OUM et le Sacre du printemps"},"content":{"rendered":"<p>Pierre angulaire de la modernit\u00e9, Le sacre du printemps de Stravinsky d\u00e9clencha, \u00e0 sa cr\u00e9ation, l\u2019un de plus grands scandales de l\u2019histoire de la musique. Dot\u00e9e d\u2019une incomparable puissance rythmique, lib\u00e9rant une farouche \u00e9nergie, l\u2019\u0153uvre a apport\u00e9 du sang neuf au langage musical du d\u00e9but du 20e si\u00e8cle en op\u00e9rant une franche rupture avec la tradition symphonique.<\/p>\n<p>Les subtilit\u00e9s harmoniques et les recherches formelles men\u00e9es par Sibelius dans sa Cinqui\u00e8me symphonie font de cette \u0153uvre dense et puissante l\u2019une des symphonies les plus appr\u00e9ci\u00e9es du compositeur. Le chef Jean-Fran\u00e7ois Rivest a con\u00e7u ce programme comme un hommage au concert donn\u00e9 par Leonard Bernstein avec le London Symphony Orchestra en novembre 1966.<\/p>\n","protected":false},"excerpt":{"rendered":"<p>Pierre angulaire de la modernit\u00e9, Le sacre du printemps de Stravinsky d\u00e9clencha, \u00e0 sa cr\u00e9ation, l\u2019un de plus grands scandales de l\u2019histoire de la musique.<\/p>\n","protected":false},"author":1,"featured_media":72794,"comment_status":"open","ping_status":"closed","template":"","meta":{"om_disable_all_campaigns":false,"jetpack_post_was_ever_published":false},"tags":[],"tribe_events_cat":[6487],"acf":[],"jetpack_sharing_enabled":true,"_links":{"self":[{"href":"https:\/\/www.ludwig-van.com\/montreal\/wp-json\/wp\/v2\/tribe_events\/72792"}],"collection":[{"href":"https:\/\/www.ludwig-van.com\/montreal\/wp-json\/wp\/v2\/tribe_events"}],"about":[{"href":"https:\/\/www.ludwig-van.com\/montreal\/wp-json\/wp\/v2\/types\/tribe_events"}],"author":[{"embeddable":true,"href":"https:\/\/www.ludwig-van.com\/montreal\/wp-json\/wp\/v2\/users\/1"}],"replies":[{"embeddable":true,"href":"https:\/\/www.ludwig-van.com\/montreal\/wp-json\/wp\/v2\/comments?post=72792"}],"version-history":[{"count":1,"href":"https:\/\/www.ludwig-van.com\/montreal\/wp-json\/wp\/v2\/tribe_events\/72792\/revisions"}],"predecessor-version":[{"id":72793,"href":"https:\/\/www.ludwig-van.com\/montreal\/wp-json\/wp\/v2\/tribe_events\/72792\/revisions\/72793"}],"wp:featuredmedia":[{"embeddable":true,"href":"https:\/\/www.ludwig-van.com\/montreal\/wp-json\/wp\/v2\/media\/72794"}],"wp:attachment":[{"href":"https:\/\/www.ludwig-van.com\/montreal\/wp-json\/wp\/v2\/media?parent=72792"}],"wp:term":[{"taxonomy":"post_tag","embeddable":true,"href":"https:\/\/www.ludwig-van.com\/montreal\/wp-json\/wp\/v2\/tags?post=72792"},{"taxonomy":"tribe_events_cat","embeddable":true,"href":"https:\/\/www.ludwig-van.com\/montreal\/wp-json\/wp\/v2\/tribe_events_cat?post=72792"}],"curies":[{"name":"wp","href":"https:\/\/api.w.org\/{rel}","templated":true}]}}