{"id":72784,"date":"2022-09-13T20:29:45","date_gmt":"2022-09-14T00:29:45","guid":{"rendered":"https:\/\/www.ludwig-van.com\/montreal\/?post_type=tribe_events&#038;p=72784"},"modified":"2022-09-13T20:29:45","modified_gmt":"2022-09-14T00:29:45","slug":"lorchestre-de-luniversite-de-montreal-de-georges-gershwin-duke-ellington","status":"publish","type":"tribe_events","link":"https:\/\/www.ludwig-van.com\/montreal\/event\/lorchestre-de-luniversite-de-montreal-de-georges-gershwin-duke-ellington\/","title":{"rendered":"L&rsquo;Orchestre de l&rsquo;Universit\u00e9 de Montr\u00e9al | De Georges Gershwin \u00e0 Duke Ellington"},"content":{"rendered":"<p>Dans un esprit d\u2019ouverture, la Facult\u00e9 de musique sort de ses murs et investit la Place des Arts! Sous la direction de Jean-Fran\u00e7ois Rivest et mettant en lumi\u00e8re le trompettiste Ron Di Lauro, l\u2019Orchestre de l\u2019Universit\u00e9 de Montr\u00e9al, des membres du Big Band de l\u2019UdeM et l\u2019Orchestre de chambre jazz vous proposent un apr\u00e8s-midi alliant musique symphonique, jazz et musiques du monde.<\/p>\n<p>Adapt\u00e9 pour orchestre par Beno\u00eet Groulx, l\u2019arrangement inventif de Gil Evans pour l\u2019album Porgy and Bess de Miles Davis mettra en valeur les qualit\u00e9s des interpr\u00e8tes de la Facult\u00e9 de musique. Duke Ellington sera \u00e9galement \u00e0 l\u2019honneur avec un extrait de Far East Suite dont l\u2019orchestration raffin\u00e9e est teint\u00e9e d\u2019un exotisme subtil. Quant \u00e0 Ellington Portrait, il r\u00e9unit quelques-unes des pi\u00e8ces les plus repr\u00e9sentatives du compositeur, arrang\u00e9es par Josef Tyzik. Entre cr\u00e9ation et standards, saisissez ce moment unique mis en valeur par l\u2019extraordinaire acoustique de la Maison symphonique!<\/p>\n<p>En pr\u00e9lude au concert, une installation du compositeur J\u00e9r\u00e9mie Martineau sera pr\u00e9sent\u00e9e dans le hall d\u2019entr\u00e9e et au foyer parterre.<\/p>\n<p>&nbsp;<\/p>\n","protected":false},"excerpt":{"rendered":"<p>Dans un esprit d\u2019ouverture, la Facult\u00e9 de musique sort de ses murs et investit la Place des Arts! Sous la direction de Jean-Fran\u00e7ois Rivest et mettant en lumi\u00e8re le trompettiste Ron Di Lauro, l\u2019Orchestre de l\u2019Universit\u00e9 de Montr\u00e9al, des membres du Big Band de l\u2019UdeM et l\u2019Orchestre de chambre jazz vous proposent un apr\u00e8s-midi alliant musique symphonique, jazz et musiques du monde.<\/p>\n","protected":false},"author":1,"featured_media":72786,"comment_status":"open","ping_status":"closed","template":"","meta":{"om_disable_all_campaigns":false,"jetpack_post_was_ever_published":false},"tags":[],"tribe_events_cat":[6487],"acf":[],"jetpack_sharing_enabled":true,"_links":{"self":[{"href":"https:\/\/www.ludwig-van.com\/montreal\/wp-json\/wp\/v2\/tribe_events\/72784"}],"collection":[{"href":"https:\/\/www.ludwig-van.com\/montreal\/wp-json\/wp\/v2\/tribe_events"}],"about":[{"href":"https:\/\/www.ludwig-van.com\/montreal\/wp-json\/wp\/v2\/types\/tribe_events"}],"author":[{"embeddable":true,"href":"https:\/\/www.ludwig-van.com\/montreal\/wp-json\/wp\/v2\/users\/1"}],"replies":[{"embeddable":true,"href":"https:\/\/www.ludwig-van.com\/montreal\/wp-json\/wp\/v2\/comments?post=72784"}],"version-history":[{"count":1,"href":"https:\/\/www.ludwig-van.com\/montreal\/wp-json\/wp\/v2\/tribe_events\/72784\/revisions"}],"predecessor-version":[{"id":72785,"href":"https:\/\/www.ludwig-van.com\/montreal\/wp-json\/wp\/v2\/tribe_events\/72784\/revisions\/72785"}],"wp:featuredmedia":[{"embeddable":true,"href":"https:\/\/www.ludwig-van.com\/montreal\/wp-json\/wp\/v2\/media\/72786"}],"wp:attachment":[{"href":"https:\/\/www.ludwig-van.com\/montreal\/wp-json\/wp\/v2\/media?parent=72784"}],"wp:term":[{"taxonomy":"post_tag","embeddable":true,"href":"https:\/\/www.ludwig-van.com\/montreal\/wp-json\/wp\/v2\/tags?post=72784"},{"taxonomy":"tribe_events_cat","embeddable":true,"href":"https:\/\/www.ludwig-van.com\/montreal\/wp-json\/wp\/v2\/tribe_events_cat?post=72784"}],"curies":[{"name":"wp","href":"https:\/\/api.w.org\/{rel}","templated":true}]}}