{"id":72397,"date":"2022-08-27T08:45:32","date_gmt":"2022-08-27T12:45:32","guid":{"rendered":"https:\/\/www.ludwig-van.com\/montreal\/?post_type=tribe_events&#038;p=72397"},"modified":"2022-08-27T08:45:32","modified_gmt":"2022-08-27T12:45:32","slug":"angele-dubeau-la-pieta-portrait-philip-glass","status":"publish","type":"tribe_events","link":"https:\/\/www.ludwig-van.com\/montreal\/event\/angele-dubeau-la-pieta-portrait-philip-glass\/","title":{"rendered":"Ang\u00e8le Dubeau &#038; La Piet\u00e0 &#8211; Portrait : Philip Glass"},"content":{"rendered":"<p>\u00ab Au fil des ans, j&rsquo;ai enrichi mon r\u00e9pertoire de signatures uniques de cr\u00e9ateurs qui marquent notre \u00e9poque, en d\u00e9veloppant des portraits musicaux qui m&rsquo;ont nourri et fait grandir intellectuellement et musicalement. \u00c0 la demande g\u00e9n\u00e9rale, et pour mon plus grand plaisir, je vous invite \u00e0 vous joindre \u00e0 moi et aux musiciennes de La Piet\u00e0 pour une soir\u00e9e envo\u00fbtante, enti\u00e8rement consacr\u00e9e au visionnaire infatigable et ic\u00f4ne vivante du courant minimaliste, consid\u00e9r\u00e9 comme l&rsquo;un des compositeurs les plus influents du 20<sup>e<\/sup>\u00a0si\u00e8cle.\u00a0\u00bb Ang\u00e8le Dubeau<\/p>\n<p>&nbsp;<\/p>\n<h4 class=\"text-short text-current-from-xs line-height-tighter font-weight-bold border-bottom-solid border-slimmest border-color-main-stroke margin-bottom-thinner padding-bottom-thinnest\">INTERPR\u00c8TES<\/h4>\n<div class=\"margin-bottom-broad\">\n<p class=\"text-short text-current-from-xs line-height-tight line-height-normal-from-xs\"><strong>Ang\u00e8le Dubeau<\/strong>, violon<br \/>\n<strong>Ensemble La Piet\u00e0<\/strong><\/p>\n<\/div>\n<h4 class=\"text-short text-current-from-xs line-height-tighter font-weight-bold border-bottom-solid border-slimmest border-color-main-stroke margin-bottom-thinner padding-bottom-thinnest\">PROGRAMME<\/h4>\n<div class=\"margin-bottom-broad\">\n<p class=\"text-short text-current-from-xs line-height-tight line-height-normal-from-xs\"><strong>Philip GLASS<br \/>\n<\/strong>Ouverture de\u00a0<em>La Belle et la B\u00eate<br \/>\n<\/em>Suite de\u00a0<em>The Hours<br \/>\n<\/em><em>Mishima,\u00a0<\/em>Quatuor \u00e0 cordes n\u00b0 3<br \/>\nSuite de\u00a0<em>The Secret Agent<br \/>\n<\/em><em>Echorus<br \/>\n<\/em>Quatuor \u00e0 cordes n\u00b0 2,<em>\u00a0Company<br \/>\n<\/em>Suite de\u00a0<em>Bent<br \/>\n<\/em><em>The French Lieutenant Dreams,<\/em>\u00a0tir\u00e9 de\u00a0<em>The Screens<br \/>\n<\/em>Symphonie n\u00b0 3, 4<sup>e<\/sup>\u00a0mouvement<br \/>\n<em>Closing<\/em>, tir\u00e9 de\u00a0<em>Glassworks<\/em><\/p>\n<p>&nbsp;<\/p>\n<\/div>\n<p class=\"text-short text-current-from-xs line-height-tight line-height-normal-from-xs\">Grand public : 64 $<br \/>\nMembres du Mus\u00e9e : 54 $<br \/>\n34 et moins : 33 $<\/p>\n","protected":false},"excerpt":{"rendered":"<p>\u00ab Au fil des ans, j&rsquo;ai enrichi mon r\u00e9pertoire de signatures uniques de cr\u00e9ateurs qui marquent notre \u00e9poque, en d\u00e9veloppant des portraits musicaux qui m&rsquo;ont nourri et fait grandir intellectuellement et musicalement. \u00c0 la demande g\u00e9n\u00e9rale, et pour mon plus grand plaisir, je vous invite \u00e0 vous joindre \u00e0 moi et aux musiciennes de La Piet\u00e0 pour une soir\u00e9e envo\u00fbtante, enti\u00e8rement consacr\u00e9e au visionnaire infatigable et ic\u00f4ne vivante du courant minimaliste, consid\u00e9r\u00e9 comme l&rsquo;un des compositeurs les plus influents du 20e\u00a0si\u00e8cle.\u00a0\u00bb Ang\u00e8le Dubeau<\/p>\n","protected":false},"author":1,"featured_media":61670,"comment_status":"open","ping_status":"closed","template":"","meta":{"om_disable_all_campaigns":false,"jetpack_post_was_ever_published":false},"tags":[],"tribe_events_cat":[],"acf":[],"jetpack_sharing_enabled":true,"_links":{"self":[{"href":"https:\/\/www.ludwig-van.com\/montreal\/wp-json\/wp\/v2\/tribe_events\/72397"}],"collection":[{"href":"https:\/\/www.ludwig-van.com\/montreal\/wp-json\/wp\/v2\/tribe_events"}],"about":[{"href":"https:\/\/www.ludwig-van.com\/montreal\/wp-json\/wp\/v2\/types\/tribe_events"}],"author":[{"embeddable":true,"href":"https:\/\/www.ludwig-van.com\/montreal\/wp-json\/wp\/v2\/users\/1"}],"replies":[{"embeddable":true,"href":"https:\/\/www.ludwig-van.com\/montreal\/wp-json\/wp\/v2\/comments?post=72397"}],"version-history":[{"count":1,"href":"https:\/\/www.ludwig-van.com\/montreal\/wp-json\/wp\/v2\/tribe_events\/72397\/revisions"}],"predecessor-version":[{"id":72398,"href":"https:\/\/www.ludwig-van.com\/montreal\/wp-json\/wp\/v2\/tribe_events\/72397\/revisions\/72398"}],"wp:featuredmedia":[{"embeddable":true,"href":"https:\/\/www.ludwig-van.com\/montreal\/wp-json\/wp\/v2\/media\/61670"}],"wp:attachment":[{"href":"https:\/\/www.ludwig-van.com\/montreal\/wp-json\/wp\/v2\/media?parent=72397"}],"wp:term":[{"taxonomy":"post_tag","embeddable":true,"href":"https:\/\/www.ludwig-van.com\/montreal\/wp-json\/wp\/v2\/tags?post=72397"},{"taxonomy":"tribe_events_cat","embeddable":true,"href":"https:\/\/www.ludwig-van.com\/montreal\/wp-json\/wp\/v2\/tribe_events_cat?post=72397"}],"curies":[{"name":"wp","href":"https:\/\/api.w.org\/{rel}","templated":true}]}}