{"id":72391,"date":"2022-08-27T08:39:29","date_gmt":"2022-08-27T12:39:29","guid":{"rendered":"https:\/\/www.ludwig-van.com\/montreal\/?post_type=tribe_events&#038;p=72391"},"modified":"2022-08-27T08:39:29","modified_gmt":"2022-08-27T12:39:29","slug":"emmanuelle-bertrand-et-pascal-amoyel-chants-damour","status":"publish","type":"tribe_events","link":"https:\/\/www.ludwig-van.com\/montreal\/event\/emmanuelle-bertrand-et-pascal-amoyel-chants-damour\/","title":{"rendered":"Emmanuelle Bertrand et Pascal Amoyel &#8211; Chants d\u2019amour"},"content":{"rendered":"<p>Deux interpr\u00e8tes extraordinaires, et tr\u00e8s appr\u00e9ci\u00e9s au Qu\u00e9bec, nous offrent une rare occasion d\u2019entendre la S<em>onate dramatique<\/em>\u00a0de Rita Strohl, \u0153uvre po\u00e9tique au souffle lyrique hors du commun, inspir\u00e9e par la trag\u00e9die de Racine\u00a0<em>B\u00e9r\u00e9nice<\/em>.<\/p>\n<p>&nbsp;<\/p>\n<h4 class=\"text-short text-current-from-xs line-height-tighter font-weight-bold border-bottom-solid border-slimmest border-color-main-stroke margin-bottom-thinner padding-bottom-thinnest\">INTERPR\u00c8TES<\/h4>\n<div class=\"margin-bottom-broad\">\n<p class=\"text-short text-current-from-xs line-height-tight line-height-normal-from-xs\"><strong>Emmanuelle Bertrand<\/strong>, violoncelle<br \/>\n<strong>Pascal Amoyel<\/strong>, piano<\/p>\n<\/div>\n<h4 class=\"text-short text-current-from-xs line-height-tighter font-weight-bold border-bottom-solid border-slimmest border-color-main-stroke margin-bottom-thinner padding-bottom-thinnest\">PROGRAMME<\/h4>\n<div class=\"margin-bottom-broad\">\n<p class=\"text-short text-current-from-xs line-height-tight line-height-normal-from-xs\"><strong>Clara SCHUMANN<\/strong>\u00a0Romance pour piano en\u00a0<em>mi<\/em>\u00a0b\u00e9mol mineur, op. 11 n\u00b0 1<br \/>\n<strong>Robert SCHUMANN<\/strong>\u00a0Romance pour piano en\u00a0<em>fa<\/em>\u00a0di\u00e8se majeur, op. 28 n\u00b0 2<br \/>\n<strong>Johannes BRAHMS<\/strong><br \/>\nSonate pour violoncelle et piano n\u00b0 1 en\u00a0<em>mi<\/em>\u00a0mineur, op. 38<br \/>\nTrois\u00a0<em>Lieder<\/em>\u00a0\u00ab Chants d\u2019amour \u00bb (transcr. pour violoncelle et piano)<br \/>\n<strong>Rita STROHL<\/strong><br \/>\n<em>Solitude,\u00a0<\/em>r\u00eaverie\u00a0pour violoncelle et piano<br \/>\n<em>Sonate dramatique \u00ab Titus et B\u00e9r\u00e9nice \u00bb<\/em>\u00a0pour violoncelle et piano<\/p>\n<\/div>\n<p>&nbsp;<\/p>\n<p class=\"text-short text-current-from-xs line-height-tight line-height-normal-from-xs\">Grand public : 54 $<br \/>\nMembres du Mus\u00e9e : 46 $<br \/>\n34 et moins : 28 $<\/p>\n","protected":false},"excerpt":{"rendered":"<p>Deux interpr\u00e8tes extraordinaires, et tr\u00e8s appr\u00e9ci\u00e9s au Qu\u00e9bec, nous offrent une rare occasion d\u2019entendre la Sonate dramatique\u00a0de Rita Strohl, \u0153uvre po\u00e9tique au souffle lyrique hors du commun, inspir\u00e9e par la trag\u00e9die de Racine\u00a0B\u00e9r\u00e9nice.<\/p>\n","protected":false},"author":1,"featured_media":58690,"comment_status":"open","ping_status":"closed","template":"","meta":{"om_disable_all_campaigns":false,"jetpack_post_was_ever_published":false},"tags":[],"tribe_events_cat":[],"acf":[],"jetpack_sharing_enabled":true,"_links":{"self":[{"href":"https:\/\/www.ludwig-van.com\/montreal\/wp-json\/wp\/v2\/tribe_events\/72391"}],"collection":[{"href":"https:\/\/www.ludwig-van.com\/montreal\/wp-json\/wp\/v2\/tribe_events"}],"about":[{"href":"https:\/\/www.ludwig-van.com\/montreal\/wp-json\/wp\/v2\/types\/tribe_events"}],"author":[{"embeddable":true,"href":"https:\/\/www.ludwig-van.com\/montreal\/wp-json\/wp\/v2\/users\/1"}],"replies":[{"embeddable":true,"href":"https:\/\/www.ludwig-van.com\/montreal\/wp-json\/wp\/v2\/comments?post=72391"}],"version-history":[{"count":1,"href":"https:\/\/www.ludwig-van.com\/montreal\/wp-json\/wp\/v2\/tribe_events\/72391\/revisions"}],"predecessor-version":[{"id":72392,"href":"https:\/\/www.ludwig-van.com\/montreal\/wp-json\/wp\/v2\/tribe_events\/72391\/revisions\/72392"}],"wp:featuredmedia":[{"embeddable":true,"href":"https:\/\/www.ludwig-van.com\/montreal\/wp-json\/wp\/v2\/media\/58690"}],"wp:attachment":[{"href":"https:\/\/www.ludwig-van.com\/montreal\/wp-json\/wp\/v2\/media?parent=72391"}],"wp:term":[{"taxonomy":"post_tag","embeddable":true,"href":"https:\/\/www.ludwig-van.com\/montreal\/wp-json\/wp\/v2\/tags?post=72391"},{"taxonomy":"tribe_events_cat","embeddable":true,"href":"https:\/\/www.ludwig-van.com\/montreal\/wp-json\/wp\/v2\/tribe_events_cat?post=72391"}],"curies":[{"name":"wp","href":"https:\/\/api.w.org\/{rel}","templated":true}]}}