{"id":72389,"date":"2022-08-27T08:37:25","date_gmt":"2022-08-27T12:37:25","guid":{"rendered":"https:\/\/www.ludwig-van.com\/montreal\/?post_type=tribe_events&#038;p=72389"},"modified":"2022-08-27T08:37:25","modified_gmt":"2022-08-27T12:37:25","slug":"pascal-amoyel-piano-sur-les-traces-de-beethoven","status":"publish","type":"tribe_events","link":"https:\/\/www.ludwig-van.com\/montreal\/event\/pascal-amoyel-piano-sur-les-traces-de-beethoven\/","title":{"rendered":"Pascal Amoyel, piano &#8211; Sur les traces de Beethoven"},"content":{"rendered":"<p>Apr\u00e8s le succ\u00e8s du\u00a0<em>Pianiste aux 50 doigts<\/em>\u00a0pr\u00e9sent\u00e9 \u00e0 deux reprises \u00e0 la Salle Bourgie, le dernier spectacle musical de Pascal Amoyel rend hommage \u00e0 Beethoven et \u00e0 ses 32\u00a0<em>Sonates,<\/em>\u00a0v\u00e9ritable journal d\u2019une vie.<\/p>\n<p>&nbsp;<\/p>\n<p>INTERPR\u00c8TES<br \/>\nPascal Amoyel, piano et textes<br \/>\nChristian Fromont, mise en sc\u00e8ne<br \/>\nPhilippe S\u00e9on, lumi\u00e8res<\/p>\n<p>&nbsp;<\/p>\n<p class=\"text-short text-current-from-xs line-height-tight line-height-normal-from-xs\">Grand public : 54 $<br \/>\nMembres du Mus\u00e9e : 46 $<br \/>\n34 et moins : 28 $<\/p>\n","protected":false},"excerpt":{"rendered":"<p>Apr\u00e8s le succ\u00e8s du\u00a0Pianiste aux 50 doigts\u00a0pr\u00e9sent\u00e9 \u00e0 deux reprises \u00e0 la Salle Bourgie, le dernier spectacle musical de Pascal Amoyel rend hommage \u00e0 Beethoven et \u00e0 ses 32\u00a0Sonates,\u00a0v\u00e9ritable journal d\u2019une vie. &nbsp; INTERPR\u00c8TES Pascal Amoyel, piano et textes Christian Fromont, mise en sc\u00e8ne Philippe S\u00e9on, lumi\u00e8res &nbsp; Grand public : 54 $ Membres du [&hellip;]<\/p>\n","protected":false},"author":1,"featured_media":58768,"comment_status":"open","ping_status":"closed","template":"","meta":{"om_disable_all_campaigns":false,"jetpack_post_was_ever_published":false},"tags":[],"tribe_events_cat":[],"acf":[],"jetpack_sharing_enabled":true,"_links":{"self":[{"href":"https:\/\/www.ludwig-van.com\/montreal\/wp-json\/wp\/v2\/tribe_events\/72389"}],"collection":[{"href":"https:\/\/www.ludwig-van.com\/montreal\/wp-json\/wp\/v2\/tribe_events"}],"about":[{"href":"https:\/\/www.ludwig-van.com\/montreal\/wp-json\/wp\/v2\/types\/tribe_events"}],"author":[{"embeddable":true,"href":"https:\/\/www.ludwig-van.com\/montreal\/wp-json\/wp\/v2\/users\/1"}],"replies":[{"embeddable":true,"href":"https:\/\/www.ludwig-van.com\/montreal\/wp-json\/wp\/v2\/comments?post=72389"}],"version-history":[{"count":1,"href":"https:\/\/www.ludwig-van.com\/montreal\/wp-json\/wp\/v2\/tribe_events\/72389\/revisions"}],"predecessor-version":[{"id":72390,"href":"https:\/\/www.ludwig-van.com\/montreal\/wp-json\/wp\/v2\/tribe_events\/72389\/revisions\/72390"}],"wp:featuredmedia":[{"embeddable":true,"href":"https:\/\/www.ludwig-van.com\/montreal\/wp-json\/wp\/v2\/media\/58768"}],"wp:attachment":[{"href":"https:\/\/www.ludwig-van.com\/montreal\/wp-json\/wp\/v2\/media?parent=72389"}],"wp:term":[{"taxonomy":"post_tag","embeddable":true,"href":"https:\/\/www.ludwig-van.com\/montreal\/wp-json\/wp\/v2\/tags?post=72389"},{"taxonomy":"tribe_events_cat","embeddable":true,"href":"https:\/\/www.ludwig-van.com\/montreal\/wp-json\/wp\/v2\/tribe_events_cat?post=72389"}],"curies":[{"name":"wp","href":"https:\/\/api.w.org\/{rel}","templated":true}]}}