{"id":72224,"date":"2022-08-25T19:41:39","date_gmt":"2022-08-25T23:41:39","guid":{"rendered":"https:\/\/www.ludwig-van.com\/montreal\/?post_type=tribe_events&#038;p=72224"},"modified":"2022-12-04T18:02:01","modified_gmt":"2022-12-04T23:02:01","slug":"le-pelleteur-de-nuages","status":"publish","type":"tribe_events","link":"https:\/\/www.ludwig-van.com\/montreal\/event\/le-pelleteur-de-nuages\/","title":{"rendered":"Orchestre M\u00e9tropolitain | Le pelleteur de nuages"},"content":{"rendered":"<p>Un concert Airs de jeunesse<\/p>\n<p>L\u2019Orchestre M\u00e9tropolitain pr\u00e9sente une adaptation symphonique de l\u2019album jeunesse Le pelleteur de nuages de Simon Boulerice, un r\u00e9cit magnifique et immens\u00e9ment po\u00e9tique relatant l\u2019histoire du jeune Elliot, un petit gar\u00e7on \u00e0 l\u2019imagination d\u00e9bordante atteint de vitiligo. Paru \u00e0 La courte \u00e9chelle en 2018, ce livre illustr\u00e9 par Jos\u00e9e Bisaillon aborde les th\u00e8mes de la diff\u00e9rence, la diversit\u00e9, la stigmatisation, l\u2019inclusion et l\u2019estime de soi.<\/p>\n<p>Sous la baguette de la cheffe Genevi\u00e8ve Leclair, la musique fait avancer l\u2019histoire tout en nous faisant d\u00e9couvrir les personnages : Elliot, son p\u00e8re et sa m\u00e8re. Chacune de leurs perspectives est mise en musique par trois compositrices et compositeurs canadiens, de fa\u00e7on \u00e0 repr\u00e9senter l\u2019univers et les caract\u00e9ristiques des personnages. Les trois parties de l\u2019album sont entrecoup\u00e9es d\u2019interludes musicaux de jeunes solistes, laur\u00e9ats du Concours OMNI 2021, accompagn\u00e9s par les musiciennes et musiciens de l\u2019orchestre.<\/p>\n<p>&nbsp;<\/p>\n<p>PROGRAMME<br \/>\nMARIE-CLAIRE SAINDON<br \/>\nLe Pelleteur de nuages, premi\u00e8re partie (Les fleurs)<\/p>\n<p>MILHAUD<br \/>\nScaramouche, 2\u1d49 et 3\u1d49 mouvements<\/p>\n<p>STEWART GOODYEAR<br \/>\nLe Pelleteur de nuages, deuxi\u00e8me partie (Les soupes)<\/p>\n<p>PAGANINI<br \/>\nLa Campanella (arr. William Primrose)<\/p>\n<p>DENIS NASSAR BAPTISTA<br \/>\nLe Pelleteur de nuages, troisi\u00e8me partie (Les nuages)<\/p>\n<p>&nbsp;<\/p>\n<p>R\u00e9gulier: 54,04$<br \/>\n\u00c9tudiant: 27.02$<br \/>\n18 and et moins: 16,10<\/p>\n","protected":false},"excerpt":{"rendered":"<p>L\u2019Orchestre M\u00e9tropolitain pr\u00e9sente une adaptation symphonique de l\u2019album jeunesse Le pelleteur de nuages de Simon Boulerice, un r\u00e9cit magnifique et immens\u00e9ment po\u00e9tique relatant l\u2019histoire du jeune Elliot, un petit gar\u00e7on \u00e0 l\u2019imagination d\u00e9bordante atteint de vitiligo. Paru \u00e0 La courte \u00e9chelle en 2018, ce livre illustr\u00e9 par Jos\u00e9e Bisaillon aborde les th\u00e8mes de la diff\u00e9rence, la diversit\u00e9, la stigmatisation, l\u2019inclusion et l\u2019estime de soi.<\/p>\n","protected":false},"author":1,"featured_media":70910,"comment_status":"open","ping_status":"closed","template":"","meta":{"om_disable_all_campaigns":false,"jetpack_post_was_ever_published":false},"tags":[],"tribe_events_cat":[6487],"acf":[],"jetpack_sharing_enabled":true,"_links":{"self":[{"href":"https:\/\/www.ludwig-van.com\/montreal\/wp-json\/wp\/v2\/tribe_events\/72224"}],"collection":[{"href":"https:\/\/www.ludwig-van.com\/montreal\/wp-json\/wp\/v2\/tribe_events"}],"about":[{"href":"https:\/\/www.ludwig-van.com\/montreal\/wp-json\/wp\/v2\/types\/tribe_events"}],"author":[{"embeddable":true,"href":"https:\/\/www.ludwig-van.com\/montreal\/wp-json\/wp\/v2\/users\/1"}],"replies":[{"embeddable":true,"href":"https:\/\/www.ludwig-van.com\/montreal\/wp-json\/wp\/v2\/comments?post=72224"}],"version-history":[{"count":2,"href":"https:\/\/www.ludwig-van.com\/montreal\/wp-json\/wp\/v2\/tribe_events\/72224\/revisions"}],"predecessor-version":[{"id":74298,"href":"https:\/\/www.ludwig-van.com\/montreal\/wp-json\/wp\/v2\/tribe_events\/72224\/revisions\/74298"}],"wp:featuredmedia":[{"embeddable":true,"href":"https:\/\/www.ludwig-van.com\/montreal\/wp-json\/wp\/v2\/media\/70910"}],"wp:attachment":[{"href":"https:\/\/www.ludwig-van.com\/montreal\/wp-json\/wp\/v2\/media?parent=72224"}],"wp:term":[{"taxonomy":"post_tag","embeddable":true,"href":"https:\/\/www.ludwig-van.com\/montreal\/wp-json\/wp\/v2\/tags?post=72224"},{"taxonomy":"tribe_events_cat","embeddable":true,"href":"https:\/\/www.ludwig-van.com\/montreal\/wp-json\/wp\/v2\/tribe_events_cat?post=72224"}],"curies":[{"name":"wp","href":"https:\/\/api.w.org\/{rel}","templated":true}]}}