{"id":68089,"date":"2021-09-22T00:23:54","date_gmt":"2021-09-22T04:23:54","guid":{"rendered":"https:\/\/www.ludwig-van.com\/montreal\/?post_type=tribe_events&#038;p=68089"},"modified":"2021-09-22T00:23:54","modified_gmt":"2021-09-22T04:23:54","slug":"concert-gala-lhonneur-de-m-e-noel-spinelli","status":"publish","type":"tribe_events","link":"https:\/\/www.ludwig-van.com\/montreal\/event\/concert-gala-lhonneur-de-m-e-noel-spinelli\/","title":{"rendered":"Concert gala en l\u2019honneur de M. E. No\u00ebl Spinelli"},"content":{"rendered":"<p>Les laur\u00e9ats des 1er, 2e et 3e Prix du CIOC se produiront lors de ce concert gala d\u00e9di\u00e9 \u00e0 la m\u00e9moire de E. No\u00ebl Spinelli, cofondateur du Concours international d\u2019orgue du Canada. M. Spinelli \u00e9tait un entrepreneur g\u00e9n\u00e9reux et visionnaire qui a b\u00e2ti l\u2019un des premiers groupes concessionnaires automobile au Qu\u00e9bec. Il a jou\u00e9 un r\u00f4le majeur dans la diffusion de la culture \u00e0 Montr\u00e9al, particuli\u00e8rement de la musique classique. Le Prix No\u00ebl-Spinelli pour le meilleur programme toutes \u00e9preuves confondues sera d\u00e9cern\u00e9 lors du concert gala, afin de rendre hommage \u00e0 son \u0153uvre et de poursuivre le travail qu\u2019il a entrepris.<\/p>\n<p>&nbsp;<\/p>\n<p>Le prix des billets est de 20$ en pr\u00e9vente et 25$ \u00e0 la porte.<\/p>\n","protected":false},"excerpt":{"rendered":"<p>Les laur\u00e9ats des 1er, 2e et 3e Prix du CIOC se produiront lors de ce concert gala d\u00e9di\u00e9 \u00e0 la m\u00e9moire de E. No\u00ebl Spinelli, cofondateur du Concours international d\u2019orgue du Canada. M. Spinelli \u00e9tait un entrepreneur g\u00e9n\u00e9reux et visionnaire qui a b\u00e2ti l\u2019un des premiers groupes concessionnaires automobile au Qu\u00e9bec. Il a jou\u00e9 un r\u00f4le majeur dans la diffusion de la culture \u00e0 Montr\u00e9al, particuli\u00e8rement de la musique classique. Le Prix No\u00ebl-Spinelli pour le meilleur programme toutes \u00e9preuves confondues sera d\u00e9cern\u00e9 lors du concert gala, afin de rendre hommage \u00e0 son \u0153uvre et de poursuivre le travail qu\u2019il a entrepris.<\/p>\n","protected":false},"author":1,"featured_media":68090,"comment_status":"open","ping_status":"closed","template":"","meta":{"om_disable_all_campaigns":false,"jetpack_post_was_ever_published":false},"tags":[],"tribe_events_cat":[],"acf":[],"jetpack_sharing_enabled":true,"_links":{"self":[{"href":"https:\/\/www.ludwig-van.com\/montreal\/wp-json\/wp\/v2\/tribe_events\/68089"}],"collection":[{"href":"https:\/\/www.ludwig-van.com\/montreal\/wp-json\/wp\/v2\/tribe_events"}],"about":[{"href":"https:\/\/www.ludwig-van.com\/montreal\/wp-json\/wp\/v2\/types\/tribe_events"}],"author":[{"embeddable":true,"href":"https:\/\/www.ludwig-van.com\/montreal\/wp-json\/wp\/v2\/users\/1"}],"replies":[{"embeddable":true,"href":"https:\/\/www.ludwig-van.com\/montreal\/wp-json\/wp\/v2\/comments?post=68089"}],"version-history":[{"count":1,"href":"https:\/\/www.ludwig-van.com\/montreal\/wp-json\/wp\/v2\/tribe_events\/68089\/revisions"}],"predecessor-version":[{"id":68091,"href":"https:\/\/www.ludwig-van.com\/montreal\/wp-json\/wp\/v2\/tribe_events\/68089\/revisions\/68091"}],"wp:featuredmedia":[{"embeddable":true,"href":"https:\/\/www.ludwig-van.com\/montreal\/wp-json\/wp\/v2\/media\/68090"}],"wp:attachment":[{"href":"https:\/\/www.ludwig-van.com\/montreal\/wp-json\/wp\/v2\/media?parent=68089"}],"wp:term":[{"taxonomy":"post_tag","embeddable":true,"href":"https:\/\/www.ludwig-van.com\/montreal\/wp-json\/wp\/v2\/tags?post=68089"},{"taxonomy":"tribe_events_cat","embeddable":true,"href":"https:\/\/www.ludwig-van.com\/montreal\/wp-json\/wp\/v2\/tribe_events_cat?post=68089"}],"curies":[{"name":"wp","href":"https:\/\/api.w.org\/{rel}","templated":true}]}}