{"id":65352,"date":"2020-11-09T10:06:54","date_gmt":"2020-11-09T15:06:54","guid":{"rendered":"https:\/\/www.ludwig-van.com\/montreal\/?post_type=tribe_events&#038;p=65352"},"modified":"2020-11-09T10:15:02","modified_gmt":"2020-11-09T15:15:02","slug":"boreades-quatuors-demanuel","status":"publish","type":"tribe_events","link":"https:\/\/www.ludwig-van.com\/montreal\/event\/boreades-quatuors-demanuel\/","title":{"rendered":"Les Bor\u00e9ades &#8211; Les Quatuors d\u2019Emanuel"},"content":{"rendered":"<h2>Les Quatuors d\u2019Emanuel &#8211; webdiffusion du 19 au 26 novembre<\/h2>\n<h3>Le testament musical de Carl Philipp Emanuel Bach<\/h3>\n<p><em>21 octobre 2020 \u2014 En raison des interdictions de rassemblement dans les salles de spectacle, le concert Les Quatuors d\u2019Emanuel sera offert uniquement en diffusion en ligne (streaming). Nous vous invitons \u00e0 vous procurer une Carte Coup de c\u0153ur afin de b\u00e9n\u00e9ficier d\u2019un rabais de 25% sur le co\u00fbt d\u2019un billet.<\/em><br \/>\n<em>Les Quatuors d\u2019Emanuel<\/em><br \/>\n<em>Le testament musical de Carl Philipp Emanuel Bach<\/em><\/p>\n<h4>Fl\u00fbte, alto, clavecin et violoncelle<\/h4>\n<p>Universellement admir\u00e9, tant par ses confr\u00e8res musiciens que par les philosophes des Lumi\u00e8res, Carl Philipp Emanuel Bach se distingue en son temps par un style d\u2019une force et d\u2019une sensibilit\u00e9 tout \u00e0 fait singuli\u00e8res. Sarah Levy-Itzig, excellente clavi\u00e9riste et future grand-tante de Felix Mendelssohn, lui commande en 1788 trois Quatuors pour fl\u00fbte, alto, clavier oblig\u00e9 et violoncelle ad libitum \u2013 une distribution plut\u00f4t inhabituelle! Ce seront ses derni\u00e8res compositions, achev\u00e9es quelques mois avant sa mort. S\u2019y c\u00f4toient tous les \u00e9l\u00e9ments de son style : \u00e9l\u00e9gance, contrastes, po\u00e9sie, expression et verve irr\u00e9sistible\u2026<\/p>\n","protected":false},"excerpt":{"rendered":"<p>Universellement admir\u00e9, tant par ses confr\u00e8res musiciens que par les philosophes des Lumi\u00e8res, Carl Philipp Emanuel Bach se distingue en son temps par un style d\u2019une force et d\u2019une sensibilit\u00e9 tout \u00e0 fait singuli\u00e8res. Sarah Levy-Itzig, excellente clavi\u00e9riste et future grand-tante de Felix Mendelssohn, lui commande en 1788 trois Quatuors pour fl\u00fbte, alto, clavier oblig\u00e9 et violoncelle ad libitum \u2013 une distribution plut\u00f4t inhabituelle! Ce seront ses derni\u00e8res compositions, achev\u00e9es quelques mois avant sa mort. S\u2019y c\u00f4toient tous les \u00e9l\u00e9ments de son style : \u00e9l\u00e9gance, contrastes, po\u00e9sie, expression et verve irr\u00e9sistible\u2026<\/p>\n","protected":false},"author":1,"featured_media":65349,"comment_status":"open","ping_status":"closed","template":"","meta":{"om_disable_all_campaigns":false,"jetpack_post_was_ever_published":false},"tags":[],"tribe_events_cat":[5052],"acf":[],"jetpack_sharing_enabled":true,"_links":{"self":[{"href":"https:\/\/www.ludwig-van.com\/montreal\/wp-json\/wp\/v2\/tribe_events\/65352"}],"collection":[{"href":"https:\/\/www.ludwig-van.com\/montreal\/wp-json\/wp\/v2\/tribe_events"}],"about":[{"href":"https:\/\/www.ludwig-van.com\/montreal\/wp-json\/wp\/v2\/types\/tribe_events"}],"author":[{"embeddable":true,"href":"https:\/\/www.ludwig-van.com\/montreal\/wp-json\/wp\/v2\/users\/1"}],"replies":[{"embeddable":true,"href":"https:\/\/www.ludwig-van.com\/montreal\/wp-json\/wp\/v2\/comments?post=65352"}],"version-history":[{"count":1,"href":"https:\/\/www.ludwig-van.com\/montreal\/wp-json\/wp\/v2\/tribe_events\/65352\/revisions"}],"predecessor-version":[{"id":65353,"href":"https:\/\/www.ludwig-van.com\/montreal\/wp-json\/wp\/v2\/tribe_events\/65352\/revisions\/65353"}],"wp:featuredmedia":[{"embeddable":true,"href":"https:\/\/www.ludwig-van.com\/montreal\/wp-json\/wp\/v2\/media\/65349"}],"wp:attachment":[{"href":"https:\/\/www.ludwig-van.com\/montreal\/wp-json\/wp\/v2\/media?parent=65352"}],"wp:term":[{"taxonomy":"post_tag","embeddable":true,"href":"https:\/\/www.ludwig-van.com\/montreal\/wp-json\/wp\/v2\/tags?post=65352"},{"taxonomy":"tribe_events_cat","embeddable":true,"href":"https:\/\/www.ludwig-van.com\/montreal\/wp-json\/wp\/v2\/tribe_events_cat?post=65352"}],"curies":[{"name":"wp","href":"https:\/\/api.w.org\/{rel}","templated":true}]}}