{"id":65282,"date":"2020-11-02T11:01:56","date_gmt":"2020-11-02T16:01:56","guid":{"rendered":"https:\/\/www.ludwig-van.com\/montreal\/?post_type=tribe_events&#038;p=65282"},"modified":"2020-11-02T11:01:56","modified_gmt":"2020-11-02T16:01:56","slug":"yannick-nezet-seguin-recoit-stephane-tetreault","status":"publish","type":"tribe_events","link":"https:\/\/www.ludwig-van.com\/montreal\/event\/yannick-nezet-seguin-recoit-stephane-tetreault\/","title":{"rendered":"Yannick N\u00e9zet-S\u00e9guin re\u00e7oit St\u00e9phane T\u00e9treault"},"content":{"rendered":"<p>&nbsp;<\/p>\n<p><strong>CONCERT EN WEBDIFFUSION &#8211; CAPT\u00c9 \u00c0 LA MAISON SYMPHONIQUE &#8211; DISPONIBLE EN LIGNE DU 20 AU 27 NOVEMBRE 2020<\/strong><\/p>\n<div class=\"lightbox__content container--small\" data-lightbox-content=\"\">\n<p>L\u2019\u00e9loquence, le lyrisme et l\u2019esprit de Haydn prennent vie sous l\u2019archet de St\u00e9phane T\u00e9treault. Tragique et complexe, la quaranti\u00e8me de Mozart s\u2019anime d\u2019abord d\u2019un th\u00e8me simple et poignant pour nous mener de l\u2019agitation aux t\u00e9n\u00e8bres, puis exploser d\u2019une violence transformatrice. Sans contredit l\u2019une des \u0153uvres les plus tourment\u00e9es et c\u00e9l\u00e8bres du compositeur.<\/p>\n<p>Fils d\u2019une esclave africaine et d\u2019un riche Fran\u00e7ais, le Chevalier de Saint-Georges s\u2019illustre par sa virtuosit\u00e9 au violon et par ses compositions l\u00e9g\u00e8res et \u00e9l\u00e9gantes, dans la plus pure tradition du 18e\u00a0si\u00e8cle fran\u00e7ais. Perdu pendant 200 ans puis red\u00e9couvert en 1961, le concerto en\u00a0<em>do<\/em>\u00a0de Haydn devient l\u2019un des favoris du public et des violoncellistes, par ses caract\u00e9ristiques techniques et l\u2019\u00e9l\u00e9gante ampleur de ses m\u00e9lodies.<\/p>\n<\/div>\n<p>&nbsp;<\/p>\n","protected":false},"excerpt":{"rendered":"<p>&nbsp; CONCERT EN WEBDIFFUSION &#8211; CAPT\u00c9 \u00c0 LA MAISON SYMPHONIQUE &#8211; DISPONIBLE EN LIGNE DU 20 AU 27 NOVEMBRE 2020 L\u2019\u00e9loquence, le lyrisme et l\u2019esprit de Haydn prennent vie sous l\u2019archet de St\u00e9phane T\u00e9treault. Tragique et complexe, la quaranti\u00e8me de Mozart s\u2019anime d\u2019abord d\u2019un th\u00e8me simple et poignant pour nous mener de l\u2019agitation aux t\u00e9n\u00e8bres, [&hellip;]<\/p>\n","protected":false},"author":1,"featured_media":50033,"comment_status":"open","ping_status":"closed","template":"","meta":{"om_disable_all_campaigns":false,"jetpack_post_was_ever_published":false},"tags":[],"tribe_events_cat":[6109,6487],"acf":[],"jetpack_sharing_enabled":true,"_links":{"self":[{"href":"https:\/\/www.ludwig-van.com\/montreal\/wp-json\/wp\/v2\/tribe_events\/65282"}],"collection":[{"href":"https:\/\/www.ludwig-van.com\/montreal\/wp-json\/wp\/v2\/tribe_events"}],"about":[{"href":"https:\/\/www.ludwig-van.com\/montreal\/wp-json\/wp\/v2\/types\/tribe_events"}],"author":[{"embeddable":true,"href":"https:\/\/www.ludwig-van.com\/montreal\/wp-json\/wp\/v2\/users\/1"}],"replies":[{"embeddable":true,"href":"https:\/\/www.ludwig-van.com\/montreal\/wp-json\/wp\/v2\/comments?post=65282"}],"version-history":[{"count":1,"href":"https:\/\/www.ludwig-van.com\/montreal\/wp-json\/wp\/v2\/tribe_events\/65282\/revisions"}],"predecessor-version":[{"id":65283,"href":"https:\/\/www.ludwig-van.com\/montreal\/wp-json\/wp\/v2\/tribe_events\/65282\/revisions\/65283"}],"wp:featuredmedia":[{"embeddable":true,"href":"https:\/\/www.ludwig-van.com\/montreal\/wp-json\/wp\/v2\/media\/50033"}],"wp:attachment":[{"href":"https:\/\/www.ludwig-van.com\/montreal\/wp-json\/wp\/v2\/media?parent=65282"}],"wp:term":[{"taxonomy":"post_tag","embeddable":true,"href":"https:\/\/www.ludwig-van.com\/montreal\/wp-json\/wp\/v2\/tags?post=65282"},{"taxonomy":"tribe_events_cat","embeddable":true,"href":"https:\/\/www.ludwig-van.com\/montreal\/wp-json\/wp\/v2\/tribe_events_cat?post=65282"}],"curies":[{"name":"wp","href":"https:\/\/api.w.org\/{rel}","templated":true}]}}