{"id":64764,"date":"2020-07-06T14:30:42","date_gmt":"2020-07-06T18:30:42","guid":{"rendered":"https:\/\/www.ludwig-van.com\/montreal\/?post_type=tribe_events&#038;p=64764"},"modified":"2020-07-06T14:30:42","modified_gmt":"2020-07-06T18:30:42","slug":"serenite-sonore-jardin-harmonia-presentent-michel-beauchamp-guitare","status":"publish","type":"tribe_events","link":"https:\/\/www.ludwig-van.com\/montreal\/event\/serenite-sonore-jardin-harmonia-presentent-michel-beauchamp-guitare\/","title":{"rendered":"S\u00e9r\u00e9nit\u00e9 sonore et le Jardin Harmonia pr\u00e9sentent Michel Beauchamp, guitare"},"content":{"rendered":"<p id=\"yui_3_17_2_1_1594059599132_655\" class=\"\"><em id=\"yui_3_17_2_1_1594059599132_654\">S\u00e9r\u00e9nit\u00e9 Sonore<\/em> s\u2019allie avec le magnifique <em>Jardin Harmonia <\/em>pour vous offrir des exp\u00e9riences-concerts des plus inspirantes de l\u2019\u00e9t\u00e9! Sur le temple balinais servant de sc\u00e8ne du majestueux jardin priv\u00e9, des musiciens solistes de haut niveau vous feront vivre un moment de contemplation tant pour les yeux que pour les oreilles ! Exp\u00e9rience totale de 3 heures incluant une visite guid\u00e9e, une pause <em>S\u00e9r\u00e9nith\u00e9<\/em> et concert sur chaise pour un petit groupe de 25 personnes.<\/p>\n<p id=\"yui_3_17_2_1_1594059599132_653\" class=\"\">Le<em> Jardin Harmonia<\/em> est un secret bien gard\u00e9 de St-Bruno. Leurs propri\u00e9taires, M. et Mme Bessette, ouvrent gentiment leurs portes durant quelques fins de semaine de l\u2019\u00e9t\u00e9 afin de vous partager la grande beaut\u00e9 et les bienfaits de leur jardin. Venez profitez de ce r\u00e9el havre de paix en musique avec nous !<\/p>\n<p>&nbsp;<\/p>\n<h2>Au programme<\/h2>\n<p id=\"yui_3_17_2_1_1594059599132_647\" class=\"\"><strong>11-12 juillet : St\u00e9phane T\u00e9treault, violoncelle<\/strong><\/p>\n<p class=\"\"><strong>18 juillet : Michel Beauchamp, guitare<\/strong><\/p>\n<p class=\"\"><strong>25 juillet : Annabelle Renzo, harpe<\/strong><\/p>\n<p class=\"\"><strong>1 ao\u00fbt : Ensemble Alkemia, trio vocal<\/strong><\/p>\n<p class=\"\"><strong>9 ao\u00fbt : Duo Philia, violons<\/strong><\/p>\n<p class=\"\">* En cas de pluie, le concert sera remis au lendemain (dimanche 17h-20h)<\/p>\n","protected":false},"excerpt":{"rendered":"<p>S\u00e9r\u00e9nit\u00e9 Sonore s\u2019allie avec le magnifique Jardin Harmonia pour vous offrir des exp\u00e9riences-concerts des plus inspirantes de l\u2019\u00e9t\u00e9! Sur le temple balinais servant de sc\u00e8ne du majestueux jardin priv\u00e9, des musiciens solistes de haut niveau vous feront vivre un moment de contemplation tant pour les yeux que pour les oreilles ! Exp\u00e9rience totale de 3 [&hellip;]<\/p>\n","protected":false},"author":1,"featured_media":64765,"comment_status":"open","ping_status":"closed","template":"","meta":{"om_disable_all_campaigns":false,"jetpack_post_was_ever_published":false},"tags":[],"tribe_events_cat":[5902],"acf":[],"jetpack_sharing_enabled":true,"_links":{"self":[{"href":"https:\/\/www.ludwig-van.com\/montreal\/wp-json\/wp\/v2\/tribe_events\/64764"}],"collection":[{"href":"https:\/\/www.ludwig-van.com\/montreal\/wp-json\/wp\/v2\/tribe_events"}],"about":[{"href":"https:\/\/www.ludwig-van.com\/montreal\/wp-json\/wp\/v2\/types\/tribe_events"}],"author":[{"embeddable":true,"href":"https:\/\/www.ludwig-van.com\/montreal\/wp-json\/wp\/v2\/users\/1"}],"replies":[{"embeddable":true,"href":"https:\/\/www.ludwig-van.com\/montreal\/wp-json\/wp\/v2\/comments?post=64764"}],"version-history":[{"count":1,"href":"https:\/\/www.ludwig-van.com\/montreal\/wp-json\/wp\/v2\/tribe_events\/64764\/revisions"}],"predecessor-version":[{"id":64766,"href":"https:\/\/www.ludwig-van.com\/montreal\/wp-json\/wp\/v2\/tribe_events\/64764\/revisions\/64766"}],"wp:featuredmedia":[{"embeddable":true,"href":"https:\/\/www.ludwig-van.com\/montreal\/wp-json\/wp\/v2\/media\/64765"}],"wp:attachment":[{"href":"https:\/\/www.ludwig-van.com\/montreal\/wp-json\/wp\/v2\/media?parent=64764"}],"wp:term":[{"taxonomy":"post_tag","embeddable":true,"href":"https:\/\/www.ludwig-van.com\/montreal\/wp-json\/wp\/v2\/tags?post=64764"},{"taxonomy":"tribe_events_cat","embeddable":true,"href":"https:\/\/www.ludwig-van.com\/montreal\/wp-json\/wp\/v2\/tribe_events_cat?post=64764"}],"curies":[{"name":"wp","href":"https:\/\/api.w.org\/{rel}","templated":true}]}}