{"id":63958,"date":"2020-02-05T18:25:59","date_gmt":"2020-02-05T23:25:59","guid":{"rendered":"https:\/\/www.ludwig-van.com\/montreal\/?post_type=tribe_events&#038;p=63958"},"modified":"2020-02-05T18:25:59","modified_gmt":"2020-02-05T23:25:59","slug":"osd-visions-damerique","status":"publish","type":"tribe_events","link":"https:\/\/www.ludwig-van.com\/montreal\/event\/osd-visions-damerique\/","title":{"rendered":"OSD | Visions d&rsquo;Am\u00e9rique"},"content":{"rendered":"<p>Ce concert vous propose un voyage \u00e0 travers les grands espaces d\u2019Am\u00e9rique, du majestueux Saint-Laurent aux for\u00eats du sud des \u00c9tats-Unis. Nous y pr\u00e9senterons notamment une \u0153uvre hors du commun de Kurt Weill qui, en plus d\u2019\u00eatre sa derni\u00e8re collaboration avec le grand dramaturge Bertolt Brecht, est l\u2019une des \u0153uvres marquantes du compositeur de l\u2019<span class=\"italic\">Op\u00e9ra de quat\u2019sous<\/span>. \u00c0 d\u00e9couvrir!<\/p>\n<p>&nbsp;<\/p>\n<p>Avec Quartom et Andrea Ludwig<\/p>\n<p>Julien Proulx, chef d&rsquo;orchestre<\/p>\n<p>&nbsp;<\/p>\n<p>B\u00e9langer\u00a0 \u00a0 \u00a0 \u00a0 Le Saint-Laurent<\/p>\n<p>Still\u00a0 \u00a0 \u00a0 \u00a0 \u00a0 \u00a0 \u00a0 \u00a0 Woodnotes<\/p>\n<p>Korngold\u00a0 \u00a0 \u00a0 \u00a0Th\u00e8me et variations, op. 42<\/p>\n<p>Weill\u00a0 \u00a0 \u00a0 \u00a0 \u00a0 \u00a0 \u00a0 Les sept p\u00e9ch\u00e9s capitaux<\/p>\n","protected":false},"excerpt":{"rendered":"<p>Ce concert vous propose un voyage \u00e0 travers les grands espaces d\u2019Am\u00e9rique, du majestueux Saint-Laurent aux for\u00eats du sud des \u00c9tats-Unis. Nous y pr\u00e9senterons notamment une \u0153uvre hors du commun de Kurt Weill qui, en plus d\u2019\u00eatre sa derni\u00e8re collaboration avec le grand dramaturge Bertolt Brecht, est l\u2019une des \u0153uvres marquantes du compositeur de l\u2019Op\u00e9ra [&hellip;]<\/p>\n","protected":false},"author":1,"featured_media":49230,"comment_status":"open","ping_status":"closed","template":"","meta":{"om_disable_all_campaigns":false,"jetpack_post_was_ever_published":false},"tags":[],"tribe_events_cat":[6487],"acf":[],"jetpack_sharing_enabled":true,"_links":{"self":[{"href":"https:\/\/www.ludwig-van.com\/montreal\/wp-json\/wp\/v2\/tribe_events\/63958"}],"collection":[{"href":"https:\/\/www.ludwig-van.com\/montreal\/wp-json\/wp\/v2\/tribe_events"}],"about":[{"href":"https:\/\/www.ludwig-van.com\/montreal\/wp-json\/wp\/v2\/types\/tribe_events"}],"author":[{"embeddable":true,"href":"https:\/\/www.ludwig-van.com\/montreal\/wp-json\/wp\/v2\/users\/1"}],"replies":[{"embeddable":true,"href":"https:\/\/www.ludwig-van.com\/montreal\/wp-json\/wp\/v2\/comments?post=63958"}],"version-history":[{"count":1,"href":"https:\/\/www.ludwig-van.com\/montreal\/wp-json\/wp\/v2\/tribe_events\/63958\/revisions"}],"predecessor-version":[{"id":63959,"href":"https:\/\/www.ludwig-van.com\/montreal\/wp-json\/wp\/v2\/tribe_events\/63958\/revisions\/63959"}],"wp:featuredmedia":[{"embeddable":true,"href":"https:\/\/www.ludwig-van.com\/montreal\/wp-json\/wp\/v2\/media\/49230"}],"wp:attachment":[{"href":"https:\/\/www.ludwig-van.com\/montreal\/wp-json\/wp\/v2\/media?parent=63958"}],"wp:term":[{"taxonomy":"post_tag","embeddable":true,"href":"https:\/\/www.ludwig-van.com\/montreal\/wp-json\/wp\/v2\/tags?post=63958"},{"taxonomy":"tribe_events_cat","embeddable":true,"href":"https:\/\/www.ludwig-van.com\/montreal\/wp-json\/wp\/v2\/tribe_events_cat?post=63958"}],"curies":[{"name":"wp","href":"https:\/\/api.w.org\/{rel}","templated":true}]}}