{"id":63823,"date":"2020-01-27T19:50:59","date_gmt":"2020-01-28T00:50:59","guid":{"rendered":"https:\/\/www.ludwig-van.com\/montreal\/?post_type=tribe_events&#038;p=63823"},"modified":"2020-01-27T19:50:59","modified_gmt":"2020-01-28T00:50:59","slug":"opera-mcgill-street-scene","status":"publish","type":"tribe_events","link":"https:\/\/www.ludwig-van.com\/montreal\/event\/opera-mcgill-street-scene\/2020-01-31\/","title":{"rendered":"Op\u00e9ra McGill | Street Scene"},"content":{"rendered":"<p>Causerie pr\u00e9-concert une heure avant chaque op\u00e9ra<\/p>\n<p>Pr\u00e9sent\u00e9 pour la premi\u00e8re fois en 1946 et inspir\u00e9 par la pi\u00e8ce de th\u00e9\u00e2tre laur\u00e9ate d\u2019un Pulitzer d\u2019Elmer, Street Scene de Kurt Weill a su fusionner de mani\u00e8re novatrice les genres du th\u00e9\u00e2tre musical am\u00e9ricain et de l\u2019op\u00e9ra am\u00e9ricain, devenant imm\u00e9diatement un classique am\u00e9ricain unique et ador\u00e9. En partie une histoire d\u2019amour et en partie une histoire d\u2019une aventure extra-maritale se transformant en drame, cet op\u00e9ra tr\u00e8s exigeant, tant musicalement que dramatiquement, sera interpr\u00e9t\u00e9 par les chanteurs d\u2019Op\u00e9ra McGill et les musiciens de l\u2019orchestre symphonique de McGill sous la direction du metteur en sc\u00e8ne Patrick Hansen et du chef d\u2019orchestre Brian DeMaris. Rejoignez-nous dans la magnifique salle Ludger-Duvernay du Monument National pour trois jours excitants de musique, de th\u00e9\u00e2tre et de spectacle !<\/p>\n<p>Le livret de\u00a0<em>Street Scene<\/em>\u00a0comprend des textes chant\u00e9s, des interventions parl\u00e9es, et des dialogues r\u00e9dig\u00e9s par Elmer Rice et Langston Hughes en anglais. Le texte chant\u00e9 sera accompagn\u00e9 de surtitres bilingues, alors que les interventions parl\u00e9es et les dialogues seront pr\u00e9sent\u00e9s sans surtitres, en anglais uniquement. Le programme imprim\u00e9 comprendra un r\u00e9sum\u00e9 d\u00e9taill\u00e9 de l\u2019intrigue en anglais et en fran\u00e7ais.<\/p>\n<p>Veuillez noter que des bruits forts, incluant des coups de feu, seront entendus pendant le spectacle.<\/p>\n","protected":false},"excerpt":{"rendered":"<p>Causerie pr\u00e9-concert une heure avant chaque op\u00e9ra Pr\u00e9sent\u00e9 pour la premi\u00e8re fois en 1946 et inspir\u00e9 par la pi\u00e8ce de th\u00e9\u00e2tre laur\u00e9ate d\u2019un Pulitzer d\u2019Elmer, Street Scene de Kurt Weill a su fusionner de mani\u00e8re novatrice les genres du th\u00e9\u00e2tre musical am\u00e9ricain et de l\u2019op\u00e9ra am\u00e9ricain, devenant imm\u00e9diatement un classique am\u00e9ricain unique et ador\u00e9. En [&hellip;]<\/p>\n","protected":false},"author":1,"featured_media":63824,"comment_status":"open","ping_status":"closed","template":"","meta":{"om_disable_all_campaigns":false,"jetpack_post_was_ever_published":false},"tags":[],"tribe_events_cat":[4992,5050],"acf":[],"jetpack_sharing_enabled":true,"_links":{"self":[{"href":"https:\/\/www.ludwig-van.com\/montreal\/wp-json\/wp\/v2\/tribe_events\/63823"}],"collection":[{"href":"https:\/\/www.ludwig-van.com\/montreal\/wp-json\/wp\/v2\/tribe_events"}],"about":[{"href":"https:\/\/www.ludwig-van.com\/montreal\/wp-json\/wp\/v2\/types\/tribe_events"}],"author":[{"embeddable":true,"href":"https:\/\/www.ludwig-van.com\/montreal\/wp-json\/wp\/v2\/users\/1"}],"replies":[{"embeddable":true,"href":"https:\/\/www.ludwig-van.com\/montreal\/wp-json\/wp\/v2\/comments?post=63823"}],"version-history":[{"count":1,"href":"https:\/\/www.ludwig-van.com\/montreal\/wp-json\/wp\/v2\/tribe_events\/63823\/revisions"}],"predecessor-version":[{"id":63825,"href":"https:\/\/www.ludwig-van.com\/montreal\/wp-json\/wp\/v2\/tribe_events\/63823\/revisions\/63825"}],"wp:featuredmedia":[{"embeddable":true,"href":"https:\/\/www.ludwig-van.com\/montreal\/wp-json\/wp\/v2\/media\/63824"}],"wp:attachment":[{"href":"https:\/\/www.ludwig-van.com\/montreal\/wp-json\/wp\/v2\/media?parent=63823"}],"wp:term":[{"taxonomy":"post_tag","embeddable":true,"href":"https:\/\/www.ludwig-van.com\/montreal\/wp-json\/wp\/v2\/tags?post=63823"},{"taxonomy":"tribe_events_cat","embeddable":true,"href":"https:\/\/www.ludwig-van.com\/montreal\/wp-json\/wp\/v2\/tribe_events_cat?post=63823"}],"curies":[{"name":"wp","href":"https:\/\/api.w.org\/{rel}","templated":true}]}}