{"id":63817,"date":"2020-01-27T18:13:39","date_gmt":"2020-01-27T23:13:39","guid":{"rendered":"https:\/\/www.ludwig-van.com\/montreal\/?post_type=tribe_events&#038;p=63817"},"modified":"2020-01-27T18:13:39","modified_gmt":"2020-01-27T23:13:39","slug":"quatuor-molinari-hommage-a-elizabeth-sprague-coolidge","status":"publish","type":"tribe_events","link":"https:\/\/www.ludwig-van.com\/montreal\/event\/quatuor-molinari-hommage-a-elizabeth-sprague-coolidge\/","title":{"rendered":"Quatuor Molinari | Hommage \u00e0 Elizabeth Sprague-Coolidge"},"content":{"rendered":"<p>Le Quatuor Molinari rend hommage \u00e0 la grande m\u00e9c\u00e8ne am\u00e9ricaine Elizabeth Sprague-Coolidge qui a su reconna\u00eetre et encourager de grands compositeurs du d\u00e9but du 20e si\u00e8cle. Gr\u00e2ce \u00e0 sa vision et \u00e0 sa g\u00e9n\u00e9rosit\u00e9, des chef-d\u2019oeuvres de l\u2019histoire de la musique \u00a0ont \u00e9t\u00e9 compos\u00e9s.<\/p>\n<p>Le Quatuor Molinari jouera deux oeuvres dont elle est l\u2019instigatrice ainsi que le 12e quatuor de R. Murray Schafer. Ce dernier quatuor a \u00e9t\u00e9 command\u00e9 \u00e0 Schafer pour souligner les 15 ans du Quatuor Molinari et a \u00e9t\u00e9 rendu possible gr\u00e2ce \u00e0 la g\u00e9n\u00e9rosit\u00e9 de la m\u00e9c\u00e8ne qu\u00e9b\u00e9coise Phyllis Lambert.<\/p>\n<p>&nbsp;<\/p>\n<p>Serge Prokofiev : Quatuor no.1<\/p>\n<p>R. Murray Schafer : Quatuor no.12<\/p>\n<p>Arnold Schoenberg : Quatuor no 4<\/p>\n","protected":false},"excerpt":{"rendered":"<p>Le Quatuor Molinari rend hommage \u00e0 la grande m\u00e9c\u00e8ne am\u00e9ricaine Elizabeth Sprague-Coolidge qui a su reconna\u00eetre et encourager de grands compositeurs du d\u00e9but du 20e si\u00e8cle. Gr\u00e2ce \u00e0 sa vision et \u00e0 sa g\u00e9n\u00e9rosit\u00e9, des chef-d\u2019oeuvres de l\u2019histoire de la musique \u00a0ont \u00e9t\u00e9 compos\u00e9s. Le Quatuor Molinari jouera deux oeuvres dont elle est l\u2019instigatrice ainsi [&hellip;]<\/p>\n","protected":false},"author":1,"featured_media":52966,"comment_status":"open","ping_status":"closed","template":"","meta":{"om_disable_all_campaigns":false,"jetpack_post_was_ever_published":false},"tags":[],"tribe_events_cat":[6109,5052,6476,5050],"acf":[],"jetpack_sharing_enabled":true,"_links":{"self":[{"href":"https:\/\/www.ludwig-van.com\/montreal\/wp-json\/wp\/v2\/tribe_events\/63817"}],"collection":[{"href":"https:\/\/www.ludwig-van.com\/montreal\/wp-json\/wp\/v2\/tribe_events"}],"about":[{"href":"https:\/\/www.ludwig-van.com\/montreal\/wp-json\/wp\/v2\/types\/tribe_events"}],"author":[{"embeddable":true,"href":"https:\/\/www.ludwig-van.com\/montreal\/wp-json\/wp\/v2\/users\/1"}],"replies":[{"embeddable":true,"href":"https:\/\/www.ludwig-van.com\/montreal\/wp-json\/wp\/v2\/comments?post=63817"}],"version-history":[{"count":1,"href":"https:\/\/www.ludwig-van.com\/montreal\/wp-json\/wp\/v2\/tribe_events\/63817\/revisions"}],"predecessor-version":[{"id":63818,"href":"https:\/\/www.ludwig-van.com\/montreal\/wp-json\/wp\/v2\/tribe_events\/63817\/revisions\/63818"}],"wp:featuredmedia":[{"embeddable":true,"href":"https:\/\/www.ludwig-van.com\/montreal\/wp-json\/wp\/v2\/media\/52966"}],"wp:attachment":[{"href":"https:\/\/www.ludwig-van.com\/montreal\/wp-json\/wp\/v2\/media?parent=63817"}],"wp:term":[{"taxonomy":"post_tag","embeddable":true,"href":"https:\/\/www.ludwig-van.com\/montreal\/wp-json\/wp\/v2\/tags?post=63817"},{"taxonomy":"tribe_events_cat","embeddable":true,"href":"https:\/\/www.ludwig-van.com\/montreal\/wp-json\/wp\/v2\/tribe_events_cat?post=63817"}],"curies":[{"name":"wp","href":"https:\/\/api.w.org\/{rel}","templated":true}]}}