{"id":62892,"date":"2019-11-06T12:21:10","date_gmt":"2019-11-06T17:21:10","guid":{"rendered":"https:\/\/www.ludwig-van.com\/montreal\/?post_type=tribe_events&#038;p=62892"},"modified":"2019-11-06T12:21:10","modified_gmt":"2019-11-06T17:21:10","slug":"nef-crystal-tears-de-purcell-rock-progressif-3","status":"publish","type":"tribe_events","link":"https:\/\/www.ludwig-van.com\/montreal\/event\/nef-crystal-tears-de-purcell-rock-progressif-3\/","title":{"rendered":"La Nef | Crystal Tears : de Purcell au rock progressif"},"content":{"rendered":"<p>Le spectacle\u00a0<em><strong>Crystal Tears<\/strong><\/em>, con\u00e7u par la chanteuse et com\u00e9dienne\u00a0<strong>Fr\u00e9d\u00e9rike B\u00e9dard<\/strong>, unira deux univers musicaux et temporels : les compositeurs britanniques de rock progressif des ann\u00e9es 70 et les compositeurs anglais du 17e si\u00e8cle,\u00a0sous la direction musicale du compositeur et guitariste\u00a0<strong>Marc Vall\u00e9e<\/strong>.<\/p>\n<p>All\u00e9gorie musicale soulignant la surprenante connivence entre deux univers musicaux et temporels \u00e0 premi\u00e8re vue \u00e9loign\u00e9s l\u2019un de l\u2019autre : les virginalistes et madrigalistes du 17e si\u00e8cle et les compositeurs de musique progressive du 20e si\u00e8cle, particuli\u00e8rement des ann\u00e9es 70. En effet, la richesse m\u00e9lodique et harmonique de la musique progressive rivalise sans probl\u00e8me avec celle de la musique \u00e9lisab\u00e9thaine. John Dowland versus Frank Zappa, Thomas Morley, Gibbons et Purcell versus Genesis et Gentle Giant. Luth, r\u00e9gal et clavecin versus guitare \u00e9lectrique, stick et mellotron\u2026\u00a0Un croisement esth\u00e9tique \u00e9tonnant !<\/p>\n","protected":false},"excerpt":{"rendered":"<p>Le spectacle\u00a0Crystal Tears, con\u00e7u par la chanteuse et com\u00e9dienne\u00a0Fr\u00e9d\u00e9rike B\u00e9dard, unira deux univers musicaux et temporels : les compositeurs britanniques de rock progressif des ann\u00e9es 70 et les compositeurs anglais du 17e si\u00e8cle,\u00a0sous la direction musicale du compositeur et guitariste\u00a0Marc Vall\u00e9e. All\u00e9gorie musicale soulignant la surprenante connivence entre deux univers musicaux et temporels \u00e0 premi\u00e8re [&hellip;]<\/p>\n","protected":false},"author":1,"featured_media":62886,"comment_status":"open","ping_status":"closed","template":"","meta":{"om_disable_all_campaigns":false,"jetpack_post_was_ever_published":false},"tags":[],"tribe_events_cat":[36359,5902,5053,36358,5050],"acf":[],"jetpack_sharing_enabled":true,"_links":{"self":[{"href":"https:\/\/www.ludwig-van.com\/montreal\/wp-json\/wp\/v2\/tribe_events\/62892"}],"collection":[{"href":"https:\/\/www.ludwig-van.com\/montreal\/wp-json\/wp\/v2\/tribe_events"}],"about":[{"href":"https:\/\/www.ludwig-van.com\/montreal\/wp-json\/wp\/v2\/types\/tribe_events"}],"author":[{"embeddable":true,"href":"https:\/\/www.ludwig-van.com\/montreal\/wp-json\/wp\/v2\/users\/1"}],"replies":[{"embeddable":true,"href":"https:\/\/www.ludwig-van.com\/montreal\/wp-json\/wp\/v2\/comments?post=62892"}],"version-history":[{"count":1,"href":"https:\/\/www.ludwig-van.com\/montreal\/wp-json\/wp\/v2\/tribe_events\/62892\/revisions"}],"predecessor-version":[{"id":62893,"href":"https:\/\/www.ludwig-van.com\/montreal\/wp-json\/wp\/v2\/tribe_events\/62892\/revisions\/62893"}],"wp:featuredmedia":[{"embeddable":true,"href":"https:\/\/www.ludwig-van.com\/montreal\/wp-json\/wp\/v2\/media\/62886"}],"wp:attachment":[{"href":"https:\/\/www.ludwig-van.com\/montreal\/wp-json\/wp\/v2\/media?parent=62892"}],"wp:term":[{"taxonomy":"post_tag","embeddable":true,"href":"https:\/\/www.ludwig-van.com\/montreal\/wp-json\/wp\/v2\/tags?post=62892"},{"taxonomy":"tribe_events_cat","embeddable":true,"href":"https:\/\/www.ludwig-van.com\/montreal\/wp-json\/wp\/v2\/tribe_events_cat?post=62892"}],"curies":[{"name":"wp","href":"https:\/\/api.w.org\/{rel}","templated":true}]}}