{"id":62592,"date":"2019-10-29T21:30:08","date_gmt":"2019-10-30T01:30:08","guid":{"rendered":"https:\/\/www.ludwig-van.com\/montreal\/?post_type=tribe_events&#038;p=62592"},"modified":"2019-10-29T21:57:24","modified_gmt":"2019-10-30T01:57:24","slug":"le-fantome-de-lopera","status":"publish","type":"tribe_events","link":"https:\/\/www.ludwig-van.com\/montreal\/event\/le-fantome-de-lopera\/","title":{"rendered":"SPECTRA MUSIQUE | Le Fant\u00f4me de l&rsquo;op\u00e9ra version concert en fran\u00e7ais"},"content":{"rendered":"<h3><strong>Version concert en fran\u00e7ais<\/strong><\/h3>\n<h4><em>Le chef-d\u2019\u0153uvre de Broadway en version concert en fran\u00e7ais !<\/em><\/h4>\n<p>Spectra Musique pr\u00e9sente une version concert en fran\u00e7ais du spectacle musical <strong>LE FANT\u00d4ME DE L&rsquo;OP\u00c9RA.<\/strong> Dans une mise en sc\u00e8ne d\u2019\u00c9tienne Cousineau, 20 chanteurs et un orchestre de 40 musiciens se partageront la sc\u00e8ne pour donner vie aux personnages inspir\u00e9s du c\u00e9l\u00e8bre roman de Gaston Leroux et \u00e0 l&rsquo;\u0153uvre musicale d&rsquo;<strong>Andrew Lloyd Webber.<\/strong><\/p>\n<p><strong>LE FANT\u00d4ME DE L&rsquo;OP\u00c9RA<\/strong> est un v\u00e9ritable ph\u00e9nom\u00e8ne mondial. Le spectacle, dans son adaptation francophone en concert, sera un \u00e9v\u00e9nement d&rsquo;envergure et s&rsquo;inscrira dans l&rsquo;histoire de cette \u0153uvre musicale qui a conquis plus de 140 millions de spectateurs \u00e0 travers le monde dans sa version originale depuis sa cr\u00e9ation en 1986.<\/p>\n<h3>La l\u00e9gende du Fant\u00f4me de l&rsquo;Op\u00e9ra<\/h3>\n<p>Le spectacle transporte les spectateurs en 1881 dans le Paris mythique de la Belle \u00c9poque. Cach\u00e9 dans les souterrains de l&rsquo;Op\u00e9ra de Paris, un myst\u00e9rieux Fant\u00f4me m\u00e8ne une existence \u00e9trange et solitaire. Craint de tous pour ses pouvoirs, cet homme monstrueux cache son visage d\u00e9form\u00e9 derri\u00e8re un masque. Le Fant\u00f4me tombe profond\u00e9ment amoureux de la chanteuse Christine Daa\u00e9 et c\u2019est gr\u00e2ce \u00e0 son aide que celle-ci deviendra une grande star de l&rsquo;Op\u00e9ra de Paris. Bien que son coeur appartienne au jeune aristocrate Raoul, Christine est fascin\u00e9e par le charme sombre du Fant\u00f4me et le suit dans son royaume souterrain. Dans les catacombes, les deux hommes se battent pour gagner le coeur de la belle Christine.<\/p>\n<p><strong>BILLETS: de 40,80 $ \u00e0 134,40 $<\/strong><\/p>\n<p>Des tarifs pour groupes sont offerts pour ce spectacle. Veuillez appeler au 514 849-4211, poste 3 pour les d\u00e9tails et r\u00e9servations.<\/p>\n","protected":false},"excerpt":{"rendered":"<p>Spectra Musique pr\u00e9sente une version concert en fran\u00e7ais du spectacle musical LE FANT\u00d4ME DE L&rsquo;OP\u00c9RA. Dans une mise en sc\u00e8ne d\u2019\u00c9tienne Cousineau, 20 chanteurs et un orchestre de 40 musiciens se partageront la sc\u00e8ne pour donner vie aux personnages inspir\u00e9s du c\u00e9l\u00e8bre roman de Gaston Leroux et \u00e0 l&rsquo;\u0153uvre musicale d&rsquo;Andrew Lloyd Webber.<\/p>\n","protected":false},"author":1,"featured_media":62583,"comment_status":"open","ping_status":"closed","template":"","meta":{"om_disable_all_campaigns":false,"jetpack_post_was_ever_published":false},"tags":[],"tribe_events_cat":[5502],"acf":[],"jetpack_sharing_enabled":true,"_links":{"self":[{"href":"https:\/\/www.ludwig-van.com\/montreal\/wp-json\/wp\/v2\/tribe_events\/62592"}],"collection":[{"href":"https:\/\/www.ludwig-van.com\/montreal\/wp-json\/wp\/v2\/tribe_events"}],"about":[{"href":"https:\/\/www.ludwig-van.com\/montreal\/wp-json\/wp\/v2\/types\/tribe_events"}],"author":[{"embeddable":true,"href":"https:\/\/www.ludwig-van.com\/montreal\/wp-json\/wp\/v2\/users\/1"}],"replies":[{"embeddable":true,"href":"https:\/\/www.ludwig-van.com\/montreal\/wp-json\/wp\/v2\/comments?post=62592"}],"version-history":[{"count":2,"href":"https:\/\/www.ludwig-van.com\/montreal\/wp-json\/wp\/v2\/tribe_events\/62592\/revisions"}],"predecessor-version":[{"id":62599,"href":"https:\/\/www.ludwig-van.com\/montreal\/wp-json\/wp\/v2\/tribe_events\/62592\/revisions\/62599"}],"wp:featuredmedia":[{"embeddable":true,"href":"https:\/\/www.ludwig-van.com\/montreal\/wp-json\/wp\/v2\/media\/62583"}],"wp:attachment":[{"href":"https:\/\/www.ludwig-van.com\/montreal\/wp-json\/wp\/v2\/media?parent=62592"}],"wp:term":[{"taxonomy":"post_tag","embeddable":true,"href":"https:\/\/www.ludwig-van.com\/montreal\/wp-json\/wp\/v2\/tags?post=62592"},{"taxonomy":"tribe_events_cat","embeddable":true,"href":"https:\/\/www.ludwig-van.com\/montreal\/wp-json\/wp\/v2\/tribe_events_cat?post=62592"}],"curies":[{"name":"wp","href":"https:\/\/api.w.org\/{rel}","templated":true}]}}