{"id":62133,"date":"2019-10-11T13:39:52","date_gmt":"2019-10-11T17:39:52","guid":{"rendered":"https:\/\/www.ludwig-van.com\/montreal\/?post_type=tribe_events&#038;p=62133"},"modified":"2019-10-11T13:39:52","modified_gmt":"2019-10-11T17:39:52","slug":"club-musical-de-quebec-quatuor-pavel-haas-boris-giltburg","status":"publish","type":"tribe_events","link":"https:\/\/www.ludwig-van.com\/montreal\/event\/club-musical-de-quebec-quatuor-pavel-haas-boris-giltburg\/","title":{"rendered":"Club musical de Qu\u00e9bec | Quatuor Pavel Haas et Boris Giltburg"},"content":{"rendered":"<div>Pr\u00e9lude au concert \u00e0 14 h, avec le musicologue Benjamin Ren\u00e9<\/div>\n<div><\/div>\n<p>Chaque concert du Quatuor Pavel Haas est un \u00e9v\u00e9nement en soi. Lou\u00e9 par le prestigieux\u00a0<em>Gramophone<\/em>\u00a0pour la \u00ab\u00a0pure richesse de sa sonorit\u00e9\u00a0\u00bb, l\u2019ensemble tch\u00e8que se produit sur les plus grandes sc\u00e8nes de la plan\u00e8te, laissant public et critiques b\u00e9ats d\u2019admiration. Pour leur venue \u00e0 Qu\u00e9bec, ils se joindront au formidable pianiste russo-isra\u00e9lien Boris Giltburg, grand gagnant du Concours Reine \u00c9lisabeth de 2013, dans deux chefs-d\u2019\u0153uvre de Chostakovitch et Dvo\u0159\u00e1k.<\/p>\n<p>Entracte pour les 6 \u00e0 16 ans offert par le MNBAQ.<\/p>\n","protected":false},"excerpt":{"rendered":"<p>Pr\u00e9lude au concert \u00e0 14 h, avec le musicologue Benjamin Ren\u00e9 Chaque concert du Quatuor Pavel Haas est un \u00e9v\u00e9nement en soi. Lou\u00e9 par le prestigieux\u00a0Gramophone\u00a0pour la \u00ab\u00a0pure richesse de sa sonorit\u00e9\u00a0\u00bb, l\u2019ensemble tch\u00e8que se produit sur les plus grandes sc\u00e8nes de la plan\u00e8te, laissant public et critiques b\u00e9ats d\u2019admiration. Pour leur venue \u00e0 Qu\u00e9bec, [&hellip;]<\/p>\n","protected":false},"author":1,"featured_media":58858,"comment_status":"open","ping_status":"closed","template":"","meta":{"om_disable_all_campaigns":false,"jetpack_post_was_ever_published":false},"tags":[],"tribe_events_cat":[],"acf":[],"jetpack_sharing_enabled":true,"_links":{"self":[{"href":"https:\/\/www.ludwig-van.com\/montreal\/wp-json\/wp\/v2\/tribe_events\/62133"}],"collection":[{"href":"https:\/\/www.ludwig-van.com\/montreal\/wp-json\/wp\/v2\/tribe_events"}],"about":[{"href":"https:\/\/www.ludwig-van.com\/montreal\/wp-json\/wp\/v2\/types\/tribe_events"}],"author":[{"embeddable":true,"href":"https:\/\/www.ludwig-van.com\/montreal\/wp-json\/wp\/v2\/users\/1"}],"replies":[{"embeddable":true,"href":"https:\/\/www.ludwig-van.com\/montreal\/wp-json\/wp\/v2\/comments?post=62133"}],"version-history":[{"count":1,"href":"https:\/\/www.ludwig-van.com\/montreal\/wp-json\/wp\/v2\/tribe_events\/62133\/revisions"}],"predecessor-version":[{"id":62134,"href":"https:\/\/www.ludwig-van.com\/montreal\/wp-json\/wp\/v2\/tribe_events\/62133\/revisions\/62134"}],"wp:featuredmedia":[{"embeddable":true,"href":"https:\/\/www.ludwig-van.com\/montreal\/wp-json\/wp\/v2\/media\/58858"}],"wp:attachment":[{"href":"https:\/\/www.ludwig-van.com\/montreal\/wp-json\/wp\/v2\/media?parent=62133"}],"wp:term":[{"taxonomy":"post_tag","embeddable":true,"href":"https:\/\/www.ludwig-van.com\/montreal\/wp-json\/wp\/v2\/tags?post=62133"},{"taxonomy":"tribe_events_cat","embeddable":true,"href":"https:\/\/www.ludwig-van.com\/montreal\/wp-json\/wp\/v2\/tribe_events_cat?post=62133"}],"curies":[{"name":"wp","href":"https:\/\/api.w.org\/{rel}","templated":true}]}}