{"id":62077,"date":"2019-10-10T15:12:07","date_gmt":"2019-10-10T19:12:07","guid":{"rendered":"https:\/\/www.ludwig-van.com\/montreal\/?post_type=tribe_events&#038;p=62077"},"modified":"2019-10-10T15:12:07","modified_gmt":"2019-10-10T19:12:07","slug":"arte-musica-trio-seiler-carr-laplante","status":"publish","type":"tribe_events","link":"https:\/\/www.ludwig-van.com\/montreal\/event\/arte-musica-trio-seiler-carr-laplante\/","title":{"rendered":"Arte Musica | Trio Seiler Carr Laplante"},"content":{"rendered":"<table border=\"0\" width=\"100%\" cellspacing=\"0\" cellpadding=\"0\">\n<tbody>\n<tr>\n<td valign=\"top\">\n<table border=\"0\" width=\"100%\" cellspacing=\"0\" cellpadding=\"0\" align=\"left\">\n<tbody>\n<tr>\n<td valign=\"top\">\n<div>le\u00a0<strong>Trio Seiler Carr Laplante<\/strong>\u00a0interpr\u00e9tera des \u0153uvres de\u00a0<strong>Maurice Ravel<\/strong>\u00a0et\u00a0<strong>Johannes Brahms<\/strong>. Andr\u00e9 Laplante, un des pianistes les plus appr\u00e9ci\u00e9s de sa g\u00e9n\u00e9ration sera accompagn\u00e9 de Mayumi Seiler au violon et Colin Carr au violoncelle.<\/div>\n<\/td>\n<\/tr>\n<\/tbody>\n<\/table>\n<\/td>\n<\/tr>\n<\/tbody>\n<\/table>\n<table border=\"0\" width=\"100%\" cellspacing=\"0\" cellpadding=\"0\">\n<tbody>\n<tr>\n<td valign=\"top\">\n<table border=\"0\" width=\"100%\" cellspacing=\"0\" cellpadding=\"0\" align=\"left\">\n<tbody>\n<tr>\n<td valign=\"top\">\n<div>\n<div>L\u2019ensemble nous pr\u00e9sentera tout d\u2019abord la\u00a0<em>sonate pour violon et violoncelle de Ravel<\/em>. Cette \u0153uvre se caract\u00e9rise par son \u00abd\u00e9pouillement pouss\u00e9 \u00e0 l\u2019extr\u00eame\u00bb. On raconte qu\u2019elle serait inspir\u00e9e par les \u00e9crits d\u2019Edgar Allan Poe. Achev\u00e9e en 1922, il d\u00e9dia cette \u0153uvre \u00e0 la m\u00e9moire de Claude Debussy.<\/div>\n<p dir=\"ltr\">Par la suite, nous retrouverons les chambristes avec une autre \u0153uvre de Ravel, le<em>\u00a0Trio pour piano, violon et violoncelle en la mineur<\/em>. Cette \u0153uvre, compos\u00e9e en 1914, est directement inspir\u00e9e de la Premi\u00e8re Guerre mondiale.<\/p>\n<p dir=\"ltr\">Pour clore ce concert, le public pourra entendre le<em>\u00a0trio pour piano, violon et violoncelle no1 en si majeur op8<\/em>\u00a0du ma\u00eetre de la musique de chambre Johannes Brahms.<\/p>\n<\/div>\n<\/td>\n<\/tr>\n<\/tbody>\n<\/table>\n<\/td>\n<\/tr>\n<\/tbody>\n<\/table>\n","protected":false},"excerpt":{"rendered":"<p>le\u00a0Trio Seiler Carr Laplante\u00a0interpr\u00e9tera des \u0153uvres de\u00a0Maurice Ravel\u00a0et\u00a0Johannes Brahms. Andr\u00e9 Laplante, un des pianistes les plus appr\u00e9ci\u00e9s de sa g\u00e9n\u00e9ration sera accompagn\u00e9 de Mayumi Seiler au violon et Colin Carr au violoncelle. L\u2019ensemble nous pr\u00e9sentera tout d\u2019abord la\u00a0sonate pour violon et violoncelle de Ravel. Cette \u0153uvre se caract\u00e9rise par son \u00abd\u00e9pouillement pouss\u00e9 \u00e0 l\u2019extr\u00eame\u00bb. On [&hellip;]<\/p>\n","protected":false},"author":1,"featured_media":62078,"comment_status":"open","ping_status":"closed","template":"","meta":{"om_disable_all_campaigns":false,"jetpack_post_was_ever_published":false},"tags":[],"tribe_events_cat":[6109,5052,5024,6476],"acf":[],"jetpack_sharing_enabled":true,"_links":{"self":[{"href":"https:\/\/www.ludwig-van.com\/montreal\/wp-json\/wp\/v2\/tribe_events\/62077"}],"collection":[{"href":"https:\/\/www.ludwig-van.com\/montreal\/wp-json\/wp\/v2\/tribe_events"}],"about":[{"href":"https:\/\/www.ludwig-van.com\/montreal\/wp-json\/wp\/v2\/types\/tribe_events"}],"author":[{"embeddable":true,"href":"https:\/\/www.ludwig-van.com\/montreal\/wp-json\/wp\/v2\/users\/1"}],"replies":[{"embeddable":true,"href":"https:\/\/www.ludwig-van.com\/montreal\/wp-json\/wp\/v2\/comments?post=62077"}],"version-history":[{"count":1,"href":"https:\/\/www.ludwig-van.com\/montreal\/wp-json\/wp\/v2\/tribe_events\/62077\/revisions"}],"predecessor-version":[{"id":62079,"href":"https:\/\/www.ludwig-van.com\/montreal\/wp-json\/wp\/v2\/tribe_events\/62077\/revisions\/62079"}],"wp:featuredmedia":[{"embeddable":true,"href":"https:\/\/www.ludwig-van.com\/montreal\/wp-json\/wp\/v2\/media\/62078"}],"wp:attachment":[{"href":"https:\/\/www.ludwig-van.com\/montreal\/wp-json\/wp\/v2\/media?parent=62077"}],"wp:term":[{"taxonomy":"post_tag","embeddable":true,"href":"https:\/\/www.ludwig-van.com\/montreal\/wp-json\/wp\/v2\/tags?post=62077"},{"taxonomy":"tribe_events_cat","embeddable":true,"href":"https:\/\/www.ludwig-van.com\/montreal\/wp-json\/wp\/v2\/tribe_events_cat?post=62077"}],"curies":[{"name":"wp","href":"https:\/\/api.w.org\/{rel}","templated":true}]}}