{"id":61898,"date":"2019-10-07T14:08:42","date_gmt":"2019-10-07T18:08:42","guid":{"rendered":"https:\/\/www.ludwig-van.com\/montreal\/?post_type=tribe_events&#038;p=61898"},"modified":"2019-10-07T14:08:42","modified_gmt":"2019-10-07T18:08:42","slug":"jeunesses-musicales-concertino-famille-chant-de-lalouette","status":"publish","type":"tribe_events","link":"https:\/\/www.ludwig-van.com\/montreal\/event\/jeunesses-musicales-concertino-famille-chant-de-lalouette\/2020-05-10\/","title":{"rendered":"Jeunesses musicales | Concertino famille : Le Chant de l&rsquo;alouette"},"content":{"rendered":"<p>Colorez vos dimanches en famille avec nos concerts uniques pour les 3 ans et plus conjuguant musique et th\u00e9\u00e2tre! Nos repr\u00e9sentations ont lieu deux fois les dimanches de concerts, \u00e0\u00a0<strong>10h00\u00a0<\/strong>et\u00a0<strong>11h30.<\/strong><\/p>\n<p><strong>DERNI\u00c8RE PR\u00c9SENTATION<\/strong><\/p>\n<p><strong>Retrouvez les chansons et les musiques qui ont anim\u00e9 la vie des familles venues s\u2019\u00e9tablir en Nouvelle-France.<\/strong><\/p>\n<p>Quatre artistes font revivre les chansons et les musiques qui ont anim\u00e9 la vie des familles venues s\u2019\u00e9tablir en Nouvelle-France, au\u00a0d\u00e9but de l\u2019histoire du Canada. Nos arri\u00e8re-grands-parents les ont chant\u00e9es et jou\u00e9es pour leurs enfants, qui les ont conserv\u00e9es comme un grand h\u00e9ritage \u00e0 partager.<\/p>\n<div><strong>Public cible :<\/strong>\u00a03 \u00e0\u00a05 ans\u00a0\/ 6 \u00e0\u00a010\u00a0ans<\/div>\n<div><strong>Dur\u00e9e du concert :\u00a0<\/strong>35 minutes \/ 55 minutes<\/div>\n<div><strong>Auditoire maximum\u00a0:<\/strong>\u00a0200 personnes<\/div>\n<div><strong>Langue de pr\u00e9sentation\u00a0:<\/strong>\u00a0fran\u00e7ais<\/div>\n<div><\/div>\n<div>\n<p><strong>Finaliste\u00a0aux 22<sup>e<\/sup>\u00a0prix Opus dans la cat\u00e9gorie Production de l\u2019ann\u00e9e \u2013 jeune public<\/strong><\/p>\n<div><strong>Une coproduction des JMC avec\u00a0<a href=\"http:\/\/www.acmimusique.org\/\">L\u2019Atelier du Conte en Musique et en Images<\/a><\/strong><\/div>\n<div><\/div>\n<div><strong>ARTISTES<\/strong><\/div>\n<div><strong>Philippe G\u00e9linas,\u00a0<\/strong>violon, cistre, vielle \u00e0 roue, dulcimer et chant<\/div>\n<div><strong>Lise Roy,\u00a0<\/strong>chant et narration<\/div>\n<div><strong>Laurence Beaudry,\u00a0<\/strong>violon, alto, mandoline et chant<\/div>\n<div><strong>Chantal Simard ou L\u00e9o Guiollot,\u00a0<\/strong>\u00a0percussions et\u00a0chant<\/div>\n<div><\/div>\n<div><strong>AUTEUR<\/strong><\/div>\n<div><strong>Philippe G\u00e9linas<\/strong><\/div>\n<div><\/div>\n<div><strong>MISE EN SC\u00c8NE ET CONSEILS \u00c0 L\u2019\u00c9CRITURE<\/strong><\/div>\n<div><strong>V\u00e9ronique Marcotte<\/strong><\/div>\n<div><\/div>\n<div><strong>\u00c9L\u00c9MENTS VISUELS<\/strong><\/div>\n<div><strong>Fran\u00e7ois Beauchemin,<\/strong>\u00a0panorama mobile<\/div>\n<div><strong>Maude Laterreur,\u00a0<\/strong>aquarelle\u200bs<\/div>\n<\/div>\n","protected":false},"excerpt":{"rendered":"<p>Colorez vos dimanches en famille avec nos concerts uniques pour les 3 ans et plus conjuguant musique et th\u00e9\u00e2tre! Nos repr\u00e9sentations ont lieu deux fois les dimanches de concerts, \u00e0\u00a010h00\u00a0et\u00a011h30. DERNI\u00c8RE PR\u00c9SENTATION Retrouvez les chansons et les musiques qui ont anim\u00e9 la vie des familles venues s\u2019\u00e9tablir en Nouvelle-France. Quatre artistes font revivre les chansons [&hellip;]<\/p>\n","protected":false},"author":1,"featured_media":61899,"comment_status":"open","ping_status":"closed","template":"","meta":{"om_disable_all_campaigns":false,"jetpack_post_was_ever_published":false},"tags":[],"tribe_events_cat":[6139,5563],"acf":[],"jetpack_sharing_enabled":true,"_links":{"self":[{"href":"https:\/\/www.ludwig-van.com\/montreal\/wp-json\/wp\/v2\/tribe_events\/61898"}],"collection":[{"href":"https:\/\/www.ludwig-van.com\/montreal\/wp-json\/wp\/v2\/tribe_events"}],"about":[{"href":"https:\/\/www.ludwig-van.com\/montreal\/wp-json\/wp\/v2\/types\/tribe_events"}],"author":[{"embeddable":true,"href":"https:\/\/www.ludwig-van.com\/montreal\/wp-json\/wp\/v2\/users\/1"}],"replies":[{"embeddable":true,"href":"https:\/\/www.ludwig-van.com\/montreal\/wp-json\/wp\/v2\/comments?post=61898"}],"version-history":[{"count":1,"href":"https:\/\/www.ludwig-van.com\/montreal\/wp-json\/wp\/v2\/tribe_events\/61898\/revisions"}],"predecessor-version":[{"id":61902,"href":"https:\/\/www.ludwig-van.com\/montreal\/wp-json\/wp\/v2\/tribe_events\/61898\/revisions\/61902"}],"wp:featuredmedia":[{"embeddable":true,"href":"https:\/\/www.ludwig-van.com\/montreal\/wp-json\/wp\/v2\/media\/61899"}],"wp:attachment":[{"href":"https:\/\/www.ludwig-van.com\/montreal\/wp-json\/wp\/v2\/media?parent=61898"}],"wp:term":[{"taxonomy":"post_tag","embeddable":true,"href":"https:\/\/www.ludwig-van.com\/montreal\/wp-json\/wp\/v2\/tags?post=61898"},{"taxonomy":"tribe_events_cat","embeddable":true,"href":"https:\/\/www.ludwig-van.com\/montreal\/wp-json\/wp\/v2\/tribe_events_cat?post=61898"}],"curies":[{"name":"wp","href":"https:\/\/api.w.org\/{rel}","templated":true}]}}