{"id":61877,"date":"2019-10-07T13:17:55","date_gmt":"2019-10-07T17:17:55","guid":{"rendered":"https:\/\/www.ludwig-van.com\/montreal\/?post_type=tribe_events&#038;p=61877"},"modified":"2019-10-07T13:17:55","modified_gmt":"2019-10-07T17:17:55","slug":"jeunesses-musicales-concertino-famille-athletes-de-flute-a-bec","status":"publish","type":"tribe_events","link":"https:\/\/www.ludwig-van.com\/montreal\/event\/jeunesses-musicales-concertino-famille-athletes-de-flute-a-bec\/2020-02-16\/","title":{"rendered":"Jeunesses musicales | Concertino famille : Les Athl\u00e8tes de la fl\u00fbte \u00e0 bec"},"content":{"rendered":"<p>Colorez vos dimanches en famille avec nos concerts uniques pour les 3 ans et plus conjuguant musique et th\u00e9\u00e2tre! Nos repr\u00e9sentations ont lieu deux fois les dimanches de concerts, \u00e0\u00a0<strong>10h00\u00a0<\/strong>et\u00a0<strong>11h30.<\/strong><\/p>\n<p><strong>Joignez-vous aux athl\u00e8tes de la fl\u00fbte \u00e0 bec pour un tour de piste \u00e0 vous couper le souffle\u2026 Saurez-vous tenir le rythme?<\/strong><\/p>\n<p>\u00c0 la course, en \u00e9quilibre ou \u00e0 bout de doigts, pr\u00e9parez-vous \u00e0\u00a0une performance athl\u00e9tique enlevante avec Fl\u00fbte Alors ! Les\u00a0quatre virtuoses s\u2019entra\u00eenent jour\u00a0et nuit pour d\u00e9velopper les\u00a0doigts les plus agiles, les langues les plus fortes et les oreilles\u00a0les plus fines du monde. De la sopranino \u00e0 la grande basse,\u00a0c\u2019est toute une panoplie de fl\u00fbtes \u00e0 bec qui forme leur attirail.\u00a0Du baroque au moderne en passant par les musiques du\u00a0monde et populaires, ces\u00a0musiciens vous \u00e9tonneront par leur\u00a0savoir-faire.<\/p>\n<div><strong>Public cible :<\/strong>\u00a03 \u00e0 5 ans \/ 6 \u00e0 12 ans<\/div>\n<div><strong>Dur\u00e9e du concert :\u00a0<\/strong>35 minutes \/ 55 minutes<\/div>\n<div><strong>Auditoire maximum<\/strong>\u00a0: 300 personnes<\/div>\n<div><strong>Langues de pr\u00e9sentation :\u00a0<\/strong>fran\u00e7ais ou\u00a0anglais<\/div>\n<div><\/div>\n<div>\n<div><strong>Une coproduction des JMC avec\u00a0Fl\u00fbte Alors!<\/strong><\/div>\n<div><a href=\"http:\/\/flutealors.com\/\"><strong><img decoding=\"async\" src=\"http:\/\/jmcanada.ca\/data\/upload\/files\/Logo_FA_hires.jpg\" alt=\"\" \/><\/strong><\/a><\/div>\n<div><\/div>\n<div><strong>ARTISTES<\/strong><\/div>\n<div><strong>Vincent Lauzer,\u00a0Marie-Laurence Primeau,\u00a0Alexa Raine-Wright et\u00a0Caroline Tremblay,\u00a0<\/strong>fl\u00fbtes \u00e0 bec<\/div>\n<div><\/div>\n<div><strong>TEXTES<\/strong><\/div>\n<div><strong>Fl\u00fbte Alors!\u00a0<\/strong><\/div>\n<div><\/div>\n<div><strong>MISE EN SC\u00c8NE<\/strong><\/div>\n<div><strong>Judith Pelletier<\/strong><\/div>\n<div><\/div>\n<div><strong>SC\u00c9NOGRAPHIE<\/strong><\/div>\n<div><strong>Maryse Messier et Catherine Goerner Potvin<\/strong><\/div>\n<div><\/div>\n<div><strong>\u00c9CLAIRAGES<br \/>\nAnne-Marie Legault<\/strong><\/div>\n<\/div>\n","protected":false},"excerpt":{"rendered":"<p>Colorez vos dimanches en famille avec nos concerts uniques pour les 3 ans et plus conjuguant musique et th\u00e9\u00e2tre! Nos repr\u00e9sentations ont lieu deux fois les dimanches de concerts, \u00e0\u00a010h00\u00a0et\u00a011h30. Joignez-vous aux athl\u00e8tes de la fl\u00fbte \u00e0 bec pour un tour de piste \u00e0 vous couper le souffle\u2026 Saurez-vous tenir le rythme? \u00c0 la course, [&hellip;]<\/p>\n","protected":false},"author":1,"featured_media":61878,"comment_status":"open","ping_status":"closed","template":"","meta":{"om_disable_all_campaigns":false,"jetpack_post_was_ever_published":false},"tags":[],"tribe_events_cat":[5052,6139,5053,5563],"acf":[],"jetpack_sharing_enabled":true,"_links":{"self":[{"href":"https:\/\/www.ludwig-van.com\/montreal\/wp-json\/wp\/v2\/tribe_events\/61877"}],"collection":[{"href":"https:\/\/www.ludwig-van.com\/montreal\/wp-json\/wp\/v2\/tribe_events"}],"about":[{"href":"https:\/\/www.ludwig-van.com\/montreal\/wp-json\/wp\/v2\/types\/tribe_events"}],"author":[{"embeddable":true,"href":"https:\/\/www.ludwig-van.com\/montreal\/wp-json\/wp\/v2\/users\/1"}],"replies":[{"embeddable":true,"href":"https:\/\/www.ludwig-van.com\/montreal\/wp-json\/wp\/v2\/comments?post=61877"}],"version-history":[{"count":1,"href":"https:\/\/www.ludwig-van.com\/montreal\/wp-json\/wp\/v2\/tribe_events\/61877\/revisions"}],"predecessor-version":[{"id":61880,"href":"https:\/\/www.ludwig-van.com\/montreal\/wp-json\/wp\/v2\/tribe_events\/61877\/revisions\/61880"}],"wp:featuredmedia":[{"embeddable":true,"href":"https:\/\/www.ludwig-van.com\/montreal\/wp-json\/wp\/v2\/media\/61878"}],"wp:attachment":[{"href":"https:\/\/www.ludwig-van.com\/montreal\/wp-json\/wp\/v2\/media?parent=61877"}],"wp:term":[{"taxonomy":"post_tag","embeddable":true,"href":"https:\/\/www.ludwig-van.com\/montreal\/wp-json\/wp\/v2\/tags?post=61877"},{"taxonomy":"tribe_events_cat","embeddable":true,"href":"https:\/\/www.ludwig-van.com\/montreal\/wp-json\/wp\/v2\/tribe_events_cat?post=61877"}],"curies":[{"name":"wp","href":"https:\/\/api.w.org\/{rel}","templated":true}]}}