{"id":61859,"date":"2019-10-07T13:02:51","date_gmt":"2019-10-07T17:02:51","guid":{"rendered":"https:\/\/www.ludwig-van.com\/montreal\/?post_type=tribe_events&#038;p=61859"},"modified":"2019-10-07T13:19:06","modified_gmt":"2019-10-07T17:19:06","slug":"jeunesses-musicales-concertino-famille-jazz-noisette","status":"publish","type":"tribe_events","link":"https:\/\/www.ludwig-van.com\/montreal\/event\/jeunesses-musicales-concertino-famille-jazz-noisette\/2019-11-17\/","title":{"rendered":"Jeunesses musicales | Concertino famille : Jazz-Noisette"},"content":{"rendered":"<p>Colorez vos dimanches en famille avec nos concerts uniques pour les 3 ans et plus conjuguant musique et th\u00e9\u00e2tre! Nos repr\u00e9sentations ont lieu deux fois les dimanches de concerts, \u00e0\u00a0<strong>10h00\u00a0<\/strong>et\u00a0<strong>11h30.<\/strong><\/p>\n<p><strong>NOUVEAUT\u00c9<\/strong><\/p>\n<p><strong>Les Casse-noisette de Tcha\u00efkovski et du grand jazzman Duke Ellington se rencontrent sous le gui dans une adaptation libre de ce conte traditionnel qui en prend pour son rhume!<\/strong><\/p>\n<p>C\u2019est la veille de No\u00ebl et Clara attend impatiemment son oncle, qui a promis de lui offrir en cadeau les chaussons de ballet multicolores qu\u2019elle d\u00e9sire tant. Mais Oncle Drosselmeyer, musicien, magicien et programmeur analyste, lui offre plut\u00f4t un robot casse-noisette programmable-d\u00e9programmable-ajustable-d\u00e9sajustable qui ne peut m\u00eame pas danser sans lui \u00e9craser les orteils. Le No\u00ebl classique que pensait vivre Clara prend alors une tournure compl\u00e8tement jazz\u00e9e o\u00f9 les temps se d\u00e9calent, la musique swingue et tout le monde danse \u00e0 contre-temps!<\/p>\n<div><\/div>\n<p><strong>ARTISTES<br \/>\n<\/strong><strong>Audr\u00e9e-Alexandrine Couillard-Tremblay<\/strong>, soprano \u2013 Clara<br \/>\n<strong>Richard-Nicolas Villeneuve<\/strong>, t\u00e9nor \u2013 Casse-Noisette et Le Roi des Rats<br \/>\n<strong>Emmanuelle Da Silva<\/strong>, fl\u00fbte, clarinette, saxophone \u2013 F\u00e9e Drag\u00e9e<br \/>\n<strong>Xavier Rousseau<\/strong>, piano \u2013\u00a0Oncle Drosselmeyer<\/p>\n<div><strong>TEXTE<\/strong><\/div>\n<div><strong>Marc Fortin<\/strong><\/div>\n<div><strong><br \/>\nMISE EN SC\u00c8NE<br \/>\nJudith Pelletier<\/strong><\/div>\n<div><\/div>\n<div><strong>SC\u00c9NOGRAPHIE<\/strong><br \/>\n<strong>Pierre-Luc Boudreau<\/strong><\/div>\n<div><\/div>\n<div><\/div>\n","protected":false},"excerpt":{"rendered":"<p>Colorez vos dimanches en famille avec nos concerts uniques pour les 3 ans et plus conjuguant musique et th\u00e9\u00e2tre! Nos repr\u00e9sentations ont lieu deux fois les dimanches de concerts, \u00e0\u00a010h00\u00a0et\u00a011h30. NOUVEAUT\u00c9 Les Casse-noisette de Tcha\u00efkovski et du grand jazzman Duke Ellington se rencontrent sous le gui dans une adaptation libre de ce conte traditionnel qui [&hellip;]<\/p>\n","protected":false},"author":1,"featured_media":61872,"comment_status":"open","ping_status":"closed","template":"","meta":{"om_disable_all_campaigns":false,"jetpack_post_was_ever_published":false},"tags":[],"tribe_events_cat":[5052,5718,6139,5050],"acf":[],"jetpack_sharing_enabled":true,"_links":{"self":[{"href":"https:\/\/www.ludwig-van.com\/montreal\/wp-json\/wp\/v2\/tribe_events\/61859"}],"collection":[{"href":"https:\/\/www.ludwig-van.com\/montreal\/wp-json\/wp\/v2\/tribe_events"}],"about":[{"href":"https:\/\/www.ludwig-van.com\/montreal\/wp-json\/wp\/v2\/types\/tribe_events"}],"author":[{"embeddable":true,"href":"https:\/\/www.ludwig-van.com\/montreal\/wp-json\/wp\/v2\/users\/1"}],"replies":[{"embeddable":true,"href":"https:\/\/www.ludwig-van.com\/montreal\/wp-json\/wp\/v2\/comments?post=61859"}],"version-history":[{"count":5,"href":"https:\/\/www.ludwig-van.com\/montreal\/wp-json\/wp\/v2\/tribe_events\/61859\/revisions"}],"predecessor-version":[{"id":61884,"href":"https:\/\/www.ludwig-van.com\/montreal\/wp-json\/wp\/v2\/tribe_events\/61859\/revisions\/61884"}],"wp:featuredmedia":[{"embeddable":true,"href":"https:\/\/www.ludwig-van.com\/montreal\/wp-json\/wp\/v2\/media\/61872"}],"wp:attachment":[{"href":"https:\/\/www.ludwig-van.com\/montreal\/wp-json\/wp\/v2\/media?parent=61859"}],"wp:term":[{"taxonomy":"post_tag","embeddable":true,"href":"https:\/\/www.ludwig-van.com\/montreal\/wp-json\/wp\/v2\/tags?post=61859"},{"taxonomy":"tribe_events_cat","embeddable":true,"href":"https:\/\/www.ludwig-van.com\/montreal\/wp-json\/wp\/v2\/tribe_events_cat?post=61859"}],"curies":[{"name":"wp","href":"https:\/\/api.w.org\/{rel}","templated":true}]}}