{"id":61753,"date":"2019-10-04T14:18:08","date_gmt":"2019-10-04T18:18:08","guid":{"rendered":"https:\/\/www.ludwig-van.com\/montreal\/?post_type=tribe_events&#038;p=61753"},"modified":"2019-10-04T14:18:08","modified_gmt":"2019-10-04T18:18:08","slug":"ecm-chansons-bonhomme-de-chemin","status":"publish","type":"tribe_events","link":"https:\/\/www.ludwig-van.com\/montreal\/event\/ecm-chansons-bonhomme-de-chemin\/","title":{"rendered":"ECM + | Chansons du Bonhomme de chemin"},"content":{"rendered":"<div>Une nouvelle \u0153uvre instrumentale et vocale de Michel Gonneville \u00e0 partir de po\u00e8mes de Pierre Morency inspir\u00e9s du th\u00e8me\u00a0des saisons et\u00a0de l\u2019enfance. Textes et musique commentent tour \u00e0 tour l\u00e9g\u00e8ret\u00e9 de jeunesse et tourments d\u2019adulte dans un spectacle marqu\u00e9 par la nature.\u00a0De courtes et color\u00e9es pi\u00e8ces pour piano d&rsquo;Erik Satie s&rsquo;entrem\u00ealent agr\u00e9ablement aux\u00a0<em>Chansons du Bonhomme<\/em>\u00a0que chantent solistes et orchestre pour faire appara\u00eetre contrastes et th\u00e8mes \u00e9tonnamment apparent\u00e9s. Des projections accompagnent la performance musicale faisant alterner les textes humoristiques et manuscrits de Satie avec des dessins de la main de Pierre Morency.<\/div>\n<div><\/div>\n<div class=\"head2b\">PROGRAMME<\/div>\n<div id=\"programme\">\n<div>\n<p>Oeuvre de Michel Gonneville :<br \/>\n<em>Chansons du Bonhomme de chemin<\/em>\u00a0(cr\u00e9ation) pour soprano, baryton et orchestre<\/p>\n<p>Oeuvres d&rsquo;Erik Satie :<br \/>\n<em>Pi\u00e8ces froides\u00a0<\/em>(<em>Airs \u00e0 faire fuir<\/em>\u00a0\u2014 version originale pour piano \u2014\u00a0 et\u00a0<em>Danses de travers<\/em>\u00a0\u2014 arrangement de Michel Gonneville pour piano, chanteurs et ensemble instrumental)<br \/>\n<em>Sports et Divertissements\u00a0<\/em>(extraits)<em><br \/>\n<\/em><em>Sonatine bureaucratique\u00a0<\/em>(1er mouvement &#8211; Allegro)<br \/>\n<em>Nocturne #4<\/em><\/p>\n<p>Solistes :<br \/>\nMagali Simard-Gald\u00e8s, soprano<br \/>\nDion Mazerolle, baryton<br \/>\nLouise Bessette, piano<\/p>\n<p>V\u00e9ronique Lacroix, chef<br \/>\nECM+, 12 musiciens<br \/>\nPierre Morency, textes et dessins<br \/>\nMarie-Jos\u00e9e Chartier, mise en sc\u00e8ne<br \/>\nSerge Maheu, design de projections<\/p>\n<p>En collaboration avec\u00a0<strong>Arte Musica<\/strong><\/p>\n<p>&#8211; Concert avec projections &#8211;<\/p>\n<\/div>\n<\/div>\n","protected":false},"excerpt":{"rendered":"<p>Une nouvelle \u0153uvre instrumentale et vocale de Michel Gonneville \u00e0 partir de po\u00e8mes de Pierre Morency inspir\u00e9s du th\u00e8me\u00a0des saisons et\u00a0de l\u2019enfance. Textes et musique commentent tour \u00e0 tour l\u00e9g\u00e8ret\u00e9 de jeunesse et tourments d\u2019adulte dans un spectacle marqu\u00e9 par la nature.\u00a0De courtes et color\u00e9es pi\u00e8ces pour piano d&rsquo;Erik Satie s&rsquo;entrem\u00ealent agr\u00e9ablement aux\u00a0Chansons du Bonhomme\u00a0que [&hellip;]<\/p>\n","protected":false},"author":1,"featured_media":50447,"comment_status":"open","ping_status":"closed","template":"","meta":{"om_disable_all_campaigns":false,"jetpack_post_was_ever_published":false},"tags":[],"tribe_events_cat":[5327],"acf":[],"jetpack_sharing_enabled":true,"_links":{"self":[{"href":"https:\/\/www.ludwig-van.com\/montreal\/wp-json\/wp\/v2\/tribe_events\/61753"}],"collection":[{"href":"https:\/\/www.ludwig-van.com\/montreal\/wp-json\/wp\/v2\/tribe_events"}],"about":[{"href":"https:\/\/www.ludwig-van.com\/montreal\/wp-json\/wp\/v2\/types\/tribe_events"}],"author":[{"embeddable":true,"href":"https:\/\/www.ludwig-van.com\/montreal\/wp-json\/wp\/v2\/users\/1"}],"replies":[{"embeddable":true,"href":"https:\/\/www.ludwig-van.com\/montreal\/wp-json\/wp\/v2\/comments?post=61753"}],"version-history":[{"count":2,"href":"https:\/\/www.ludwig-van.com\/montreal\/wp-json\/wp\/v2\/tribe_events\/61753\/revisions"}],"predecessor-version":[{"id":61755,"href":"https:\/\/www.ludwig-van.com\/montreal\/wp-json\/wp\/v2\/tribe_events\/61753\/revisions\/61755"}],"wp:featuredmedia":[{"embeddable":true,"href":"https:\/\/www.ludwig-van.com\/montreal\/wp-json\/wp\/v2\/media\/50447"}],"wp:attachment":[{"href":"https:\/\/www.ludwig-van.com\/montreal\/wp-json\/wp\/v2\/media?parent=61753"}],"wp:term":[{"taxonomy":"post_tag","embeddable":true,"href":"https:\/\/www.ludwig-van.com\/montreal\/wp-json\/wp\/v2\/tags?post=61753"},{"taxonomy":"tribe_events_cat","embeddable":true,"href":"https:\/\/www.ludwig-van.com\/montreal\/wp-json\/wp\/v2\/tribe_events_cat?post=61753"}],"curies":[{"name":"wp","href":"https:\/\/api.w.org\/{rel}","templated":true}]}}