{"id":61713,"date":"2019-10-02T13:43:55","date_gmt":"2019-10-02T17:43:55","guid":{"rendered":"https:\/\/www.ludwig-van.com\/montreal\/?post_type=tribe_events&#038;p=61713"},"modified":"2019-10-04T09:33:24","modified_gmt":"2019-10-04T13:33:24","slug":"arte-musica-london-haydn-quartet","status":"publish","type":"tribe_events","link":"https:\/\/www.ludwig-van.com\/montreal\/event\/arte-musica-london-haydn-quartet\/","title":{"rendered":"Arte Musica | London Haydn Quartet"},"content":{"rendered":"<p>Jouant sur des instruments anciens, le London Haydn Quartet a \u00e9t\u00e9 encens\u00e9 pour ses enregistrements de quatuors du ma\u00eetre viennois. Le clarinettiste Eric Hoeprich, lui aussi adepte des instruments d\u2019\u00e9poque, se joint \u00e0 la formation londonienne pour interpr\u00e9ter une des \u0153uvres majeures du r\u00e9pertoire pour clarinette et cordes. Un retour attendu \u00e0 la salle Bourgie!<\/p>\n<div id=\"websection1\" class=\"section_content_additionnel columns small-12 medium-4\">\n<div class=\"columns small-12\">\n<div class=\"title green_title\">ARTISTES<\/div>\n<div class=\"content_wrap\">\n<p><strong>Catherine Manson<\/strong>, violon<br \/>\n<strong>Michael Gurevich<\/strong>, violon<br \/>\n<strong>John Crockatt<\/strong>, alto<br \/>\n<strong>Jonathan Manson<\/strong>, violoncelle<\/p>\n<p>Invit\u00e9 :\u00a0<strong>Eric Hoeprich<\/strong>, clarinette<\/p>\n<\/div>\n<\/div>\n<div class=\"clear clearfix\"><\/div>\n<\/div>\n<div id=\"websection2\" class=\"section_content_additionnel columns small-12 medium-8\">\n<div class=\"columns small-12\">\n<div class=\"title green_title\">PROGRAMME<\/div>\n<div class=\"content_wrap\">\n<p>HAYDN Quatuor \u00e0 cordes en\u00a0<em>r\u00e9<\/em>\u00a0majeur, op. 64 n<sup>o<\/sup>\u00a05, \u00ab L\u2019Alouette \u00bb<br \/>\nMENDELSSOHN Quatuor \u00e0 cordes n<sup>o<\/sup>\u00a01 en\u00a0<em>mi<\/em>\u00a0b\u00e9mol majeur, op. 12<br \/>\nWEBER Quintette pour clarinette et cordes en\u00a0<em>si<\/em>\u00a0b\u00e9mol majeur, op. 34<\/p>\n<\/div>\n<\/div>\n<\/div>\n","protected":false},"excerpt":{"rendered":"<p>Jouant sur des instruments anciens, le London Haydn Quartet a \u00e9t\u00e9 encens\u00e9 pour ses enregistrements de quatuors du ma\u00eetre viennois. Le clarinettiste Eric Hoeprich, lui aussi adepte des instruments d\u2019\u00e9poque, se joint \u00e0 la formation londonienne pour interpr\u00e9ter une des \u0153uvres majeures du r\u00e9pertoire pour clarinette et cordes. Un retour attendu \u00e0 la salle Bourgie! [&hellip;]<\/p>\n","protected":false},"author":1,"featured_media":61714,"comment_status":"open","ping_status":"closed","template":"","meta":{"om_disable_all_campaigns":false,"jetpack_post_was_ever_published":false},"tags":[],"tribe_events_cat":[6109,5052,5124,6476],"acf":[],"jetpack_sharing_enabled":true,"_links":{"self":[{"href":"https:\/\/www.ludwig-van.com\/montreal\/wp-json\/wp\/v2\/tribe_events\/61713"}],"collection":[{"href":"https:\/\/www.ludwig-van.com\/montreal\/wp-json\/wp\/v2\/tribe_events"}],"about":[{"href":"https:\/\/www.ludwig-van.com\/montreal\/wp-json\/wp\/v2\/types\/tribe_events"}],"author":[{"embeddable":true,"href":"https:\/\/www.ludwig-van.com\/montreal\/wp-json\/wp\/v2\/users\/1"}],"replies":[{"embeddable":true,"href":"https:\/\/www.ludwig-van.com\/montreal\/wp-json\/wp\/v2\/comments?post=61713"}],"version-history":[{"count":1,"href":"https:\/\/www.ludwig-van.com\/montreal\/wp-json\/wp\/v2\/tribe_events\/61713\/revisions"}],"predecessor-version":[{"id":61715,"href":"https:\/\/www.ludwig-van.com\/montreal\/wp-json\/wp\/v2\/tribe_events\/61713\/revisions\/61715"}],"wp:featuredmedia":[{"embeddable":true,"href":"https:\/\/www.ludwig-van.com\/montreal\/wp-json\/wp\/v2\/media\/61714"}],"wp:attachment":[{"href":"https:\/\/www.ludwig-van.com\/montreal\/wp-json\/wp\/v2\/media?parent=61713"}],"wp:term":[{"taxonomy":"post_tag","embeddable":true,"href":"https:\/\/www.ludwig-van.com\/montreal\/wp-json\/wp\/v2\/tags?post=61713"},{"taxonomy":"tribe_events_cat","embeddable":true,"href":"https:\/\/www.ludwig-van.com\/montreal\/wp-json\/wp\/v2\/tribe_events_cat?post=61713"}],"curies":[{"name":"wp","href":"https:\/\/api.w.org\/{rel}","templated":true}]}}