{"id":61585,"date":"2019-09-30T11:06:17","date_gmt":"2019-09-30T15:06:17","guid":{"rendered":"https:\/\/www.ludwig-van.com\/montreal\/?post_type=tribe_events&#038;p=61585"},"modified":"2019-09-30T11:06:17","modified_gmt":"2019-09-30T15:06:17","slug":"orchestre-symphonique-de-drummondville-impressions-champetres","status":"publish","type":"tribe_events","link":"https:\/\/www.ludwig-van.com\/montreal\/event\/orchestre-symphonique-de-drummondville-impressions-champetres\/","title":{"rendered":"Orchestre symphonique de Drummondville | Impressions champ\u00eatres"},"content":{"rendered":"<p>Programme<\/p>\n<p>Koprowski : Ancestral Voices<\/p>\n<p>Chostakovitch : Concerto no 1 pour piano, trompette et cordes<\/p>\n<p>Beethoven :\u00a0 Symphonie no 6 \u00ab\u00a0Pastorale\u00a0\u00bb<\/p>\n<p>Bourru, Beethoven ? D\u00e9couvrez dans ce concert son c\u00f4t\u00e9 sentimental, amant de tranquillit\u00e9 et de nature, avec cette magistrale symphonie qu\u2019il d\u00e9crit comme \u00ab Souvenir de la vie rustique, plut\u00f4t \u00e9motion exprim\u00e9e que peinture descriptive \u00bb. Et de Chostakovitch, vous appr\u00e9cierez l\u2019humour de ce concerto d\u2019inspiration classique, citant au passage la musique de Beethoven et de Haydn.<\/p>\n","protected":false},"excerpt":{"rendered":"<p>Programme Koprowski : Ancestral Voices Chostakovitch : Concerto no 1 pour piano, trompette et cordes Beethoven :\u00a0 Symphonie no 6 \u00ab\u00a0Pastorale\u00a0\u00bb Bourru, Beethoven ? D\u00e9couvrez dans ce concert son c\u00f4t\u00e9 sentimental, amant de tranquillit\u00e9 et de nature, avec cette magistrale symphonie qu\u2019il d\u00e9crit comme \u00ab Souvenir de la vie rustique, plut\u00f4t \u00e9motion exprim\u00e9e que peinture [&hellip;]<\/p>\n","protected":false},"author":1,"featured_media":49230,"comment_status":"open","ping_status":"closed","template":"","meta":{"om_disable_all_campaigns":false,"jetpack_post_was_ever_published":false},"tags":[],"tribe_events_cat":[6487,5024],"acf":[],"jetpack_sharing_enabled":true,"_links":{"self":[{"href":"https:\/\/www.ludwig-van.com\/montreal\/wp-json\/wp\/v2\/tribe_events\/61585"}],"collection":[{"href":"https:\/\/www.ludwig-van.com\/montreal\/wp-json\/wp\/v2\/tribe_events"}],"about":[{"href":"https:\/\/www.ludwig-van.com\/montreal\/wp-json\/wp\/v2\/types\/tribe_events"}],"author":[{"embeddable":true,"href":"https:\/\/www.ludwig-van.com\/montreal\/wp-json\/wp\/v2\/users\/1"}],"replies":[{"embeddable":true,"href":"https:\/\/www.ludwig-van.com\/montreal\/wp-json\/wp\/v2\/comments?post=61585"}],"version-history":[{"count":1,"href":"https:\/\/www.ludwig-van.com\/montreal\/wp-json\/wp\/v2\/tribe_events\/61585\/revisions"}],"predecessor-version":[{"id":61586,"href":"https:\/\/www.ludwig-van.com\/montreal\/wp-json\/wp\/v2\/tribe_events\/61585\/revisions\/61586"}],"wp:featuredmedia":[{"embeddable":true,"href":"https:\/\/www.ludwig-van.com\/montreal\/wp-json\/wp\/v2\/media\/49230"}],"wp:attachment":[{"href":"https:\/\/www.ludwig-van.com\/montreal\/wp-json\/wp\/v2\/media?parent=61585"}],"wp:term":[{"taxonomy":"post_tag","embeddable":true,"href":"https:\/\/www.ludwig-van.com\/montreal\/wp-json\/wp\/v2\/tags?post=61585"},{"taxonomy":"tribe_events_cat","embeddable":true,"href":"https:\/\/www.ludwig-van.com\/montreal\/wp-json\/wp\/v2\/tribe_events_cat?post=61585"}],"curies":[{"name":"wp","href":"https:\/\/api.w.org\/{rel}","templated":true}]}}