{"id":61155,"date":"2019-09-12T18:42:21","date_gmt":"2019-09-12T22:42:21","guid":{"rendered":"https:\/\/www.ludwig-van.com\/montreal\/?post_type=tribe_events&#038;p=61155"},"modified":"2019-09-12T18:42:21","modified_gmt":"2019-09-12T22:42:21","slug":"concerts-lmmc-christian-blackshaw","status":"publish","type":"tribe_events","link":"https:\/\/www.ludwig-van.com\/montreal\/event\/concerts-lmmc-christian-blackshaw\/","title":{"rendered":"Concerts LMMC | Christian Blackshaw"},"content":{"rendered":"<p>Originaire de Grande-Bretagne, Christian Blackshaw est salu\u00e9 par la critique pour la ma\u00eetrise, la sensibilit\u00e9 et la profondeur de ses interpr\u00e9tations. Apr\u00e8s une formation au Royal College de Manchester et \u00e0 la Royal Academy de Londres, il a \u00e9t\u00e9 le premier pianiste britannique ayant \u00e9tudi\u00e9 au Conservatoire de Leningrad avec Moisei Halfin. Sa brillante carri\u00e8re l\u2019a amen\u00e9 \u00e0 se produire avec de nombreux orchestres \u00e0 travers le monde et \u00e0 collaborer avec des chefs de renom, dont Sir Simon Rattle, Valery Gergiev, Gianandrea Noseda, Yuri Temirkanov et Sir Neville Marriner. Il a particip\u00e9 \u00e0 plusieurs festivals en Europe et au Canada. En 2013, au Wigmore Hall, il a donn\u00e9 en concert l\u2019int\u00e9grale des sonates pour piano de Mozart, une performance unanimement salu\u00e9e par la presse. Christian Blackshaw est \u00e9galement directeur artistique du Hellens Music Festival depuis 2013.<\/p>\n<p>2<sup>e<\/sup>\u00a0r\u00e9cital au LMMC.<\/p>\n<p><b>PROGRAMME:<\/b><\/p>\n<p><b>MOZART\u00a0\u00a0\u00a0\u00a0\u00a0\u00a0\u00a0\u00a0\u00a0\u00a0 Fantasia en r\u00e9 mineur, K. 397 (1782)<\/b><br \/>\n(1756-1791)<b>\u00a0\u00a0\u00a0\u00a0\u00a0\u00a0 Rondo en r\u00e9 majeur, K. 485 (1786)<\/b><br \/>\n<b>\u00a0\u00a0\u00a0\u00a0\u00a0\u00a0\u00a0\u00a0\u00a0\u00a0\u00a0\u00a0\u00a0\u00a0\u00a0\u00a0\u00a0\u00a0\u00a0\u00a0\u00a0\u00a0\u00a0\u00a0\u00a0\u00a0 Adagio en si mineur, K. 540 (1788)<\/b><br \/>\n<b><br \/>\nSCHUMANN\u00a0\u00a0\u00a0\u00a0 Humoreske en si b\u00e9mol majeur, opus 20 (1839)<\/b><br \/>\n(1810-1856)<\/p>\n<p><b>SCHUBERT\u00a0\u00a0\u00a0\u00a0\u00a0\u00a0 Sonate en si b\u00e9mol majeur, D. 960 (1828)<\/b><br \/>\n(1797-1828)\u00a0\u00a0\u00a0\u00a0\u00a0\u00a0\u00a0\u00a0\u00a0\u00a0\u00a0\u00a0\u00a0\u00a0\u00a0\u00a0 Molto moderato<br \/>\nAndante sostenuto<br \/>\nScherzo<br \/>\nAllegro ma non troppo<\/p>\n","protected":false},"excerpt":{"rendered":"<p>Originaire de Grande-Bretagne, Christian Blackshaw est salu\u00e9 par la critique pour la ma\u00eetrise, la sensibilit\u00e9 et la profondeur de ses interpr\u00e9tations. Apr\u00e8s une formation au Royal College de Manchester et \u00e0 la Royal Academy de Londres, il a \u00e9t\u00e9 le premier pianiste britannique ayant \u00e9tudi\u00e9 au Conservatoire de Leningrad avec Moisei Halfin. Sa brillante carri\u00e8re [&hellip;]<\/p>\n","protected":false},"author":1,"featured_media":59668,"comment_status":"open","ping_status":"closed","template":"","meta":{"om_disable_all_campaigns":false,"jetpack_post_was_ever_published":false},"tags":[],"tribe_events_cat":[5024],"acf":[],"jetpack_sharing_enabled":true,"_links":{"self":[{"href":"https:\/\/www.ludwig-van.com\/montreal\/wp-json\/wp\/v2\/tribe_events\/61155"}],"collection":[{"href":"https:\/\/www.ludwig-van.com\/montreal\/wp-json\/wp\/v2\/tribe_events"}],"about":[{"href":"https:\/\/www.ludwig-van.com\/montreal\/wp-json\/wp\/v2\/types\/tribe_events"}],"author":[{"embeddable":true,"href":"https:\/\/www.ludwig-van.com\/montreal\/wp-json\/wp\/v2\/users\/1"}],"replies":[{"embeddable":true,"href":"https:\/\/www.ludwig-van.com\/montreal\/wp-json\/wp\/v2\/comments?post=61155"}],"version-history":[{"count":1,"href":"https:\/\/www.ludwig-van.com\/montreal\/wp-json\/wp\/v2\/tribe_events\/61155\/revisions"}],"predecessor-version":[{"id":61156,"href":"https:\/\/www.ludwig-van.com\/montreal\/wp-json\/wp\/v2\/tribe_events\/61155\/revisions\/61156"}],"wp:featuredmedia":[{"embeddable":true,"href":"https:\/\/www.ludwig-van.com\/montreal\/wp-json\/wp\/v2\/media\/59668"}],"wp:attachment":[{"href":"https:\/\/www.ludwig-van.com\/montreal\/wp-json\/wp\/v2\/media?parent=61155"}],"wp:term":[{"taxonomy":"post_tag","embeddable":true,"href":"https:\/\/www.ludwig-van.com\/montreal\/wp-json\/wp\/v2\/tags?post=61155"},{"taxonomy":"tribe_events_cat","embeddable":true,"href":"https:\/\/www.ludwig-van.com\/montreal\/wp-json\/wp\/v2\/tribe_events_cat?post=61155"}],"curies":[{"name":"wp","href":"https:\/\/api.w.org\/{rel}","templated":true}]}}